{"id":2376,"date":"2017-03-31T15:04:40","date_gmt":"2017-03-31T13:04:40","guid":{"rendered":"http:\/\/regiongron.sk\/?p=2376"},"modified":"2024-02-26T14:28:24","modified_gmt":"2024-02-26T13:28:24","slug":"sa-podarila-obnova-casti-klastora-hronskom-benadiku","status":"publish","type":"novinky","link":"https:\/\/regiongron.sk\/en\/novinky\/sa-podarila-obnova-casti-klastora-hronskom-benadiku\/","title":{"rendered":"Ako sa podarila obnova \u010dasti kl\u00e1\u0161tora v Hronskom Be\u0148adiku"},"content":{"rendered":"<p>D\u0148a 30. marca sme sa na z\u00e1klade pozvania p\u00e1na starostu \u013dubom\u00edra Krovinu z Hronsk\u00e9ho Be\u0148adika z\u00fa\u010dastnili III. konferencie k projektu: \"<strong>Obnova \u010dasti b\u00fdval\u00e9ho kl\u00e1\u0161tora Benedikt\u00ednov v Hronskom Be\u0148adiku za \u00fa\u010delom jeho spr\u00edstupnenia \u0161irokej verejnosti a dobudovania turistickej infra\u0161trukt\u00fary<\/strong>.\"<\/p>\n<p>Tento projekt sa realizuje v r\u00e1mci programu na obnovu a zachovanie kult\u00farneho a historick\u00e9ho dedi\u010dstva na Slovensku za pomoci fondov EHP a N\u00f3rskeho fondu. V roku 2015 bola <strong><a href=\"http:\/\/www.biskupstvo-nitra.sk\/oznamy\/obnova-casti-byvaleho-klastora-benediktinov-v-hronskom-benadiku-za-ucelom-jeho-spristupnenia-sirokej-verejnosti-a-dobudovania-turistickej-infrastruktury-3\/\" target=\"_blank\" rel=\"noopener\">Nitrianskemu biskupstvu<\/a><\/strong> schv\u00e1len\u00e1 dot\u00e1cia z n\u00f3rskych fondov, n\u00e1sledne na to sa za\u010dala realiz\u00e1cia projektu. U\u017e v minulosti kl\u00e1\u0161tor pre\u0161iel rekon\u0161truk\u010dn\u00fdmi pr\u00e1cami, ktor\u00e9 biskupstvo financovalo z vlastn\u00fdch prostriedkov. V r\u00e1mci t\u00fdchto pr\u00e1c bola vymenen\u00e1 stre\u0161n\u00e1 krytina, opraven\u00fd krov a po\u0161koden\u00e9 fas\u00e1dy. \u00a0Z n\u00f3rskych fondov bolo na rekon\u0161trukciu vy\u010dlenen\u00fdch takmer 509.000 eur, pod\u013ea ekon\u00f3ma Biskupsk\u00e9ho \u00faradu Martina \u0160tofka by celkov\u00e9 n\u00e1klady na t\u00fato rekon\u0161trukciu mali predstavova\u0165 pribli\u017ene 4,5 mili\u00f3na eur. Prvou etapou rekon\u0161trukcie pre\u0161la <strong>s\u00fdpka s ba\u0161tou a hlavn\u00e1 severn\u00e1 \u010das\u0165 op\u00e1tskeho kr\u00eddla<\/strong> s ba\u0161tou. Zrekon\u0161truovan\u00e9 pr\u00edzemie s\u00fdpky by malo sl\u00fa\u017ei\u0165 na reprezenta\u010dn\u00e9 \u00fa\u010dely pre \u0161irok\u00fa verejnos\u0165 so st\u00e1lou expoz\u00edciou zameranou na hist\u00f3riu obce a v\u00fdvoj kl\u00e1\u0161tora. Pr\u00edzemie bude doplnen\u00e9 soci\u00e1lnym zariaden\u00edm pre n\u00e1v\u0161tevn\u00edkov.<\/p>\n<p>\u00a0<\/p>\n<h4><strong>\u010co sme sa dozvedeli na konferencii?<\/strong><\/h4>\n<p><img loading=\"lazy\" decoding=\"async\" class=\"alignleft wp-image-2414 size-medium\" src=\"http:\/\/regiongron.sk\/wp-content\/uploads\/2017\/03\/zrekon\u0161truovan\u00e9-pr\u00edzemie-s\u00fdpky-I-300x200.jpg\" alt=\"zrekon\u0161truovan\u00e9 pr\u00edzemie s\u00fdpky \" width=\"300\" height=\"200\" \/>\u00davodn\u00fdm bodom programu konferencie bolo zhodnotenie obnovy \u010dasti kl\u00e1\u0161tora. V samostatn\u00fdch vstupoch sa predstavili z\u00e1stupcovia r\u00f4znych sf\u00e9r. Ako prv\u00ed vyst\u00fapili ambas\u00e1dor n\u00f3rskeho \u013eudu a N\u00f3rskeho finan\u010dn\u00e9ho mechanizmu a n\u00e1sledne \u0160imon Bori\u0161ek, z\u00e1stupca Vl\u00e1dy SR. Z poh\u013eadu architektonick\u00fdch \u00faprav zhodnotil situ\u00e1ciu architekt Tom\u00e1\u0161 Haviar. Pod\u013ea jeho slov, bolo v prvom rade nutn\u00e9 objekt zastabilizova\u0165, vysporiada\u0165 sa s vodou stekaj\u00facou skaln\u00fdm bralom a zabr\u00e1ni\u0165 \u010fal\u0161\u00edm po\u0161kodeniam. N\u00e1sledne sa ur\u010dila spr\u00e1vna metodika obnovy, po \u010dom u\u017e\u00a0bola mo\u017en\u00e1 realiz\u00e1cia samotnej obnovy. Zhodnotenie obnovy z h\u013eadiska pamiatkovej starostlivosti odprezentovala Zuzana Klasov\u00e1, KP\u00da Bansk\u00e1 Bystrica. K \u010fal\u0161iemu v\u00fdvoju obnovy sa z poh\u013eadu investora vyjadril Martin \u0160tofko.<\/p>\n\n<h4><strong>Projekt \"Kult\u00farne dedi\u010dstvo\"<\/strong><\/h4>\n<p>Projekt\u00a0\"Kult\u00farne dedi\u010dstvo\", ktor\u00fd prezentuje 21 dokument\u00e1rnych filmov a s\u00e9riu fotografi\u00ed, predstavili Mira Trizmov\u00e1 a O\u013ega Valentov\u00e1. Fotografie a filmy dokumentuj\u00fa obnovu 21 kult\u00farnych pamiatok na \u00fazem\u00ed Slovenska. V r\u00e1mci konferencie bola v zrekon\u0161truovanej \u010dasti s\u00fdpky in\u0161talovan\u00e1 pr\u00e1ve v\u00fdstava fotografi\u00ed k projektu \"Kult\u00farne dedi\u010dstvo\". \u00a0Film \"Kl\u00e1\u0161tor Benedikt\u00ednov v Hronskom Be\u0148adiku\" n\u00e1jdete na <strong><a href=\"http:\/\/www.culturalheritage.sk\/\" target=\"_blank\" rel=\"noopener\">www.culturalheritage.sk<\/a><\/strong>. V z\u00e1vere konferencie vyst\u00fapil s \u010fakovnou re\u010dou starosta Hronsk\u00e9ho Be\u0148adiku.<\/p>\n<h4><strong>Pr\u00edjemn\u00fd sprievodn\u00fd program\u00a0<\/strong><\/h4>\n<p>Po konferencii sme mali mo\u017enos\u0165 ob\u010derstvi\u0165 sa na recepcii a po\u010das celej konferencie sme mali mo\u017enos\u0165 obdivova\u0165 drav\u00e9 vt\u00e1ky zo sokoliarskeho dvora Tom\u00e1\u0161a Komu. Absolvovali sme aj individu\u00e1lnu prehliadku spr\u00edstupnen\u00fdch \u010dast\u00ed kl\u00e1\u0161tora. Pr\u00edjemnou bodkou za cel\u00fdm programom bol <strong>koncert barokovej a klasicistickej hudby<\/strong> v podan\u00ed spev\u00e1\u010dky Adriany Ban\u00e1sovej, flautistky Barbory Kol\u00e1\u0159ovej a Vladim\u00edra Kopca hraj\u00faceho na \u010dembalo.<\/p>\n<p><img loading=\"lazy\" decoding=\"async\" class=\"alignright wp-image-2401 size-medium\" src=\"http:\/\/regiongron.sk\/wp-content\/uploads\/2017\/03\/kl\u00e1\u0161tor-z-vonkaj\u0161ieho-poh\u013eadu-300x225.jpg\" alt=\"katedr\u00e1la\" width=\"300\" height=\"225\" \/><\/p>\n<h4><strong>Pr\u00edstupnos\u0165 katedr\u00e1ly v Hronskom Be\u0148adiku<\/strong><\/h4>\n<p>Oh\u013eadom pr\u00edstupnosti kl\u00e1\u0161tora m\u00f4\u017eete kontaktova\u0165 <strong><a href=\"http:\/\/farnosthronskybenadik.webnode.sk\/\" target=\"_blank\" rel=\"noopener\">Farnos\u0165 v Hronskom Be\u0148adiku<\/a><\/strong>. Katedr\u00e1la bude v letnom obdob\u00ed pr\u00edstupn\u00e1, pokia\u013e sa v\u0161ak chyst\u00e1te s v\u00e4\u010d\u0161ou skupinou, je dobr\u00e9 dohodn\u00fa\u0165 si vstup dopredu.<\/p>\n<p>\u00a0<\/p>\n<p>\u00a0<\/p>\n\n\n<p><iframe loading=\"lazy\" style=\"border:none\" src=\"https:\/\/sk.frame.mapy.cz\/s\/lefehecegu\" width=\"100%\" height=\"280\" frameborder=\"0\"><\/iframe><\/p>\n","protected":false},"featured_media":2414,"template":"","categories":[2],"class_list":["post-2376","novinky","type-novinky","status-publish","has-post-thumbnail","hentry","category-novinky"],"acf":[],"uagb_featured_image_src":{"full":false,"thumbnail":false,"medium":false,"medium_large":false,"large":false,"1536x1536":false,"2048x2048":false},"uagb_author_info":{"display_name":"regiongron","author_link":"https:\/\/regiongron.sk\/en\/author\/"},"uagb_comment_info":0,"uagb_excerpt":"D\u0148a 30. marca sme sa na z\u00e1klade pozvania p\u00e1na starostu \u013dubom\u00edra Krovinu z Hronsk\u00e9ho Be\u0148adika z\u00fa\u010dastnili III. konferencie k projektu: \"Obnova \u010dasti b\u00fdval\u00e9ho kl\u00e1\u0161tora Benedikt\u00ednov v Hronskom Be\u0148adiku za \u00fa\u010delom jeho spr\u00edstupnenia \u0161irokej verejnosti a dobudovania turistickej infra\u0161trukt\u00fary.\" Tento projekt sa realizuje v r\u00e1mci programu na obnovu a zachovanie kult\u00farneho a historick\u00e9ho dedi\u010dstva na Slovensku&hellip;","_links":{"self":[{"href":"https:\/\/regiongron.sk\/en\/wp-json\/wp\/v2\/novinky\/2376","targetHints":{"allow":["GET"]}}],"collection":[{"href":"https:\/\/regiongron.sk\/en\/wp-json\/wp\/v2\/novinky"}],"about":[{"href":"https:\/\/regiongron.sk\/en\/wp-json\/wp\/v2\/types\/novinky"}],"wp:featuredmedia":[{"embeddable":true,"href":"https:\/\/regiongron.sk\/en\/wp-json\/"}],"wp:attachment":[{"href":"https:\/\/regiongron.sk\/en\/wp-json\/wp\/v2\/media?parent=2376"}],"wp:term":[{"taxonomy":"category","embeddable":true,"href":"https:\/\/regiongron.sk\/en\/wp-json\/wp\/v2\/categories?post=2376"}],"curies":[{"name":"wp","href":"https:\/\/api.w.org\/{rel}","templated":true}]}}