{"id":6961,"date":"2018-06-21T14:01:08","date_gmt":"2018-06-21T12:01:08","guid":{"rendered":"http:\/\/regiongron.sk\/?p=6961"},"modified":"2023-04-05T11:02:02","modified_gmt":"2023-04-05T09:02:02","slug":"press-trip-region-gron-2018","status":"publish","type":"novinky","link":"https:\/\/regiongron.sk\/en\/novinky\/press-trip-region-gron-2018\/","title":{"rendered":"Press trip v Regi\u00f3ne GRON 2018"},"content":{"rendered":"<h4 style=\"text-align: center;\">Ak\u00fd bol j\u00fanov\u00fd press trip novin\u00e1rov v Regi\u00f3ne GRON?<\/h4>\n<p><img loading=\"lazy\" decoding=\"async\" class=\"alignleft size-large wp-image-7024\" src=\"https:\/\/regiongron.sk\/wp-content\/uploads\/2023\/02\/gron_ovsik_pavel-60-1024x682.jpg\" alt=\"\" width=\"1024\" height=\"682\" \/><\/p>\n<p>Press trip 5 publicistov bol zameran\u00fd na prezent\u00e1ciu a\u00a0propag\u00e1ciu atraktiv\u00edt Regi\u00f3nu GRON s\u00a0d\u00f4razom na jeho kult\u00farne pamiatky, pr\u00edrodn\u00e9 zauj\u00edmavosti a mo\u017enosti agroturizmu. Na press trip boli pozvan\u00ed traja slovensk\u00ed a\u00a0traja \u010desk\u00ed publicisti. Slovensk\u00e9 zast\u00fapenie reprezentovali: Pavol Urb\u00e1nek, redaktor SME a <strong><a href=\"https:\/\/cestovanie.aktuality.sk\/\" target=\"_blank\" rel=\"noopener\">cestovanie.aktuality.sk<\/a><\/strong>; Yulia Zabneva, redaktorka <strong><a href=\"https:\/\/www.facebook.com\/eurotelevizia\" target=\"_blank\" rel=\"noopener\">Eurotelev\u00edzie<\/a><\/strong>\u00a0a\u00a0<a href=\"https:\/\/www.instagram.com\/cestujeme_bezmapy\/\" target=\"_blank\" rel=\"noopener\">Milan Bard\u00fan<\/a> z popul\u00e1rneho cestovate\u013esk\u00e9ho blogu <strong><a href=\"https:\/\/bezmapy.com\/\" target=\"_blank\" rel=\"noopener\">bezmapy.com<\/a><\/strong>. Z\u00a0\u010desk\u00fdch m\u00e9di\u00ed sa press tripu z\u00fa\u010dastnili z\u00e1stupcovia: T\u00e1\u0148a Pikartov\u00e1, publicistka internetov\u00e9ho magaz\u00ednu <a href=\"http:\/\/www.familyfreshnews.cz\/cestovani\/\" target=\"_blank\" rel=\"noopener\"><strong>FamilyFreshNews.cz<\/strong><\/a>, magaz\u00ednu Sv\u011bt potravin, a\u00a0novinky.cz \u2013 rubrika cestovanie a Pavel Ovs\u00edk, redaktor t\u00fd\u017edenn\u00edka<strong> <a href=\"https:\/\/prekvapeni.kafe.cz\/\" target=\"_blank\" rel=\"noopener\">P\u0159ekvapen\u00ed<\/a><\/strong>. Denisa Pro\u0161kov\u00e1 (\u010desk\u00fd \u017dena a\u00a0\u017eivot) svoju ne\u00fa\u010das\u0165 neohl\u00e1sila. A\u017e po jej kontaktovan\u00ed p\u00e1r dn\u00ed pred infocestou uviedla, \u017ee sa pravdepodobne nebude m\u00f4c\u0165 z\u00fa\u010dastni\u0165.<\/p>\n<p>Touto cestou \u010fakujeme Kl\u00e1re Badinkovej (<strong><a href=\"http:\/\/slovakia.travel\/kontakt\/zahranicne-zastupenie-cestovneho-ruchu-v-cesku\" target=\"_blank\" rel=\"noopener\">zahrani\u010dn\u00e9 zast\u00fapenie CR Slovenskej republiky v\u00a0Prahe<\/a><\/strong>), ktor\u00e1 prizvala \u010desk\u00fdch publicistov a\u00a0zabezpe\u010dila bezplatne autobusov\u00fa prepravu \u010desk\u00fdch publicistov Praha-Bratislava-Praha od spolo\u010dnosti <strong><a href=\"https:\/\/cz.eurolines.eu\" target=\"_blank\" rel=\"noopener\">Eurolines<\/a><\/strong>.\u00a0\u010eakujeme aj spolo\u010dnosti\u00a0<a href=\"https:\/\/cz.eurolines.eu\" target=\"_blank\" rel=\"noopener\">Eurolines<\/a> za ich prispenie k\u00a0zabezpe\u010deniu press tripu.<\/p>\n<h4>Za\u010diatok v Bratislave<\/h4>\n<p>V\u00a0nede\u013eu 10.6. 2018 po pr\u00edchode linky Eurolines do Bratislavy sme s pripraven\u00fdm mikrobusom priv\u00edtali publicistov a spolu docestovali do Novej Bane. V\u00a0<a href=\"http:\/\/www.penziontajch.sk\/lang\/sk\" target=\"_blank\" rel=\"noopener\"><strong>Penzi\u00f3ne Tajch<\/strong><\/a> na\u0161ich host\u00ed priv\u00edtala s\u00a0bal\u00ed\u010dkami infomateri\u00e1lov z regi\u00f3nu a\u00a0chutn\u00fdch produktov z\u00a0firmy <a href=\"http:\/\/www.jadezit.sk\/\" target=\"_blank\" rel=\"noopener\"><strong>Jadezit<\/strong><\/a> z\u00a0Hrabi\u010dova kolegy\u0148a M\u00e1ria a\u00a0majite\u013eka penzi\u00f3nu \u013dubka Holl\u00e1. Nako\u013eko v\u00a0programe vznikla \u010dasov\u00e1 rezerva, naskytla sa mo\u017enos\u0165 navy\u0161e nav\u0161t\u00edvi\u0165 <strong><a href=\"https:\/\/www.facebook.com\/regiongron\/posts\/1707208669399613\" target=\"_blank\" rel=\"noopener\">Detsk\u00fd folkl\u00f3rny festival pod Inovcom vo Ve\u013ekej Lehote<\/a><\/strong>. Tu sme sa zozn\u00e1mili s\u00a0folkl\u00f3rnymi trad\u00edciami v\u00a0regi\u00f3ne prostredn\u00edctvom vyst\u00fapen\u00ed detsk\u00fdch folkl\u00f3rnych skup\u00edn. Potom n\u00e1\u0161 program pokra\u010doval v Sklen\u00fdch Tepliciach, kde n\u00e1s o\u010dak\u00e1val far\u00e1r V\u00edt Tu\u017einsk\u00fd s\u00a0Ing. Jurajom Sla\u0161\u0165anom, aby n\u00e1m predstavili my\u0161lienku a projekt <a href=\"http:\/\/barborskacesta.com\/\" target=\"_blank\" rel=\"noopener\"><strong>Barborskej cesty<\/strong><\/a>, ktorej s\u00fa\u010das\u0165ou je aj na\u0161a obec Repi\u0161te. Po obozn\u00e1men\u00ed sa s\u00a0projektom n\u00e1s priv\u00edtala marketingov\u00e1 mana\u017e\u00e9rka <a href=\"http:\/\/www.kupele-skleneteplice.sk\/sk\" target=\"_blank\" rel=\"noopener\"><strong>K\u00fape\u013eov Sklen\u00e9 Teplice<\/strong><\/a> Ivana Maru\u0161kov\u00e1 s ob\u010derstven\u00edm v Kursal\u00f3ne. Pred jaskynn\u00fdm k\u00fape\u013eom Parenica sme ochutnali prame\u0148 term\u00e1lnej miner\u00e1lnej vody a\u00a0potom sme absolvovali samotn\u00fd k\u00fape\u013e v\u00a0term\u00e1lnej vode s\u00a0teplotou 42\u00b0C. Ve\u010der sme sa presunuli na ve\u010deru do <a href=\"http:\/\/www.furmanskakoliba.sk\/\" target=\"_blank\" rel=\"noopener\"><strong>Furmanskej koliby<\/strong><\/a> vo Bzenici, kde v\u00e4\u010d\u0161inu zaujali najm\u00e4 tradi\u010dn\u00e9 slovensk\u00e9 bryndzov\u00e9 \u0161peciality. Na z\u00e1ver sme si dohodli program na \u010fal\u0161\u00ed de\u0148 a rozl\u00fa\u010dili sa v Penzi\u00f3ne Tajch.<\/p>\n\n<hr \/>\n<h4>Nabit\u00fd pondelok<\/h4>\n<p>Pondelok 11.6. sme sa stretli po ra\u0148ajk\u00e1ch a presunuli sme sa autami s Mestsk\u00fdmi lesmi Nov\u00e1 Ba\u0148a s.r.o. a\u00a0Ms\u00da Nov\u00e1 Ba\u0148a na <a href=\"http:\/\/regiongron.sk\/novobanska-rozhladna-haj-uz-doplna-chodnik-zvonicka\/\" target=\"_blank\" rel=\"noopener\"><strong>Rozh\u013ead\u0148u H\u00e1j<\/strong><\/a>, odkia\u013e sa n\u00e1m n\u00fakal v\u00fdh\u013ead nielen na Nov\u00fa Ba\u0148u so \u0161t\u00e1lov\u00fdmi oblas\u0165ami, ale aj na okolit\u00e9 pohoria \u010di na kl\u00e1\u0161tor v\u00a0Hronskom Be\u0148adiku. Cestou z\u00a0rozh\u013eadne sme sa zastavili pri p\u00fatnickom mieste Koh\u00fatovo a pri \u0161t\u00f4lni Althandel, ktorou n\u00e1s previedol majite\u013e pozemku, p\u00e1n Mucha. \u010eal\u0161ou zast\u00e1vkou na ceste za spozn\u00e1van\u00edm regi\u00f3nu bolo <a href=\"http:\/\/pohronskemuzeum.sk\/\" target=\"_blank\" rel=\"noopener\"><strong>Pohronsk\u00e9 m\u00fazeum<\/strong><\/a> v\u00a0Novej Bani. V m\u00fazeu bola prostredn\u00edctvom st\u00e1lych expoz\u00edci\u00ed predstaven\u00e1 bohat\u00e1 hist\u00f3ria mesta. V\u00a0expoz\u00edcii ban\u00edctva zaujala replika Atmosf\u00e9rick\u00e9ho oh\u0148ov\u00e9ho stroja Isaaca Pottera ako aj expoz\u00edcia P\u00fatikov v\u0155\u0161ok a rezb\u00e1rske pohybliv\u00e9 diela.<\/p>\n<p>Na poludnie sme sa presunuli na <a href=\"https:\/\/www.facebook.com\/Ran%C4%8D-Blanc-337955406270985\/\" target=\"_blank\" rel=\"noopener\"><strong>Ran\u010d Blanc<\/strong><\/a> v\u00a0Ostrom Gr\u00fani. Cestou sme publicistom predstavili obrnen\u00fd transport\u00e9r OT 65 v\u00a0\u017dupkove, ale aj expoz\u00edciu n\u00e1u\u010dn\u00e9ho chodn\u00edka \u201ePo stop\u00e1ch lesnej \u017eelezni\u010dky K\u013eakovskou dolinou\u201c, ktor\u00e1 sa nach\u00e1dza v\u00a0are\u00e1li b\u00fdval\u00e9ho depa v\u00a0obci Hrabi\u010dov \u010di pam\u00e4tn\u00edk vyp\u00e1lenia obce v\u00a0Ostrom Gr\u00fani. Na Ran\u010di Blanc sme si ako \u013eah\u0161\u00ed obed vychutnali \u0161pecialitu pe\u010den\u00e9 pstruhy. Sk\u00fasili sme aj lov pstruhov so sprievodn\u00fdm slovom \u013dubom\u00edra Urbana.<\/p>\n\n<h6>Autori fotografi\u00ed: Pavel Ovs\u00edk (<a href=\"https:\/\/www.pixpo.cz\/\" target=\"_blank\" rel=\"noopener\">www.pixpo.cz<\/a>), Milan Bard\u00fan<\/h6>\n<h4>Popoludnie v \u017darnovici a Bzenici<\/h4>\n<p>\u010eal\u0161ou zast\u00e1vkou bola <a href=\"http:\/\/www.ovcisyr.com\/\" target=\"_blank\" rel=\"noopener\"><strong>Ov\u010dia farma Bukovina<\/strong><\/a>, ktorou sme doplnili ponuku agroturistiky v regi\u00f3ne. Na farme n\u00e1s priv\u00edtal p\u00e1n B\u00faci, ktor\u00fd svoju prezent\u00e1ciu za\u010dal ochutn\u00e1vkou, potom n\u00e1s previedol v\u00fdrobn\u00fdm procesom, dojen\u00edm aj ov\u010d\u00ednom. Ke\u010f\u017ee po prehliadke ov\u010dej farmy sme u\u017e boli v\u00a0\u010dasovom sklze, po dohode s\u00a0novin\u00e1rmi sme z\u00a0programu vypustili n\u00e1v\u0161tevu <a href=\"http:\/\/www.speedwayclub.sk\/\" target=\"_blank\" rel=\"noopener\"><strong>Plochej dr\u00e1hy v\u00a0\u017darnovici<\/strong><\/a>, za \u010do sa \u010dlenom a\u00a0jazdcom Speedway Clubu ospravedl\u0148ujeme. Nasledovalo Revi\u0161tsk\u00e9 Podz\u00e1m\u010die, kde n\u00e1s v Drevenici Revi\u0161te priv\u00edtali ob\u010derstven\u00edm. N\u00e1s \u010dakal e\u0161te kr\u00e1tky v\u00fdstup na <a href=\"http:\/\/www.hradreviste.sk\/\" target=\"_blank\" rel=\"noopener\"><strong>Hrad Revi\u0161te<\/strong><\/a>. Odtia\u013e sa n\u00e1m n\u00fakali v\u00fdh\u013eady na \u017diarsku kotlinu, obec Bzenica a\u00a0meander rieky Hron. Let v\u00edrnikom sme z\u00a0d\u00f4vodu poruchy nahradili splavom Hrona z vod\u00e1ckej z\u00e1kladne v\u00a0Dolnej \u017ddani. Pohodovou, z\u00e1bavnou a nen\u00e1ro\u010dnou (pribli\u017ene hodinovou) plavbou sme sa doplavili do vod\u00e1ckej z\u00e1kladne pri <a href=\"http:\/\/drevenicareviste.sk\/\" target=\"_blank\" rel=\"noopener\"><strong>Drevenici Revi\u0161te<\/strong><\/a>.<\/p>\n<p>To n\u00e1s u\u017e ale \u010dakali v Penzi\u00f3ne Tajch nositelia folkl\u00f3rnych trad\u00edci\u00ed \u2013 gajdo\u0161 Dominik Garaj z\u00a0Ve\u013ekej Lehoty a\u00a0heligonk\u00e1r Jozef Such\u00fd z\u00a0Novej Bane, ktor\u00ed ve\u010der spestrili hudobn\u00fdm programom a\u00a0kr\u00e1tkym slovom o\u00a0hist\u00f3rii t\u00fdchto trad\u00edci\u00ed v\u00a0regi\u00f3ne. Tak\u00fdmto sp\u00f4sobom sme spoznali aj lehotsk\u00e9 gajdy zap\u00edsan\u00e9 do UNESCO a novobansk\u00e9 helig\u00f3nky.<\/p>\n<hr \/>\n<h4>Pln\u00ed dojmov a z\u00e1\u017eitkov<\/h4>\n<p>Utorkov\u00fd de\u0148 12.6. n\u00e1s v <strong><a href=\"http:\/\/klastorbenadik.sk\/\" target=\"_blank\" rel=\"noopener\">Kl\u00e1\u0161tore v\u00a0Hronskom Be\u0148adiku<\/a><\/strong> priv\u00edtal spr\u00e1vca Milo\u0161 P\u00e1lenk\u00e1\u0161. Previedol n\u00e1s obnovenou \u010das\u0165ou b\u00fdval\u00e9ho kl\u00e1\u0161tora a porozpr\u00e1val o\u00a0bohatej minulosti nielen b\u00fdval\u00e9ho kl\u00e1\u0161torn\u00e9ho komplexu, ale aj o\u00a0chr\u00e1me sv. Benedikta Op\u00e1ta a\u00a0cennostiach, ktor\u00e9 sa v\u00a0\u0148om nach\u00e1dzaj\u00fa. \u010eakujeme Diec\u00e9znemu m\u00fazeu a Nitrianskemu biskupstvu za spr\u00edstupnenie. Potom u\u017e nasledoval len presun do Bratislavy na autobusov\u00fa stanicu Nivy, kde sme sa s\u00a0deleg\u00e1ciou novin\u00e1rov rozl\u00fa\u010dili a\u00a0po\u010fakovali im za prijatie pozv\u00e1nky na pracovn\u00fa n\u00e1v\u0161tevu regi\u00f3nu a\u00a0pr\u00edjemn\u00fa spolupr\u00e1cu po\u010das celej infocesty.<\/p>\n\n<p>Na z\u00e1ver by sme sa v\u00a0mene OOCR Regi\u00f3n GRON rady po\u010fakovali v\u0161etk\u00fdm \u010dlenom, partnerom ako aj s\u00fakromn\u00fdm osob\u00e1m, za spolupr\u00e1cu a\u00a0zapojenie sa do programu infocesty a\u00a0d\u00fafame, \u017ee do bud\u00facna sa op\u00e4\u0165 vz\u00e1jomne podpor\u00edme v\u00a0obdobn\u00fdch aktivit\u00e1ch a\u00a0odprezentujeme kr\u00e1sy n\u00e1\u0161ho okolia (mo\u017eno aj cez press trip).<\/p>\n<p style=\"text-align: center;\"><a  href=\"https:\/\/regiongron.sk\/wp-content\/uploads\/2023\/02\/logo-mdv-sr-aktual-2017.jpg\" data-rel=\"lightbox-gallery-3\" data-rl_title=\"\" data-rl_caption=\"\" title=\"\"><img loading=\"lazy\" decoding=\"async\" class=\"alignleft wp-image-3233\" src=\"https:\/\/regiongron.sk\/wp-content\/uploads\/2023\/02\/logo-mdv-sr-aktual-2017.jpg\" alt=\"\" width=\"153\" height=\"57\" \/><\/a><a  href=\"https:\/\/regiongron.sk\/wp-content\/uploads\/2023\/02\/sacr_sj-logo.jpg\" data-rel=\"lightbox-gallery-3\" data-rl_title=\"\" data-rl_caption=\"\" title=\"\"><img loading=\"lazy\" decoding=\"async\" class=\"wp-image-7057 alignright\" src=\"https:\/\/regiongron.sk\/wp-content\/uploads\/2023\/02\/sacr_sj-logo.jpg\" alt=\"\" width=\"142\" height=\"51\" \/><\/a>T\u00e1to infocesta sa uskuto\u010dnila v\u010faka finan\u010dnej podpore <a href=\"http:\/\/slovakia.travel\/\" target=\"_blank\" rel=\"noopener\"><strong>Ministerstva dopravy a v\u00fdstavby SR<\/strong><\/a>.<\/p>\n<p><a  href=\"https:\/\/regiongron.sk\/wp-content\/uploads\/2023\/02\/logo-eurolines.jpg\" data-rel=\"lightbox-gallery-3\" data-rl_title=\"\" data-rl_caption=\"\" title=\"\"><img loading=\"lazy\" decoding=\"async\" class=\"size-full wp-image-7065 aligncenter\" src=\"https:\/\/regiongron.sk\/wp-content\/uploads\/2023\/02\/logo-eurolines.jpg\" alt=\"\" width=\"229\" height=\"46\" \/><\/a><\/p>\n","protected":false},"featured_media":7024,"template":"","categories":[2],"class_list":["post-6961","novinky","type-novinky","status-publish","has-post-thumbnail","hentry","category-novinky"],"acf":[],"uagb_featured_image_src":{"full":false,"thumbnail":false,"medium":false,"medium_large":false,"large":false,"1536x1536":false,"2048x2048":false},"uagb_author_info":{"display_name":"regiongron","author_link":"https:\/\/regiongron.sk\/en\/author\/"},"uagb_comment_info":0,"uagb_excerpt":"Ak\u00fd bol j\u00fanov\u00fd press trip novin\u00e1rov v Regi\u00f3ne GRON? Press trip 5 publicistov bol zameran\u00fd na prezent\u00e1ciu a\u00a0propag\u00e1ciu atraktiv\u00edt Regi\u00f3nu GRON s\u00a0d\u00f4razom na jeho kult\u00farne pamiatky, pr\u00edrodn\u00e9 zauj\u00edmavosti a mo\u017enosti agroturizmu. Na press trip boli pozvan\u00ed traja slovensk\u00ed a\u00a0traja \u010desk\u00ed publicisti. Slovensk\u00e9 zast\u00fapenie reprezentovali: Pavol Urb\u00e1nek, redaktor SME a cestovanie.aktuality.sk; Yulia Zabneva, redaktorka Eurotelev\u00edzie\u00a0a\u00a0Milan Bard\u00fan&hellip;","_links":{"self":[{"href":"https:\/\/regiongron.sk\/en\/wp-json\/wp\/v2\/novinky\/6961","targetHints":{"allow":["GET"]}}],"collection":[{"href":"https:\/\/regiongron.sk\/en\/wp-json\/wp\/v2\/novinky"}],"about":[{"href":"https:\/\/regiongron.sk\/en\/wp-json\/wp\/v2\/types\/novinky"}],"wp:featuredmedia":[{"embeddable":true,"href":"https:\/\/regiongron.sk\/en\/wp-json\/"}],"wp:attachment":[{"href":"https:\/\/regiongron.sk\/en\/wp-json\/wp\/v2\/media?parent=6961"}],"wp:term":[{"taxonomy":"category","embeddable":true,"href":"https:\/\/regiongron.sk\/en\/wp-json\/wp\/v2\/categories?post=6961"}],"curies":[{"name":"wp","href":"https:\/\/api.w.org\/{rel}","templated":true}]}}