{"id":23615,"date":"2025-02-03T12:56:22","date_gmt":"2025-02-03T11:56:22","guid":{"rendered":"https:\/\/regiongron.sk\/?post_type=podujatia&#038;p=23615"},"modified":"2025-02-03T12:56:23","modified_gmt":"2025-02-03T11:56:23","slug":"gajdosske-fasiangy-2025-28-2-2-3-2025","status":"publish","type":"podujatia","link":"https:\/\/regiongron.sk\/en\/podujatia\/gajdosske-fasiangy-2025-28-2-2-3-2025\/","title":{"rendered":"GAJDO\u0160SK\u00c9 FA\u0160IANGY 2025, 28.2.-2.3.2025"},"content":{"rendered":"<div class=\"wp-block-image\">\n<figure class=\"aligncenter size-large\"><img loading=\"lazy\" decoding=\"async\" width=\"724\" height=\"1024\" src=\"https:\/\/regiongron.sk\/wp-content\/uploads\/2025\/02\/Gajdosske-fasiangy-plagat-2025-28.2.-2.3.2025-724x1024.jpg\" alt=\"Gajdosske-fasiangy-plagat-2025-28.2.-2.3.2025\" class=\"wp-image-23612\" srcset=\"https:\/\/regiongron.sk\/en\/wp-content\/uploads\/2025\/02\/Gajdosske-fasiangy-plagat-2025-28.2.-2.3.2025-724x1024.jpg 724w, https:\/\/regiongron.sk\/en\/wp-content\/uploads\/2025\/02\/Gajdosske-fasiangy-plagat-2025-28.2.-2.3.2025-424x600.jpg 424w, https:\/\/regiongron.sk\/en\/wp-content\/uploads\/2025\/02\/Gajdosske-fasiangy-plagat-2025-28.2.-2.3.2025-768x1086.jpg 768w, https:\/\/regiongron.sk\/en\/wp-content\/uploads\/2025\/02\/Gajdosske-fasiangy-plagat-2025-28.2.-2.3.2025-1086x1536.jpg 1086w, https:\/\/regiongron.sk\/en\/wp-content\/uploads\/2025\/02\/Gajdosske-fasiangy-plagat-2025-28.2.-2.3.2025-1448x2048.jpg 1448w, https:\/\/regiongron.sk\/en\/wp-content\/uploads\/2025\/02\/Gajdosske-fasiangy-plagat-2025-28.2.-2.3.2025.jpg 1587w\" sizes=\"auto, (max-width: 724px) 100vw, 724px\" \/><\/figure>\n<\/div>\n\n\n<h3 class=\"wp-block-heading\"><strong>GAJO\u0160SK\u00c9 FA\u0160IANGY 2025 \u2013 HRY V \u010cASE<\/strong><\/h3>\n\n\n\n<p><strong>38. ro\u010dn\u00edk medzin\u00e1rodn\u00e9ho stretnutia gajdo\u0161ov a gajdo\u0161sk\u00fdch hudieb<\/strong><\/p>\n\n\n\n<p><strong>TERM\u00cdN: <\/strong>28.2.2025 - 2.3.2025<\/p>\n\n\n\n<p>Obec Mal\u00e1 Lehota v spolupr\u00e1ci s obcami Ve\u013ek\u00e1 Lehota a Jed\u013eov\u00e9 Kosto\u013eany poz\u00fdva na <strong>38. ro\u010dn\u00edk Gajdo\u0161sk\u00fdch fa\u0161iangov.<\/strong><\/p>\n\n\n\n<p>Trojd\u0148ov\u00fd tradi\u010dn\u00fd festival <strong>Gajdo\u0161sk\u00e9 fa\u0161iangy<\/strong> sa ka\u017edoro\u010dne kon\u00e1 v dedin\u00e1ch le\u017eiacich na \u00fap\u00e4tiach Pohronsk\u00e9ho Inovca - <strong>Mal\u00e1 Lehota, Ve\u013ek\u00e1 Lehota a Jed\u013eov\u00e9 Kosto\u013eany<\/strong>.<\/p>\n\n\n\n<p>Ve\u013ekolep\u00fd a ojedinel\u00fd festival s medzin\u00e1rodnou \u00fa\u010das\u0165ou prezentuje virtuozitu gajdo\u0161ov v bohatom programe gajdo\u0161sk\u00fdch muz\u00edk, folkl\u00f3rnych skup\u00edn a s\u00faborov zameran\u00fdch na fa\u0161iangov\u00e9 zvyky. Gajdo\u0161sk\u00e1 kult\u00fara je zap\u00edsan\u00e1 v <strong>Zozname svetov\u00e9ho dedi\u010dstva&nbsp;<\/strong><a href=\"http:\/\/slovakia.travel\/kam-ist\/pamiatky-unesco\"><strong>UNESCO<\/strong><\/a>, aj preto s\u00fa miestni obyvatelia na \u0148u pr\u00e1vom hrd\u00ed.<\/p>\n\n\n<div class=\"wp-block-image\">\n<figure class=\"aligncenter size-large\"><img loading=\"lazy\" decoding=\"async\" width=\"684\" height=\"1024\" src=\"https:\/\/regiongron.sk\/wp-content\/uploads\/2024\/01\/2019_gajdoske_fasiangy__032-684x1024.jpg\" alt=\"gajdoske_fasiangy\" class=\"wp-image-20942\" srcset=\"https:\/\/regiongron.sk\/en\/wp-content\/uploads\/2024\/01\/2019_gajdoske_fasiangy__032-684x1024.jpg 684w, https:\/\/regiongron.sk\/en\/wp-content\/uploads\/2024\/01\/2019_gajdoske_fasiangy__032-401x600.jpg 401w, https:\/\/regiongron.sk\/en\/wp-content\/uploads\/2024\/01\/2019_gajdoske_fasiangy__032-768x1150.jpg 768w, https:\/\/regiongron.sk\/en\/wp-content\/uploads\/2024\/01\/2019_gajdoske_fasiangy__032-1026x1536.jpg 1026w, https:\/\/regiongron.sk\/en\/wp-content\/uploads\/2024\/01\/2019_gajdoske_fasiangy__032-1367x2048.jpg 1367w, https:\/\/regiongron.sk\/en\/wp-content\/uploads\/2024\/01\/2019_gajdoske_fasiangy__032-scaled.jpg 1709w\" sizes=\"auto, (max-width: 684px) 100vw, 684px\" \/><\/figure>\n<\/div>\n\n\n<p><strong>Tradi\u010dn\u00e9 Gajdo\u0161sk\u00e9 fa\u0161iangy<\/strong> sa s dedinami pod Inovcom sp\u00e1jaj\u00fa viac ako 38 rokov. <strong>Gajdy<\/strong> tu vyr\u00e1bali od nepam\u00e4ti mnoh\u00ed obyvatelia a ich v\u00fdroba i muzic\u00edrovanie sa dedilo z pokolenia na pokolenie. Vyhr\u00e1valo sa vo chv\u00ed\u013each radostn\u00fdch i smutn\u00fdch, pri obradoch a oslav\u00e1ch, na muzik\u00e1ch, na krstin\u00e1ch i svadb\u00e1ch. Gajdami sa odprev\u00e1dzali regr\u00fati odch\u00e1dzaj\u00faci na vojnu, pastieri si na nich vyhr\u00e1vali pri pasen\u00ed dobytka. Gajdy neraz odprev\u00e1dzali \u013eud\u00ed i na poslednej ceste. Postupne v\u0161ak remeslo i trad\u00edcie zanikali.<\/p>\n\n\n\n<p>O ich udr\u017eanie sa vo ve\u013ekej miere pri\u010dinil <strong>rod Garajovcov z Ve\u013ekej Lehoty<\/strong>, ktor\u00fd je gajdovan\u00edm zn\u00e1my na Slovensku i v zahrani\u010d\u00ed. Pr\u00e1ve Garajovci st\u00e1li pri zrode trad\u00edcie Gajdo\u0161sk\u00fdch fa\u0161iangov v roku 1987. V\u010faka Gajdo\u0161sk\u00fdm fa\u0161iangom sa podarilo oslovi\u0165 aj mlad\u0161iu gener\u00e1ciu a dosta\u0165 gajdo\u0161stvo do povedomia \u013eud\u00ed. V s\u00fa\u010dasnosti m\u00e1 Cech slovensk\u00fdch gajdo\u0161ov pribli\u017ene 80 u\u010d\u0148ov, tovari\u0161ov a majstrov.<\/p>\n\n\n<div class=\"wp-block-image\">\n<figure class=\"aligncenter size-full\"><img loading=\"lazy\" decoding=\"async\" width=\"601\" height=\"900\" src=\"https:\/\/regiongron.sk\/wp-content\/uploads\/2024\/01\/DSC0275.jpg\" alt=\"\" class=\"wp-image-20945\" srcset=\"https:\/\/regiongron.sk\/en\/wp-content\/uploads\/2024\/01\/DSC0275.jpg 601w, https:\/\/regiongron.sk\/en\/wp-content\/uploads\/2024\/01\/DSC0275-401x600.jpg 401w\" sizes=\"auto, (max-width: 601px) 100vw, 601px\" \/><\/figure>\n<\/div>\n\n\n<p><strong>Hlavn\u00fd program<\/strong> sa uskuto\u010dn\u00ed v piatok<strong> 28.2.2025 v obci Mal\u00e1 Lehota.<\/strong> Po\u010das podujatia budete ma\u0165 mo\u017enos\u0165 nav\u0161t\u00edvi\u0165 jarmok, z\u00fa\u010dastni\u0165 sa tradi\u010dnej poch\u00f4dzky obcou s gajdo\u0161mi a fa\u0161iangovn\u00edkmi. Poobede v\u00e1s \u010dak\u00e1\u00a0 jarmo\u010dn\u00e9 gajdovanie a muzic\u00edrovanie, s\u00fa\u0165a\u017e o najlep\u0161iu huspeninu, zab\u00edja\u010dkov\u00e9 \u0161peciality. A o 18:00 sa bude kona\u0165 v KD Mal\u00e1 Lehota galakoncert s podtitulom: \"Fa\u0161angy s\u00fa a gajdo\u0161i hraj\u00fa\". Po\u010das trvania festivalu bude mo\u017en\u00e9 si pozrie\u0165 v\u00fdstavu fotografi\u00ed \"Gajdo\u0161sk\u00e9 fa\u0161iangy fotoobjekt\u00edvom Michala Cilca\".<\/p>\n\n\n\n<p>V obci <strong>Ve\u013ek\u00e1 Lehota<\/strong> sa bude <strong>hlavn\u00fd program<\/strong> prebieha\u0165 v sobotu <strong>1.3.2025<\/strong>\u00a0 od 14:00.<\/p>\n\n\n\n<p><strong>Vstup na v\u0161etky \u010dasti festivalu je vo\u013en\u00fd.<\/strong><\/p>\n\n\n<div class=\"wp-block-image\">\n<figure class=\"aligncenter size-large\"><img loading=\"lazy\" decoding=\"async\" width=\"724\" height=\"1024\" src=\"https:\/\/regiongron.sk\/wp-content\/uploads\/2025\/02\/Gajdosske-fasiangy-program-2025-28.2.-2.3.2025-724x1024.jpg\" alt=\"Gajdosske-fasiangy-program-2025-28.2.-2.3.2025\" class=\"wp-image-23613\" srcset=\"https:\/\/regiongron.sk\/en\/wp-content\/uploads\/2025\/02\/Gajdosske-fasiangy-program-2025-28.2.-2.3.2025-724x1024.jpg 724w, https:\/\/regiongron.sk\/en\/wp-content\/uploads\/2025\/02\/Gajdosske-fasiangy-program-2025-28.2.-2.3.2025-424x600.jpg 424w, https:\/\/regiongron.sk\/en\/wp-content\/uploads\/2025\/02\/Gajdosske-fasiangy-program-2025-28.2.-2.3.2025-768x1086.jpg 768w, https:\/\/regiongron.sk\/en\/wp-content\/uploads\/2025\/02\/Gajdosske-fasiangy-program-2025-28.2.-2.3.2025-1086x1536.jpg 1086w, https:\/\/regiongron.sk\/en\/wp-content\/uploads\/2025\/02\/Gajdosske-fasiangy-program-2025-28.2.-2.3.2025-1448x2048.jpg 1448w, https:\/\/regiongron.sk\/en\/wp-content\/uploads\/2025\/02\/Gajdosske-fasiangy-program-2025-28.2.-2.3.2025.jpg 1587w\" sizes=\"auto, (max-width: 724px) 100vw, 724px\" \/><\/figure>\n<\/div>\n\n\n<p><strong>PROGRAM FESTIVALU<\/strong><\/p>\n\n\n\n<div class=\"wp-block-uagb-separator uagb-block-86386112\"><div class=\"wp-block-uagb-separator__inner\" style=\"--my-background-image:\"><\/div><\/div>\n\n\n\n<p><strong>MAL\u00c1 LEHOTA<\/strong><\/p>\n\n\n\n<p><strong>PIATOK\u00a0 28.2 2025<\/strong><\/p>\n\n\n\n<ul class=\"wp-block-list\">\n<li><strong>8:00<\/strong> \u2013 \u201eHore \u0161t\u00e1lmi ideme, fa\u0161ang nesieme!\u201c (Tradi\u010dn\u00e1 fa\u0161iangov\u00e1 poch\u00f4dzka obcou s fa\u0161iangovn\u00edkmi a gajdo\u0161mi)<\/li>\n\n\n\n<li><strong>11:00<\/strong> \u2013 Tradi\u010dn\u00fd jarmok, pred obecn\u00fdm \u00faradom Mal\u00e1 Lehota<\/li>\n\n\n\n<li><strong>14:00<\/strong> \u2013 Ofici\u00e1lne otvorenie festivalu, pred obecn\u00fdm \u00faradom Mal\u00e1 Lehota<\/li>\n\n\n\n<li><strong>15:00<\/strong> \u2013 S\u00fa\u0165a\u017e o najlep\u0161iu Huspeninu 2025, obecn\u00fd \u00farad Mal\u00e1 Lehota<\/li>\n\n\n\n<li><strong>14:00 \u2013 17:00<\/strong> \u2013 Jarmo\u010dn\u00e9 gajdovanie a muzic\u00edrovanie, predaj zab\u00edja\u010dkov\u00fdch \u0161pecial\u00edt, pred obecn\u00fdm \u00faradom Mal\u00e1 Lehota, kr\u010dma Mal\u00e1 Lehota<\/li>\n\n\n\n<li><strong>18:00<\/strong> \u2013 Galakoncert \u201eHry v \u010dase\u201c v DK Mal\u00e1 Lehota<\/li>\n\n\n\n<li><strong>21:30<\/strong> \u2013 Z\u00e1bava pri muzike \u2013 DK Mal\u00e1 Lehota<\/li>\n<\/ul>\n\n\n\n<p><strong>NEDE\u013dA \u2013 2.3.2025<\/strong><\/p>\n\n\n\n<ul class=\"wp-block-list\">\n<li><strong>9:15<\/strong> \u2013 Gajdo\u0161sk\u00e1 sl\u00e1vnostn\u00e1 sv\u00e4t\u00e1 om\u0161a za nosite\u013eov trad\u00edci\u00ed, R\u00edmskokatol\u00edcky kostol Panny M\u00e1rie Matky Cirkvi v Malej Lehote<\/li>\n<\/ul>\n\n\n\n<div class=\"wp-block-uagb-separator uagb-block-b234ae28\"><div class=\"wp-block-uagb-separator__inner\" style=\"--my-background-image:\"><\/div><\/div>\n\n\n\n<p><strong>VE\u013dK\u00c1 LEHOTA<\/strong><\/p>\n\n\n\n<p><strong>SOBOTA \u2013 1.3.2025<\/strong><\/p>\n\n\n\n<ul class=\"wp-block-list\">\n<li><strong>14:00 \u2013 15:00<\/strong> \u2013 Tradi\u010dn\u00fd jarmok so zab\u00edja\u010dkov\u00fdmi \u0161pecialitami a jarmo\u010dn\u00fdm gajdovan\u00edm, pri SKC Ve\u013ek\u00e1 Lehota<\/li>\n\n\n\n<li><strong>15:00<\/strong> \u2013 Hlavn\u00fd program: \u201eHry v \u010dase\u201c, SKC Ve\u013ek\u00e1 Lehota<\/li>\n<\/ul>\n\n\n\n<p><strong>NEDE\u013dA \u2013 2.3.2025<\/strong><\/p>\n\n\n\n<ul class=\"wp-block-list\">\n<li><strong>11:00<\/strong> \u2013 Gajdo\u0161sk\u00e1 sl\u00e1vnostn\u00e1 sv\u00e4t\u00e1 om\u0161a za nosite\u013eov trad\u00edci\u00ed, R\u00edmskokatol\u00edcky kostol sv. Martina<\/li>\n<\/ul>\n\n\n\n<div class=\"wp-block-uagb-separator uagb-block-dcea0fcd\"><div class=\"wp-block-uagb-separator__inner\" style=\"--my-background-image:\"><\/div><\/div>\n\n\n\n<p><strong>JED\u013dOV\u00c9 KOSTO\u013dANY<\/strong><\/p>\n\n\n\n<p><strong>SOBOTA \u2013 1.3.2025<\/strong><\/p>\n\n\n\n<ul class=\"wp-block-list\">\n<li><strong>8:00<\/strong> \u2013 \u201e\u0160t\u00e1lmi ideme, fa\u0161ang nesieme!\u201c (Tradi\u010dn\u00e1 poch\u00f4dzka obcou s gajdo\u0161mi)<\/li>\n\n\n\n<li><strong>8:00 \u2013 13:30<\/strong> \u2013 Zasadnutie Cechovej rady CSG, Valn\u00e1 hromada CSG a \u201eGajdo\u0161sk\u00e1 pasova\u010dka\u201c \u2013 prij\u00edmanie nov\u00fdch u\u010d\u0148ov do cechu, Are\u00e1l Zdravia Jed\u013eov\u00e9 Kosto\u013eany (neverejn\u00e9)<\/li>\n\n\n\n<li><strong>15:00 \u2013 17:00<\/strong> \u2013 Predaj fa\u0161iangov\u00fdch zab\u00edja\u010dkov\u00fdch \u0161pecial\u00edt a tradi\u010dn\u00fd jarmok, pred KD Jed\u013eov\u00e9 Kosto\u013eany<\/li>\n\n\n\n<li><strong>16:00<\/strong> \u2013 Odhalenie pam\u00e4tnej tabule Eli\u00e1\u0161ovi Levasovsk\u00e9mu, Levasovsk\u00fd \u0161t\u00e1l<\/li>\n\n\n\n<li><strong>16:00 \u2013 17:00<\/strong> \u2013 Jarmo\u010dn\u00e9 gajdovanie a muzic\u00edrovanie, pred KD Jed\u013eov\u00e9 Kosto\u013eany<\/li>\n\n\n\n<li><strong>16:00 \u2013 18:00<\/strong> \u2013 Dobov\u00e9 fotenie \u2013 Izba \u013eudov\u00fdch trad\u00edci\u00ed, KD Jed\u013eov\u00e9 Kosto\u013eany<\/li>\n\n\n\n<li><strong>18:00<\/strong> \u2013 Hlavn\u00fd program: \u201eHry v \u010dase\u201c, Kult\u00farny dom Jed\u013eov\u00e9 Kosto\u013eany<\/li>\n\n\n\n<li><strong>21:30<\/strong> \u2013 \u201eK\u013e\u00fa\u010dovnica\u201c \u2013 z\u00e1bava pri muzike \u2013 KD Jed\u013eov\u00e9 Kosto\u013eany<\/li>\n<\/ul>\n\n\n\n<p><strong>NEDE\u013dA \u2013 2.3.2025<\/strong><\/p>\n\n\n\n<ul class=\"wp-block-list\">\n<li><strong>10:30<\/strong> \u2013 Gajdo\u0161sk\u00e1 sl\u00e1vnostn\u00e1 sv\u00e4t\u00e1 om\u0161a za nosite\u013eov trad\u00edci\u00ed, R\u00edmskokatol\u00edcky kostol V\u0161etk\u00fdch sv\u00e4t\u00fdch<\/li>\n<\/ul>\n\n\n\n<hr class=\"wp-block-separator has-alpha-channel-opacity\"\/>\n\n\n\n<h3 class=\"wp-block-heading\"><strong>SPRIEVODN\u00c9 PODUJATIA<\/strong><\/h3>\n\n\n\n<ul class=\"wp-block-list\">\n<li>V\u00fdchovn\u00e9 koncerty v M\u0160 a Z\u0160 Mal\u00e1 Lehota, Ve\u013ek\u00e1 Lehota a Jed\u013eov\u00e9 Kosto\u013eany<\/li>\n\n\n\n<li>Odborn\u00fd workshop pre pedag\u00f3gov M\u0160 a Z\u0160 v r\u00e1mci miestnej kult\u00fary<\/li>\n\n\n\n<li>Tvoriv\u00fd workshop pre fa\u0161iangovn\u00edkov a gajdo\u0161ov<\/li>\n<\/ul>\n\n\n\n<p>Zmena programu vyhraden\u00e1.<\/p>\n\n\n<p><iframe loading=\"lazy\" style=\"border:none\" src=\"https:\/\/sk.frame.mapy.cz\/s\/racebanufu\" width=\"100%\" height=\"350\" frameborder=\"0\"><\/iframe><\/p>\n","protected":false},"excerpt":{"rendered":"<p>GAJO\u0160SK\u00c9 FA\u0160IANGY 2025 \u2013 HRY V \u010cASE 38. ro\u010dn\u00edk medzin\u00e1rodn\u00e9ho stretnutia gajdo\u0161ov a gajdo\u0161sk\u00fdch hudieb TERM\u00cdN: 28.2.2025 - 2.3.2025 Obec Mal\u00e1 Lehota v spolupr\u00e1ci s obcami Ve\u013ek\u00e1 Lehota a Jed\u013eov\u00e9 Kosto\u013eany poz\u00fdva na 38. ro\u010dn\u00edk Gajdo\u0161sk\u00fdch fa\u0161iangov. Trojd\u0148ov\u00fd tradi\u010dn\u00fd festival Gajdo\u0161sk\u00e9 fa\u0161iangy sa ka\u017edoro\u010dne kon\u00e1 v dedin\u00e1ch le\u017eiacich na \u00fap\u00e4tiach Pohronsk\u00e9ho Inovca - Mal\u00e1 Lehota, [&hellip;]<\/p>\n","protected":false},"author":3,"featured_media":23614,"menu_order":30,"comment_status":"open","ping_status":"closed","template":"","format":"standard","categories":[46],"tags":[],"class_list":["post-23615","podujatia","type-podujatia","status-publish","format-standard","has-post-thumbnail","hentry","category-podujatia"],"acf":[],"uagb_featured_image_src":{"full":["https:\/\/regiongron.sk\/en\/wp-content\/uploads\/2025\/02\/titulka-Gajdosske-fasiangy-plagat-2025-28.2.-2.3.2025.jpg",1587,1587,false],"thumbnail":["https:\/\/regiongron.sk\/en\/wp-content\/uploads\/2025\/02\/titulka-Gajdosske-fasiangy-plagat-2025-28.2.-2.3.2025-400x400.jpg",400,400,true],"medium":["https:\/\/regiongron.sk\/en\/wp-content\/uploads\/2025\/02\/titulka-Gajdosske-fasiangy-plagat-2025-28.2.-2.3.2025-600x600.jpg",600,600,true],"medium_large":["https:\/\/regiongron.sk\/en\/wp-content\/uploads\/2025\/02\/titulka-Gajdosske-fasiangy-plagat-2025-28.2.-2.3.2025-768x768.jpg",768,768,true],"large":["https:\/\/regiongron.sk\/en\/wp-content\/uploads\/2025\/02\/titulka-Gajdosske-fasiangy-plagat-2025-28.2.-2.3.2025-1024x1024.jpg",1024,1024,true],"1536x1536":["https:\/\/regiongron.sk\/en\/wp-content\/uploads\/2025\/02\/titulka-Gajdosske-fasiangy-plagat-2025-28.2.-2.3.2025-1536x1536.jpg",1536,1536,true],"2048x2048":["https:\/\/regiongron.sk\/en\/wp-content\/uploads\/2025\/02\/titulka-Gajdosske-fasiangy-plagat-2025-28.2.-2.3.2025.jpg",1587,1587,false]},"uagb_author_info":{"display_name":"Gabriela Matlovi\u010dov\u00e1","author_link":"https:\/\/regiongron.sk\/en\/author\/gabriela\/"},"uagb_comment_info":0,"uagb_excerpt":"GAJO\u0160SK\u00c9 FA\u0160IANGY 2025 \u2013 HRY V \u010cASE 38. ro\u010dn\u00edk medzin\u00e1rodn\u00e9ho stretnutia gajdo\u0161ov a gajdo\u0161sk\u00fdch hudieb TERM\u00cdN: 28.2.2025 - 2.3.2025 Obec Mal\u00e1 Lehota v spolupr\u00e1ci s obcami Ve\u013ek\u00e1 Lehota a Jed\u013eov\u00e9 Kosto\u013eany poz\u00fdva na 38. ro\u010dn\u00edk Gajdo\u0161sk\u00fdch fa\u0161iangov. Trojd\u0148ov\u00fd tradi\u010dn\u00fd festival Gajdo\u0161sk\u00e9 fa\u0161iangy sa ka\u017edoro\u010dne kon\u00e1 v dedin\u00e1ch le\u017eiacich na \u00fap\u00e4tiach Pohronsk\u00e9ho Inovca - Mal\u00e1 Lehota,&hellip;","_links":{"self":[{"href":"https:\/\/regiongron.sk\/en\/wp-json\/wp\/v2\/podujatia\/23615","targetHints":{"allow":["GET"]}}],"collection":[{"href":"https:\/\/regiongron.sk\/en\/wp-json\/wp\/v2\/podujatia"}],"about":[{"href":"https:\/\/regiongron.sk\/en\/wp-json\/wp\/v2\/types\/podujatia"}],"author":[{"embeddable":true,"href":"https:\/\/regiongron.sk\/en\/wp-json\/wp\/v2\/users\/3"}],"replies":[{"embeddable":true,"href":"https:\/\/regiongron.sk\/en\/wp-json\/wp\/v2\/comments?post=23615"}],"version-history":[{"count":1,"href":"https:\/\/regiongron.sk\/en\/wp-json\/wp\/v2\/podujatia\/23615\/revisions"}],"predecessor-version":[{"id":23616,"href":"https:\/\/regiongron.sk\/en\/wp-json\/wp\/v2\/podujatia\/23615\/revisions\/23616"}],"wp:featuredmedia":[{"embeddable":true,"href":"https:\/\/regiongron.sk\/en\/wp-json\/wp\/v2\/media\/23614"}],"wp:attachment":[{"href":"https:\/\/regiongron.sk\/en\/wp-json\/wp\/v2\/media?parent=23615"}],"wp:term":[{"taxonomy":"category","embeddable":true,"href":"https:\/\/regiongron.sk\/en\/wp-json\/wp\/v2\/categories?post=23615"},{"taxonomy":"post_tag","embeddable":true,"href":"https:\/\/regiongron.sk\/en\/wp-json\/wp\/v2\/tags?post=23615"}],"curies":[{"name":"wp","href":"https:\/\/api.w.org\/{rel}","templated":true}]}}