{"id":14024,"date":"2022-06-29T11:26:29","date_gmt":"2022-06-29T09:26:29","guid":{"rendered":"https:\/\/regiongron.sk\/?p=14024"},"modified":"2024-02-23T13:39:55","modified_gmt":"2024-02-23T12:39:55","slug":"vodacke-zakladne-v-regione-gron","status":"publish","type":"tipy-na-vylety","link":"https:\/\/regiongron.sk\/en\/tipy-na-vylety\/vodacke-zakladne-v-regione-gron\/","title":{"rendered":"VOD\u00c1CKE Z\u00c1KLADNE V REGI\u00d3NE GRON"},"content":{"rendered":"<div class=\"wp-block-image size-full wp-image-13789\">\n<figure class=\"aligncenter\"><img decoding=\"async\" src=\"https:\/\/regiongron.sk\/wp-content\/uploads\/2023\/02\/Glgac-Reviste-2022-11-1.jpg\" alt=\"\" class=\"wp-image-13789\"\/><figcaption class=\"wp-element-caption\"><strong>Hron je so svojimi takmer 300 km druh\u00e1 najdlh\u0161ia rieka Slovenska, prameniaca na v\u00fdchodnom \u00fap\u00e4t\u00ed N\u00edzkych Tatier a \u00fastiaca do Dunaja ne\u010faleko \u0160t\u00farova. Hoci rieka nie je splavn\u00e1 pre n\u00e1kladn\u00e9 ani osobn\u00e9 lode, napriek tomu ju mo\u017eno splavi\u0165 na kanoe, rafte alebo na kajaku. Ak v\u00e1s l\u00e1ka sk\u00fa\u0161a\u0165 nov\u00e9 veci, tak splav rieky Hron bude pre v\u00e1s to prav\u00e9.&nbsp;<\/strong><\/figcaption><\/figure>\n<\/div>\n\n\n<p>Pozriete si kr\u00e1sy regi\u00f3nu z \u00faplne in\u00e9ho poh\u013eadu ako je zvykom a tie\u017e z\u00edskate z\u00e1\u017eitky, na ktor\u00e9 budete e\u0161te dlho spom\u00edna\u0165. Splav rieky Hron patr\u00ed k najkraj\u0161\u00edm vod\u00e1ckym z\u00e1\u017eitkom a je vhodn\u00fd pre v\u0161etky vekov\u00e9 kateg\u00f3rie. V strednej Eur\u00f3pe ide zrejme o posledn\u00fa rieku, ktor\u00e1 je splavn\u00e1 od prame\u0148a a\u017e po \u00fastie.<\/p>\n\n\n\n<p>\u00daseky Hronu sa delia na 3 - horn\u00fd, stredn\u00fd a doln\u00fd \u00fasek. Viac si o nich pre\u010d\u00edtate na webe <a href=\"https:\/\/www.zahoramizadolami.sk\/splav-hrona\/\" target=\"_blank\" rel=\"noopener\">Za horami, za dolami<\/a>.<\/p>\n\n\n\n<p>My v\u00e1m v tomto \u010dl\u00e1nku prin\u00e1\u0161ame <strong>preh\u013ead vod\u00e1ckych z\u00e1kladn\u00ed doln\u00e9ho \u00faseku<\/strong>, ktor\u00e9 sa radia k n\u00e1\u0161mu Regi\u00f3nu Gron. Uv\u00e1dzame ich v porad\u00ed, v ktorom sa tu naj\u010dastej\u0161ie splavuje Hron. Program vod\u00e1ckych podujat\u00ed n\u00e1jdete aj na tomto <a href=\"https:\/\/www.vk-hron.sk\/danov-splav-odomykanie-hrona\/\" target=\"_blank\" rel=\"noopener\">webe<\/a>.<\/p>\n\n\n<div class=\"wp-block-image\">\n<figure class=\"aligncenter\"><img decoding=\"async\" src=\"https:\/\/regiongron.sk\/wp-content\/uploads\/2023\/02\/hron-1.jpg\" alt=\"\" class=\"wp-image-14026\"\/><\/figure>\n<\/div>\n\n\n<h2 class=\"wp-block-heading\"><strong>\u0160\u00e1\u0161ovsk\u00e9 Podhradie - Votus<\/strong><\/h2>\n\n\n\n<p><a href=\"https:\/\/www.votus.sk\" target=\"_blank\" rel=\"noopener\">T\u00e1borisko \u0160\u00e1\u0161ovsk\u00e9 Podhradie<\/a> le\u017e\u00ed na okraji rovnomennej mestskej \u010dasti mesta \u017diar nad Hronom. Ide o <strong>kemp v podhrad\u00ed zr\u00facaniny hradu \u0160\u00e1\u0161ov<\/strong>. Z kempu sa k nemu viete dosta\u0165 asi polhodinovou prech\u00e1dzkou. Je to skvel\u00e1 mo\u017enos\u0165 posledn\u00fdkr\u00e1t si natiahnu\u0165 nohy pred seden\u00edm v lodi. Navy\u0161e v\u00fdh\u013eady stoja naozaj za to.<\/p>\n\n\n\n<p>Tohtoro\u010dn\u00e1 sez\u00f3na v tejto vod\u00e1ckej z\u00e1kladni za\u010dala 1.6.2022. Od tohto d\u00e1tumu je mo\u017en\u00e9 za\u010da\u0165 tu splav alebo sa tu vylodi\u0165 na kr\u00e1tku prest\u00e1vku \u010di cel\u00fa noc.<\/p>\n\n\n\n<p>T\u00e1borisko m\u00e1 <strong>kapacitu&nbsp; cca 55 stanov pre 120 os\u00f4b<\/strong> a ubytova\u0165 sa d\u00e1 aj v bl\u00edzkej chatke. Nach\u00e1dzaj\u00fa sa tu toalety, sprchy, pitn\u00e1 voda, parkovanie, priestor na opeka\u010dku. Ob\u010derstvi\u0165 sa m\u00f4\u017eete aj v bufete alebo z\u00e1js\u0165 do bl\u00edzkeho motorestu. Po\u017ei\u010da\u0165 si tu m\u00f4\u017eete plastov\u00e9 kanoe Vydra, Samba a RTM&nbsp; pre 2 - 3 osoby alebo nafukovacie rafty Colorado 350 cm a 450 cm.<\/p>\n\n\n<div class=\"wp-block-image\">\n<figure class=\"aligncenter\"><img decoding=\"async\" src=\"https:\/\/regiongron.sk\/wp-content\/uploads\/2023\/02\/hron.jpg\" alt=\"\" class=\"wp-image-14025\"\/><\/figure>\n<\/div>\n\n\n<h2 class=\"wp-block-heading\"><strong>Hlin\u00edk nad Hronom<\/strong><\/h2>\n\n\n\n<p><a href=\"https:\/\/www.facebook.com\/groups\/279267171504234\" target=\"_blank\" rel=\"noopener\">Lodenica pri obci Hlin\u00edk nad Hronom<\/a> je ide\u00e1lnou zast\u00e1vkou na posilnenie sa pred pokra\u010dovan\u00edm v splave. Budovu lodenice s pri\u013eahl\u00fdm are\u00e1lom je toti\u017e vyu\u017e\u00edvan\u00e1 ako <strong>t\u00e1borisko pre splavuj\u00facich vod\u00e1kov.&nbsp;<\/strong><\/p>\n\n\n\n<p>Cez KST Tempo si v Hlin\u00edku nad Hronom viete po\u017ei\u010da\u0165 r\u00f4zne druhy plavidiel vhodn\u00e9 na splav Hronu.<\/p>\n\n\n\n<h2 class=\"wp-block-heading\"><strong>Drevenica Revi\u0161te<\/strong><\/h2>\n\n\n\n<p>V \u017darnovici, v \u010dasti Revi\u0161tsk\u00e9 Podz\u00e1m\u010die je lokalizovan\u00e9 t\u00e1borisko pre vod\u00e1kov splavuj\u00facich Hron. Hne\u010f na brehu n\u00e1jdete <a href=\"https:\/\/regiongron.sk\/ubytovanie\/drevenica-reviste-podzamcie\/\" target=\"_blank\" rel=\"noopener\">Drevenicu Revi\u0161te<\/a>, ktor\u00e1 pon\u00faka ubytovanie v apartm\u00e1noch aj v kempe, stravovanie a r\u00f4zne \u0161portov\u00e9 aktivity, v peknom prostred\u00ed ne\u010faleko zr\u00facaniny hradu Revi\u0161te.<\/p>\n\n\n\n<p>Z\u00e1klad\u0148a v Revi\u0161tskom Podz\u00e1m\u010d\u00ed je najvhodnej\u0161ou alternat\u00edvou, ako sa vyda\u0165 na splav Hrona v rozhran\u00ed stredn\u00e9ho a doln\u00e9ho \u00faseku rieky. Pr\u00e1ve <strong>tu sa kon\u010d\u00ed v\u00e4\u010d\u0161ina splavov stredn\u00e9ho Hrona<\/strong>. Z\u00e1rove\u0148 je to v\u00fdchodiskov\u00fd bod pre 4 a\u017e 5 d\u0148ov\u00e9 splavy doln\u00e9ho Hrona. Viac info <a href=\"https:\/\/regiongron.sk\/vodacka-zakladna-revistske-podzamcie\/\" target=\"_blank\" rel=\"noopener\">tu<\/a>.<\/p>\n\n\n\n<p>Z t\u00e1bor\u00edsk na strednom \u00faseku je toto jedno z najlep\u0161ie vybaven\u00fdch. Je tu mo\u017enos\u0165 vypo\u017ei\u010da\u0165 si \u010dlny, plte a rafty a zabezpe\u010di\u0165 si dopravu na miesto\/z miesta splavu. Zauj\u00edmavos\u0165ou je <strong>n\u00e1u\u010dn\u00fd chodn\u00edk ved\u00faci na hrad<\/strong> a chr\u00e1nen\u00fd are\u00e1l Revi\u0161tsk\u00fd rybn\u00edk.<\/p>\n\n\n<div class=\"wp-block-image\">\n<figure class=\"aligncenter\"><img decoding=\"async\" src=\"https:\/\/regiongron.sk\/wp-content\/uploads\/2023\/02\/drevenica-reviste-2013.jpg\" alt=\"\" class=\"wp-image-906\"\/><\/figure>\n<\/div>\n\n\n<h2 class=\"wp-block-heading\"><strong>VOD\u00c1CKE T\u00c1BORISKO BREHY<\/strong><\/h2>\n\n\n\n<p>Vod\u00e1cke t\u00e1borisko sa nach\u00e1dza v obci <a href=\"https:\/\/regiongron.sk\/vodacka-zakladna-nova-bana-brehy\/\" target=\"_blank\" rel=\"noopener\">Brehy<\/a> v bl\u00edzkosti futbalov\u00e9ho ihriska. V tejto lokalite sa pravidelne ka\u017ed\u00fd rok kon\u00e1 <strong>\u201eodomykanie\u201c Hrona na jar a \u201ezamykanie\u201c Hrona na jese\u0148<\/strong>. Obe akcie prebiehaj\u00fa pod patron\u00e1tom vodn\u00edka \u010cochtana z Ob\u010dianskeho zdru\u017eenia Lodenica pod orechmi.<\/p>\n\n\n\n<p>V auguste sa spolu s Bre\u017esk\u00fdmi remeseln\u00fdmi d\u0148ami a hasi\u010dskou s\u00fa\u0165a\u017eou zvykne kona\u0165 Splav netradi\u010dn\u00fdch plavidiel.<\/p>\n\n\n\n<p>Pri vod\u00e1ckej z\u00e1kladni sa m\u00f4\u017eete ob\u010derstvi\u0165 v <a href=\"https:\/\/www.facebook.com\/SPORTBARBREHY\/\" target=\"_blank\" rel=\"noopener\">\u0160PORT Bare Brehy<\/a>, ktor\u00fd pon\u00faka \u0161irok\u00fa ponuku sortimentu, ale aj koncerty, priestory pre \u0161portov\u00e9 s\u00fa\u0165a\u017ee a akcie.<\/p>\n\n\n\n<figure class=\"wp-block-gallery has-nested-images columns-2 is-cropped wp-block-gallery-1 is-layout-flex wp-block-gallery-is-layout-flex\">\n<figure class=\"wp-block-image size-large\"><img loading=\"lazy\" decoding=\"async\" width=\"1024\" height=\"683\" data-id=\"19916\" src=\"https:\/\/regiongron.sk\/wp-content\/uploads\/2023\/07\/lodenica-pod-orechmi-brehy-4-1024x683.jpg\" alt=\"odenica-pod-orechmi-brehy\" class=\"wp-image-19916\" srcset=\"https:\/\/regiongron.sk\/en\/wp-content\/uploads\/2023\/07\/lodenica-pod-orechmi-brehy-4-1024x683.jpg 1024w, https:\/\/regiongron.sk\/en\/wp-content\/uploads\/2023\/07\/lodenica-pod-orechmi-brehy-4-600x400.jpg 600w, https:\/\/regiongron.sk\/en\/wp-content\/uploads\/2023\/07\/lodenica-pod-orechmi-brehy-4-768x512.jpg 768w, https:\/\/regiongron.sk\/en\/wp-content\/uploads\/2023\/07\/lodenica-pod-orechmi-brehy-4-1536x1024.jpg 1536w, https:\/\/regiongron.sk\/en\/wp-content\/uploads\/2023\/07\/lodenica-pod-orechmi-brehy-4-2048x1365.jpg 2048w, https:\/\/regiongron.sk\/en\/wp-content\/uploads\/2023\/07\/lodenica-pod-orechmi-brehy-4-scaled.jpg 2560w\" sizes=\"auto, (max-width: 1024px) 100vw, 1024px\" \/><\/figure>\n\n\n\n<figure class=\"wp-block-image size-large\"><img loading=\"lazy\" decoding=\"async\" width=\"1024\" height=\"683\" data-id=\"19914\" src=\"https:\/\/regiongron.sk\/wp-content\/uploads\/2023\/07\/lodenica-pod-orechmi-brehy-1-1024x683.jpg\" alt=\"\" class=\"wp-image-19914\" srcset=\"https:\/\/regiongron.sk\/en\/wp-content\/uploads\/2023\/07\/lodenica-pod-orechmi-brehy-1-1024x683.jpg 1024w, https:\/\/regiongron.sk\/en\/wp-content\/uploads\/2023\/07\/lodenica-pod-orechmi-brehy-1-600x400.jpg 600w, https:\/\/regiongron.sk\/en\/wp-content\/uploads\/2023\/07\/lodenica-pod-orechmi-brehy-1-768x512.jpg 768w, https:\/\/regiongron.sk\/en\/wp-content\/uploads\/2023\/07\/lodenica-pod-orechmi-brehy-1-1536x1024.jpg 1536w, https:\/\/regiongron.sk\/en\/wp-content\/uploads\/2023\/07\/lodenica-pod-orechmi-brehy-1-2048x1365.jpg 2048w, https:\/\/regiongron.sk\/en\/wp-content\/uploads\/2023\/07\/lodenica-pod-orechmi-brehy-1-scaled.jpg 2560w\" sizes=\"auto, (max-width: 1024px) 100vw, 1024px\" \/><\/figure>\n\n\n\n<figure class=\"wp-block-image size-large\"><img loading=\"lazy\" decoding=\"async\" width=\"1024\" height=\"683\" data-id=\"19913\" src=\"https:\/\/regiongron.sk\/wp-content\/uploads\/2023\/07\/lodenica-pod-orechmi-brehy-2-1024x683.jpg\" alt=\"\" class=\"wp-image-19913\" srcset=\"https:\/\/regiongron.sk\/en\/wp-content\/uploads\/2023\/07\/lodenica-pod-orechmi-brehy-2-1024x683.jpg 1024w, https:\/\/regiongron.sk\/en\/wp-content\/uploads\/2023\/07\/lodenica-pod-orechmi-brehy-2-600x400.jpg 600w, https:\/\/regiongron.sk\/en\/wp-content\/uploads\/2023\/07\/lodenica-pod-orechmi-brehy-2-768x512.jpg 768w, https:\/\/regiongron.sk\/en\/wp-content\/uploads\/2023\/07\/lodenica-pod-orechmi-brehy-2-1536x1024.jpg 1536w, https:\/\/regiongron.sk\/en\/wp-content\/uploads\/2023\/07\/lodenica-pod-orechmi-brehy-2-2048x1365.jpg 2048w, https:\/\/regiongron.sk\/en\/wp-content\/uploads\/2023\/07\/lodenica-pod-orechmi-brehy-2-scaled.jpg 2560w\" sizes=\"auto, (max-width: 1024px) 100vw, 1024px\" \/><\/figure>\n\n\n\n<figure class=\"wp-block-image size-large\"><img loading=\"lazy\" decoding=\"async\" width=\"1024\" height=\"683\" data-id=\"19911\" src=\"https:\/\/regiongron.sk\/wp-content\/uploads\/2023\/07\/lodenica-pod-orechmi-brehy-6-1024x683.jpg\" alt=\"lodenica-pod-orechmi-brehy\" class=\"wp-image-19911\" srcset=\"https:\/\/regiongron.sk\/en\/wp-content\/uploads\/2023\/07\/lodenica-pod-orechmi-brehy-6-1024x683.jpg 1024w, https:\/\/regiongron.sk\/en\/wp-content\/uploads\/2023\/07\/lodenica-pod-orechmi-brehy-6-600x400.jpg 600w, https:\/\/regiongron.sk\/en\/wp-content\/uploads\/2023\/07\/lodenica-pod-orechmi-brehy-6-768x512.jpg 768w, https:\/\/regiongron.sk\/en\/wp-content\/uploads\/2023\/07\/lodenica-pod-orechmi-brehy-6-1536x1024.jpg 1536w, https:\/\/regiongron.sk\/en\/wp-content\/uploads\/2023\/07\/lodenica-pod-orechmi-brehy-6-2048x1365.jpg 2048w, https:\/\/regiongron.sk\/en\/wp-content\/uploads\/2023\/07\/lodenica-pod-orechmi-brehy-6-scaled.jpg 2560w\" sizes=\"auto, (max-width: 1024px) 100vw, 1024px\" \/><\/figure>\n<\/figure>\n\n\n\n<p>Doln\u00fd \u00fasek rieky Hron je pomerne pokojn\u00fd a pomal\u00fd. Na v\u00e4\u010d\u0161ine miest je plytk\u00fd a aj preto je vyh\u013ead\u00e1vanou turistickou lokalitou pre rodiny s de\u0165mi alebo pre menej zdatn\u00fdch plavcov. Na jednej strane si u\u017eijete ve\u013ea p\u00e1dlovania, ale na druhej strane sa nemus\u00edte ob\u00e1va\u0165 \u017eiadnych rie\u010dnych peripeti\u00ed.<\/p>\n\n\n\n<p>Aj po\u010das tejto cesty sa na n\u00e1s te\u0161\u00ed nieko\u013eko pr\u00edrodn\u00fdch \u010di historick\u00fdch atrakci\u00ed. Na webe Regi\u00f3nu GRON sa o nich do\u010d\u00edtate omnoho viac.<\/p>\n","protected":false},"featured_media":14619,"template":"","categories":[1],"class_list":["post-14024","tipy-na-vylety","type-tipy-na-vylety","status-publish","has-post-thumbnail","hentry","category-nezaradene"],"acf":[],"uagb_featured_image_src":{"full":["https:\/\/regiongron.sk\/en\/wp-content\/uploads\/2023\/02\/Glgac-Reviste-2022-11-1.jpg",1063,702,false],"thumbnail":["https:\/\/regiongron.sk\/en\/wp-content\/uploads\/2023\/02\/Glgac-Reviste-2022-11-1-400x400.jpg",400,400,true],"medium":["https:\/\/regiongron.sk\/en\/wp-content\/uploads\/2023\/02\/Glgac-Reviste-2022-11-1-600x396.jpg",600,396,true],"medium_large":["https:\/\/regiongron.sk\/en\/wp-content\/uploads\/2023\/02\/Glgac-Reviste-2022-11-1-768x507.jpg",768,507,true],"large":["https:\/\/regiongron.sk\/en\/wp-content\/uploads\/2023\/02\/Glgac-Reviste-2022-11-1-1024x676.jpg",1024,676,true],"1536x1536":["https:\/\/regiongron.sk\/en\/wp-content\/uploads\/2023\/02\/Glgac-Reviste-2022-11-1.jpg",1063,702,false],"2048x2048":["https:\/\/regiongron.sk\/en\/wp-content\/uploads\/2023\/02\/Glgac-Reviste-2022-11-1.jpg",1063,702,false]},"uagb_author_info":{"display_name":"Gabriela Matlovi\u010dov\u00e1","author_link":"https:\/\/regiongron.sk\/en\/author\/"},"uagb_comment_info":0,"uagb_excerpt":"Pozriete si kr\u00e1sy regi\u00f3nu z \u00faplne in\u00e9ho poh\u013eadu ako je zvykom a tie\u017e z\u00edskate z\u00e1\u017eitky, na ktor\u00e9 budete e\u0161te dlho spom\u00edna\u0165. Splav rieky Hron patr\u00ed k najkraj\u0161\u00edm vod\u00e1ckym z\u00e1\u017eitkom a je vhodn\u00fd pre v\u0161etky vekov\u00e9 kateg\u00f3rie. V strednej Eur\u00f3pe ide zrejme o posledn\u00fa rieku, ktor\u00e1 je splavn\u00e1 od prame\u0148a a\u017e po \u00fastie. \u00daseky Hronu sa&hellip;","_links":{"self":[{"href":"https:\/\/regiongron.sk\/en\/wp-json\/wp\/v2\/tipy-na-vylety\/14024","targetHints":{"allow":["GET"]}}],"collection":[{"href":"https:\/\/regiongron.sk\/en\/wp-json\/wp\/v2\/tipy-na-vylety"}],"about":[{"href":"https:\/\/regiongron.sk\/en\/wp-json\/wp\/v2\/types\/tipy-na-vylety"}],"wp:featuredmedia":[{"embeddable":true,"href":"https:\/\/regiongron.sk\/en\/wp-json\/wp\/v2\/media\/14619"}],"wp:attachment":[{"href":"https:\/\/regiongron.sk\/en\/wp-json\/wp\/v2\/media?parent=14024"}],"wp:term":[{"taxonomy":"category","embeddable":true,"href":"https:\/\/regiongron.sk\/en\/wp-json\/wp\/v2\/categories?post=14024"}],"curies":[{"name":"wp","href":"https:\/\/api.w.org\/{rel}","templated":true}]}}