{"id":14062,"date":"2022-07-06T16:23:58","date_gmt":"2022-07-06T14:23:58","guid":{"rendered":"https:\/\/regiongron.sk\/?p=14062"},"modified":"2023-04-05T10:27:43","modified_gmt":"2023-04-05T08:27:43","slug":"letny-kalendar-podujati-v-regione-gron","status":"publish","type":"tipy-na-vylety","link":"https:\/\/regiongron.sk\/en\/tipy-na-vylety\/letny-kalendar-podujati-v-regione-gron\/","title":{"rendered":"LETN\u00dd KALEND\u00c1R PODUJAT\u00cd V REGI\u00d3NE GRON"},"content":{"rendered":"<p><img loading=\"lazy\" decoding=\"async\" class=\"aligncenter size-full wp-image-14063\" src=\"https:\/\/regiongron.sk\/wp-content\/uploads\/2023\/02\/Letny-KP-01-scaled.jpg\" alt=\"letn\u00fd kalend\u00e1r podujat\u00ed GRON\" width=\"2048\" height=\"1463\" \/><\/p>\n<p><strong>Letn\u00fd kalend\u00e1r podujat\u00ed, ktor\u00e9 sa konaj\u00fa v Regi\u00f3ne GRON od j\u00fala do septembra, na jednom mieste.\u00a0<\/strong><\/p>\n<p>V rekrea\u010dnom are\u00e1li Zvoni\u010dka v Novej Bani a na tajchu u Igora pre n\u00e1v\u0161tevn\u00edkov pripravuj\u00fa r\u00f4zne koncerty, na Plochej dr\u00e1he v \u017darnovici sa bud\u00fa kona\u0165 preteky a na hrade Revi\u0161te \u010di \u0160\u00e1\u0161ov n\u00e1s \u010dakaj\u00fa komentovan\u00e9 prehliadky. Viac inform\u00e1cii na plag\u00e1te a pre aktuality z podujat\u00ed odpor\u00fa\u010dame pravidelne sledova\u0165 aj na n\u00e1\u0161 web alebo <a href=\"https:\/\/www.facebook.com\/regiongron\" target=\"_blank\" rel=\"noopener\">FB str\u00e1nku<\/a>.<\/p>\n<p>Jarn\u00fd kalend\u00e1r podujat\u00ed si v PDF forme m\u00f4\u017eete stiahnu\u0165\u00a0<a href=\"https:\/\/drive.google.com\/file\/d\/1L10j1NPUkYmEI0Dwuvf1WFVTB-UraysQ\/view?usp=sharing\" target=\"_blank\" rel=\"noopener\">odtia\u013eto<\/a>.<\/p>\n","protected":false},"featured_media":14617,"template":"","categories":[1],"class_list":["post-14062","tipy-na-vylety","type-tipy-na-vylety","status-publish","has-post-thumbnail","hentry","category-nezaradene"],"acf":[],"uagb_featured_image_src":{"full":["https:\/\/regiongron.sk\/en\/wp-content\/uploads\/2023\/02\/Letny-KP-01-scaled.jpg",2048,1463,false],"thumbnail":["https:\/\/regiongron.sk\/en\/wp-content\/uploads\/2023\/02\/Letny-KP-01-scaled-400x400.jpg",400,400,true],"medium":["https:\/\/regiongron.sk\/en\/wp-content\/uploads\/2023\/02\/Letny-KP-01-scaled-600x429.jpg",600,429,true],"medium_large":["https:\/\/regiongron.sk\/en\/wp-content\/uploads\/2023\/02\/Letny-KP-01-scaled-768x549.jpg",768,549,true],"large":["https:\/\/regiongron.sk\/en\/wp-content\/uploads\/2023\/02\/Letny-KP-01-scaled-1024x732.jpg",1024,732,true],"1536x1536":["https:\/\/regiongron.sk\/en\/wp-content\/uploads\/2023\/02\/Letny-KP-01-scaled-1536x1097.jpg",1536,1097,true],"2048x2048":["https:\/\/regiongron.sk\/en\/wp-content\/uploads\/2023\/02\/Letny-KP-01-scaled.jpg",2048,1463,false]},"uagb_author_info":{"display_name":"regiongron","author_link":"https:\/\/regiongron.sk\/en\/author\/"},"uagb_comment_info":0,"uagb_excerpt":"Letn\u00fd kalend\u00e1r podujat\u00ed, ktor\u00e9 sa konaj\u00fa v Regi\u00f3ne GRON od j\u00fala do septembra, na jednom mieste.\u00a0 V rekrea\u010dnom are\u00e1li Zvoni\u010dka v Novej Bani a na tajchu u Igora pre n\u00e1v\u0161tevn\u00edkov pripravuj\u00fa r\u00f4zne koncerty, na Plochej dr\u00e1he v \u017darnovici sa bud\u00fa kona\u0165 preteky a na hrade Revi\u0161te \u010di \u0160\u00e1\u0161ov n\u00e1s \u010dakaj\u00fa komentovan\u00e9 prehliadky. Viac inform\u00e1cii na&hellip;","_links":{"self":[{"href":"https:\/\/regiongron.sk\/en\/wp-json\/wp\/v2\/tipy-na-vylety\/14062","targetHints":{"allow":["GET"]}}],"collection":[{"href":"https:\/\/regiongron.sk\/en\/wp-json\/wp\/v2\/tipy-na-vylety"}],"about":[{"href":"https:\/\/regiongron.sk\/en\/wp-json\/wp\/v2\/types\/tipy-na-vylety"}],"wp:featuredmedia":[{"embeddable":true,"href":"https:\/\/regiongron.sk\/en\/wp-json\/wp\/v2\/media\/14617"}],"wp:attachment":[{"href":"https:\/\/regiongron.sk\/en\/wp-json\/wp\/v2\/media?parent=14062"}],"wp:term":[{"taxonomy":"category","embeddable":true,"href":"https:\/\/regiongron.sk\/en\/wp-json\/wp\/v2\/categories?post=14062"}],"curies":[{"name":"wp","href":"https:\/\/api.w.org\/{rel}","templated":true}]}}