{"id":21705,"date":"2024-04-11T14:15:05","date_gmt":"2024-04-11T12:15:05","guid":{"rendered":"https:\/\/regiongron.sk\/?post_type=tipy-na-vylety&#038;p=21705"},"modified":"2024-04-11T14:37:14","modified_gmt":"2024-04-11T12:37:14","slug":"hradny-pas-pohronskej-hradnej-cesty","status":"publish","type":"tipy-na-vylety","link":"https:\/\/regiongron.sk\/en\/tipy-na-vylety\/hradny-pas-pohronskej-hradnej-cesty\/","title":{"rendered":"HRADN\u00dd PAS POHRONSKEJ HRADNEJ CESTY"},"content":{"rendered":"<div class=\"wp-block-image\">\n<figure class=\"aligncenter size-large\"><img loading=\"lazy\" decoding=\"async\" width=\"1024\" height=\"683\" src=\"https:\/\/regiongron.sk\/wp-content\/uploads\/2024\/04\/DSC01495-orez-1024x683.jpg\" alt=\"\" class=\"wp-image-21706\" srcset=\"https:\/\/regiongron.sk\/en\/wp-content\/uploads\/2024\/04\/DSC01495-orez-1024x683.jpg 1024w, https:\/\/regiongron.sk\/en\/wp-content\/uploads\/2024\/04\/DSC01495-orez-600x400.jpg 600w, https:\/\/regiongron.sk\/en\/wp-content\/uploads\/2024\/04\/DSC01495-orez-768x512.jpg 768w, https:\/\/regiongron.sk\/en\/wp-content\/uploads\/2024\/04\/DSC01495-orez-1536x1024.jpg 1536w, https:\/\/regiongron.sk\/en\/wp-content\/uploads\/2024\/04\/DSC01495-orez-2048x1365.jpg 2048w, https:\/\/regiongron.sk\/en\/wp-content\/uploads\/2024\/04\/DSC01495-orez-scaled.jpg 2560w\" sizes=\"auto, (max-width: 1024px) 100vw, 1024px\" \/><\/figure>\n<\/div>\n\n\n<p><strong>Hradn\u00fd pas je vesel\u00fd ilustrovan\u00fd sprievodca 16-timi lokalitami<a href=\"https:\/\/regiongron.sk\/spoznajte-region\/hrady-a-kastiele-na-strednom-pohroni\/\" data-type=\"link\" data-id=\"https:\/\/regiongron.sk\/spoznajte-region\/hrady-a-kastiele-na-strednom-pohroni\/\"> Pohronskej hradnej cesty<\/a> ur\u010den\u00fd de\u0165om a ich rodi\u010dom, ktor\u00ed radi objavuj\u00fa hrady. Na ka\u017edom hrade Pohronskej hradnej cesty je umiestnen\u00fd embl\u00e9m, ktor\u00e9ho obkreslenie do hradn\u00e9ho pasu pribl\u00ed\u017ei majite\u013ea hradn\u00e9ho pasu k z\u00edskaniu skuto\u010dn\u00e9ho pokladu.<\/strong><\/p>\n\n\n\n<p>Ka\u017ed\u00e1 lokalita je verejne dostupn\u00e1, v\u00e4\u010d\u0161ina z nich celoro\u010dne a kedyko\u013evek. Okrem toho sa na vybran\u00fdch lokalit\u00e1ch konaj\u00fa i komentovan\u00e9 prehliadky s r\u00f4znym sprievodn\u00fdm programom. Najnov\u0161\u00edm l\u00e1kadlom pre objavenie v\u0161etk\u00fdch miest, ktor\u00e9 d\u00fdchaj\u00fa stredovekou hist\u00f3riou, je hradn\u00fd pas, respekt\u00edve poklad, ktor\u00fd m\u00f4\u017eu n\u00e1v\u0161tevn\u00edci v\u010faka nemu z\u00edska\u0165.<\/p>\n\n\n\n<p><strong>AKO TO FUNGUJE?<\/strong><br><strong>1. <\/strong> Nav\u0161t\u00edvte ktor\u00fako\u013evek zo 16 lokal\u00edt Pohronskej hradnej cesty<br><strong>2.\u00a0 <\/strong>H\u013eadajte dreven\u00fd hranol s kovovou platni\u010dkou, na ktorej je umiestnen\u00e1 silueta nav\u0161t\u00edvenej lokality<br><strong>3.\u00a0<\/strong> Na vlo\u017een\u00fd priesvitn\u00fd papier v Hradnom pase obkreslite siluetu hradu<br><strong>4.\u00a0<\/strong> Postup opakujte na ka\u017edej z lokal\u00edt<\/p>\n\n\n\n<figure class=\"wp-block-gallery has-nested-images columns-default is-cropped wp-block-gallery-1 is-layout-flex wp-block-gallery-is-layout-flex\">\n<figure class=\"wp-block-image size-large\"><img loading=\"lazy\" decoding=\"async\" width=\"1024\" height=\"683\" data-id=\"21707\" src=\"https:\/\/regiongron.sk\/wp-content\/uploads\/2024\/04\/DSC01484-1024x683.jpg\" alt=\"\" class=\"wp-image-21707\" srcset=\"https:\/\/regiongron.sk\/en\/wp-content\/uploads\/2024\/04\/DSC01484-1024x683.jpg 1024w, https:\/\/regiongron.sk\/en\/wp-content\/uploads\/2024\/04\/DSC01484-600x400.jpg 600w, https:\/\/regiongron.sk\/en\/wp-content\/uploads\/2024\/04\/DSC01484-768x512.jpg 768w, https:\/\/regiongron.sk\/en\/wp-content\/uploads\/2024\/04\/DSC01484-1536x1024.jpg 1536w, https:\/\/regiongron.sk\/en\/wp-content\/uploads\/2024\/04\/DSC01484-2048x1365.jpg 2048w, https:\/\/regiongron.sk\/en\/wp-content\/uploads\/2024\/04\/DSC01484-scaled.jpg 2560w\" sizes=\"auto, (max-width: 1024px) 100vw, 1024px\" \/><\/figure>\n\n\n\n<figure class=\"wp-block-image size-large\"><img loading=\"lazy\" decoding=\"async\" width=\"1024\" height=\"683\" data-id=\"21709\" src=\"https:\/\/regiongron.sk\/wp-content\/uploads\/2024\/04\/DSC01514-1024x683.jpg\" alt=\"\" class=\"wp-image-21709\" srcset=\"https:\/\/regiongron.sk\/en\/wp-content\/uploads\/2024\/04\/DSC01514-1024x683.jpg 1024w, https:\/\/regiongron.sk\/en\/wp-content\/uploads\/2024\/04\/DSC01514-600x400.jpg 600w, https:\/\/regiongron.sk\/en\/wp-content\/uploads\/2024\/04\/DSC01514-768x512.jpg 768w, https:\/\/regiongron.sk\/en\/wp-content\/uploads\/2024\/04\/DSC01514-1536x1024.jpg 1536w, https:\/\/regiongron.sk\/en\/wp-content\/uploads\/2024\/04\/DSC01514-2048x1365.jpg 2048w, https:\/\/regiongron.sk\/en\/wp-content\/uploads\/2024\/04\/DSC01514-scaled.jpg 2560w\" sizes=\"auto, (max-width: 1024px) 100vw, 1024px\" \/><\/figure>\n\n\n\n<figure class=\"wp-block-image size-large\"><img loading=\"lazy\" decoding=\"async\" width=\"1024\" height=\"683\" data-id=\"21711\" src=\"https:\/\/regiongron.sk\/wp-content\/uploads\/2024\/04\/DSC01523-1024x683.jpg\" alt=\"\" class=\"wp-image-21711\" srcset=\"https:\/\/regiongron.sk\/en\/wp-content\/uploads\/2024\/04\/DSC01523-1024x683.jpg 1024w, https:\/\/regiongron.sk\/en\/wp-content\/uploads\/2024\/04\/DSC01523-600x400.jpg 600w, https:\/\/regiongron.sk\/en\/wp-content\/uploads\/2024\/04\/DSC01523-768x512.jpg 768w, https:\/\/regiongron.sk\/en\/wp-content\/uploads\/2024\/04\/DSC01523-1536x1024.jpg 1536w, https:\/\/regiongron.sk\/en\/wp-content\/uploads\/2024\/04\/DSC01523-2048x1365.jpg 2048w, https:\/\/regiongron.sk\/en\/wp-content\/uploads\/2024\/04\/DSC01523-scaled.jpg 2560w\" sizes=\"auto, (max-width: 1024px) 100vw, 1024px\" \/><\/figure>\n\n\n\n<figure class=\"wp-block-image size-large\"><img loading=\"lazy\" decoding=\"async\" width=\"1024\" height=\"683\" data-id=\"21710\" src=\"https:\/\/regiongron.sk\/wp-content\/uploads\/2024\/04\/DSC01525-1024x683.jpg\" alt=\"\" class=\"wp-image-21710\" srcset=\"https:\/\/regiongron.sk\/en\/wp-content\/uploads\/2024\/04\/DSC01525-1024x683.jpg 1024w, https:\/\/regiongron.sk\/en\/wp-content\/uploads\/2024\/04\/DSC01525-600x400.jpg 600w, https:\/\/regiongron.sk\/en\/wp-content\/uploads\/2024\/04\/DSC01525-768x512.jpg 768w, https:\/\/regiongron.sk\/en\/wp-content\/uploads\/2024\/04\/DSC01525-1536x1024.jpg 1536w, https:\/\/regiongron.sk\/en\/wp-content\/uploads\/2024\/04\/DSC01525-2048x1365.jpg 2048w, https:\/\/regiongron.sk\/en\/wp-content\/uploads\/2024\/04\/DSC01525-scaled.jpg 2560w\" sizes=\"auto, (max-width: 1024px) 100vw, 1024px\" \/><\/figure>\n\n\n\n<figure class=\"wp-block-image size-large\"><img loading=\"lazy\" decoding=\"async\" width=\"1024\" height=\"683\" data-id=\"21708\" src=\"https:\/\/regiongron.sk\/wp-content\/uploads\/2024\/04\/DSC01539-1024x683.jpg\" alt=\"\" class=\"wp-image-21708\" srcset=\"https:\/\/regiongron.sk\/en\/wp-content\/uploads\/2024\/04\/DSC01539-1024x683.jpg 1024w, https:\/\/regiongron.sk\/en\/wp-content\/uploads\/2024\/04\/DSC01539-600x400.jpg 600w, https:\/\/regiongron.sk\/en\/wp-content\/uploads\/2024\/04\/DSC01539-768x512.jpg 768w, https:\/\/regiongron.sk\/en\/wp-content\/uploads\/2024\/04\/DSC01539-1536x1024.jpg 1536w, https:\/\/regiongron.sk\/en\/wp-content\/uploads\/2024\/04\/DSC01539-2048x1365.jpg 2048w, https:\/\/regiongron.sk\/en\/wp-content\/uploads\/2024\/04\/DSC01539-scaled.jpg 2560w\" sizes=\"auto, (max-width: 1024px) 100vw, 1024px\" \/><\/figure>\n<\/figure>\n\n\n\n<p>Ke\u010f nav\u0161t\u00edvite 5 hradov, stanete sa objavite\u013eom za\u010diato\u010dn\u00edkom, po 10 hradov sa stanete dobrodruhom a nav\u0161t\u00edven\u00edm v\u0161etk\u00fdch 16 hradov z\u00edskate poklad (dreven\u00e1 truhli\u010dka pln\u00e1 duk\u00e1tov \/sladk\u00fdch\/ a\u00a0e\u0161te prid\u00e1me aj nieko\u013eko u\u017eito\u010dn\u00fdch veci\u010diek, ktor\u00e9 sa V\u00e1m z\u00eddu po\u010das v\u00fdletov za hradmi Banskobystrick\u00e9ho kraja).<\/p>\n\n\n\n<p>Po\u010das sez\u00f3ny v roku 2024 v\u00e1s prevedieme v\u0161etk\u00fdmi lokalitami Pohronskej hradnej cesty v podobe <strong>tipov na v\u00fdlety <\/strong>s trasou ako sa na dan\u00fd hrad dosta\u0165 alebo \u010do si pozrie\u0165 v okol\u00ed. Tieto tipy budeme prin\u00e1\u0161a\u0165 v pribli\u017ene dvojt\u00fd\u017edenn\u00fdch intervaloch na facebookovom profile <strong><a href=\"https:\/\/www.facebook.com\/pohronskehrady\" data-type=\"link\" data-id=\"https:\/\/www.facebook.com\/pohronskehrady\">Pohronsk\u00e1 hradn\u00e1 cesta<\/a>.<\/strong> Ak sa chcete s nami vybra\u0165 na putovanie po hradoch, sledujte pr\u00e1ve tento profil. Samozrejme na v\u0161etky lokality sa m\u00f4\u017eete vybra\u0165 aj kedyko\u013evek chcete \u010di u\u017e individu\u00e1lne alebo nav\u0161t\u00edvite niektor\u00fa z <strong><a href=\"https:\/\/regiongron.sk\/spoznajte-region\/rezervuj-si-zazitok\/\" data-type=\"link\" data-id=\"https:\/\/regiongron.sk\/spoznajte-region\/rezervuj-si-zazitok\/\">komentovan\u00fdch prehliadok<\/a> <\/strong>\u010di podujat\u00ed na hradoch. <strong>Zbieranie symbolov do hradn\u00e9ho pasu nie je \u010dasovo obmedzen\u00e9<\/strong>.<\/p>\n\n\n\n<p>V Regi\u00f3ne Gron s\u00fa do Pohronskej hradnej cesty a do Hradn\u00e9ho pasu zaraden\u00e9 nasledovn\u00e9 objekty:<\/p>\n\n\n\n<figure class=\"wp-block-gallery aligncenter has-nested-images columns-2 is-cropped wp-block-gallery-2 is-layout-flex wp-block-gallery-is-layout-flex\">\n<figure class=\"wp-block-image size-large is-style-default\"><img loading=\"lazy\" decoding=\"async\" width=\"1024\" height=\"683\" data-id=\"17666\" src=\"https:\/\/regiongron.sk\/wp-content\/uploads\/2023\/03\/hrad-sasov-11-scaled-1024x683.jpg\" alt=\"hrad \u0161\u00e1\u0161ov\" class=\"wp-image-17666\" srcset=\"https:\/\/regiongron.sk\/en\/wp-content\/uploads\/2023\/03\/hrad-sasov-11-scaled-1024x683.jpg 1024w, https:\/\/regiongron.sk\/en\/wp-content\/uploads\/2023\/03\/hrad-sasov-11-scaled-600x400.jpg 600w, https:\/\/regiongron.sk\/en\/wp-content\/uploads\/2023\/03\/hrad-sasov-11-scaled-768x512.jpg 768w, https:\/\/regiongron.sk\/en\/wp-content\/uploads\/2023\/03\/hrad-sasov-11-scaled-1536x1024.jpg 1536w, https:\/\/regiongron.sk\/en\/wp-content\/uploads\/2023\/03\/hrad-sasov-11-scaled.jpg 2048w\" sizes=\"auto, (max-width: 1024px) 100vw, 1024px\" \/><figcaption class=\"wp-element-caption\"><strong>Hrad \u0160\u00e1\u0161ov<\/strong><\/figcaption><\/figure>\n\n\n\n<figure class=\"wp-block-image size-large\"><img loading=\"lazy\" decoding=\"async\" width=\"1024\" height=\"683\" data-id=\"19771\" src=\"https:\/\/regiongron.sk\/wp-content\/uploads\/2023\/07\/prva-moznost-foto-gm-1-1024x683.jpg\" alt=\"Hrad Revi\u0161te leto 2023\" class=\"wp-image-19771\" srcset=\"https:\/\/regiongron.sk\/en\/wp-content\/uploads\/2023\/07\/prva-moznost-foto-gm-1-1024x683.jpg 1024w, https:\/\/regiongron.sk\/en\/wp-content\/uploads\/2023\/07\/prva-moznost-foto-gm-1-600x400.jpg 600w, https:\/\/regiongron.sk\/en\/wp-content\/uploads\/2023\/07\/prva-moznost-foto-gm-1-768x512.jpg 768w, https:\/\/regiongron.sk\/en\/wp-content\/uploads\/2023\/07\/prva-moznost-foto-gm-1-1536x1024.jpg 1536w, https:\/\/regiongron.sk\/en\/wp-content\/uploads\/2023\/07\/prva-moznost-foto-gm-1-2048x1365.jpg 2048w, https:\/\/regiongron.sk\/en\/wp-content\/uploads\/2023\/07\/prva-moznost-foto-gm-1-scaled.jpg 2560w\" sizes=\"auto, (max-width: 1024px) 100vw, 1024px\" \/><figcaption class=\"wp-element-caption\"><strong>Hrad Revi\u0161te<\/strong><\/figcaption><\/figure>\n\n\n\n<figure class=\"wp-block-image size-large\"><img loading=\"lazy\" decoding=\"async\" width=\"1024\" height=\"683\" data-id=\"16138\" src=\"https:\/\/regiongron.sk\/wp-content\/uploads\/2023\/02\/DSC00118-1024x683.jpg\" alt=\"Ka\u0161tie\u013e \u017diar nad Hronom\" class=\"wp-image-16138\" srcset=\"https:\/\/regiongron.sk\/en\/wp-content\/uploads\/2023\/02\/DSC00118-1024x683.jpg 1024w, https:\/\/regiongron.sk\/en\/wp-content\/uploads\/2023\/02\/DSC00118-600x400.jpg 600w, https:\/\/regiongron.sk\/en\/wp-content\/uploads\/2023\/02\/DSC00118-768x512.jpg 768w, https:\/\/regiongron.sk\/en\/wp-content\/uploads\/2023\/02\/DSC00118-1536x1024.jpg 1536w, https:\/\/regiongron.sk\/en\/wp-content\/uploads\/2023\/02\/DSC00118-2048x1365.jpg 2048w, https:\/\/regiongron.sk\/en\/wp-content\/uploads\/2023\/02\/DSC00118-scaled.jpg 2560w\" sizes=\"auto, (max-width: 1024px) 100vw, 1024px\" \/><figcaption class=\"wp-element-caption\"><strong>Ka\u0161tie\u013e v \u017diari nad Hronom<\/strong><\/figcaption><\/figure>\n\n\n\n<figure class=\"wp-block-image size-large\"><img loading=\"lazy\" decoding=\"async\" width=\"1024\" height=\"683\" data-id=\"19174\" src=\"https:\/\/regiongron.sk\/wp-content\/uploads\/2023\/04\/Kastiel-Zarnovica-1024x683.jpg\" alt=\"\" class=\"wp-image-19174\" srcset=\"https:\/\/regiongron.sk\/en\/wp-content\/uploads\/2023\/04\/Kastiel-Zarnovica-1024x683.jpg 1024w, https:\/\/regiongron.sk\/en\/wp-content\/uploads\/2023\/04\/Kastiel-Zarnovica-600x400.jpg 600w, https:\/\/regiongron.sk\/en\/wp-content\/uploads\/2023\/04\/Kastiel-Zarnovica-768x512.jpg 768w, https:\/\/regiongron.sk\/en\/wp-content\/uploads\/2023\/04\/Kastiel-Zarnovica-1536x1024.jpg 1536w, https:\/\/regiongron.sk\/en\/wp-content\/uploads\/2023\/04\/Kastiel-Zarnovica-2048x1366.jpg 2048w, https:\/\/regiongron.sk\/en\/wp-content\/uploads\/2023\/04\/Kastiel-Zarnovica-scaled.jpg 2560w\" sizes=\"auto, (max-width: 1024px) 100vw, 1024px\" \/><figcaption class=\"wp-element-caption\"><strong>Ka\u0161tie\u013e \u017darnovica<\/strong><\/figcaption><\/figure>\n\n\n\n<figure class=\"wp-block-image size-large\"><img loading=\"lazy\" decoding=\"async\" width=\"1024\" height=\"683\" data-id=\"17067\" src=\"https:\/\/regiongron.sk\/wp-content\/uploads\/2023\/02\/rsz_hrad_teplica_2-scaled-1-1024x683.jpg\" alt=\"zaniknut\u00fd hrad teplica uv\u00edtac\u00ed totem\" class=\"wp-image-17067\" srcset=\"https:\/\/regiongron.sk\/en\/wp-content\/uploads\/2023\/02\/rsz_hrad_teplica_2-scaled-1-1024x683.jpg 1024w, https:\/\/regiongron.sk\/en\/wp-content\/uploads\/2023\/02\/rsz_hrad_teplica_2-scaled-1-600x400.jpg 600w, https:\/\/regiongron.sk\/en\/wp-content\/uploads\/2023\/02\/rsz_hrad_teplica_2-scaled-1-768x512.jpg 768w, https:\/\/regiongron.sk\/en\/wp-content\/uploads\/2023\/02\/rsz_hrad_teplica_2-scaled-1-1536x1025.jpg 1536w, https:\/\/regiongron.sk\/en\/wp-content\/uploads\/2023\/02\/rsz_hrad_teplica_2-scaled-1.jpg 2048w\" sizes=\"auto, (max-width: 1024px) 100vw, 1024px\" \/><figcaption class=\"wp-element-caption\"><strong>Zaniknut\u00fd hrad Teplica<\/strong><\/figcaption><\/figure>\n\n\n\n<figure class=\"wp-block-image size-large\"><img loading=\"lazy\" decoding=\"async\" width=\"1024\" height=\"768\" data-id=\"19248\" src=\"https:\/\/regiongron.sk\/wp-content\/uploads\/2023\/04\/IMG_20220806_143629-1024x768.jpg\" alt=\"zaniknut\u00fd hrad rudno\" class=\"wp-image-19248\" srcset=\"https:\/\/regiongron.sk\/en\/wp-content\/uploads\/2023\/04\/IMG_20220806_143629-1024x768.jpg 1024w, https:\/\/regiongron.sk\/en\/wp-content\/uploads\/2023\/04\/IMG_20220806_143629-600x450.jpg 600w, https:\/\/regiongron.sk\/en\/wp-content\/uploads\/2023\/04\/IMG_20220806_143629-768x576.jpg 768w, https:\/\/regiongron.sk\/en\/wp-content\/uploads\/2023\/04\/IMG_20220806_143629-1536x1152.jpg 1536w, https:\/\/regiongron.sk\/en\/wp-content\/uploads\/2023\/04\/IMG_20220806_143629-2048x1536.jpg 2048w, https:\/\/regiongron.sk\/en\/wp-content\/uploads\/2023\/04\/IMG_20220806_143629-scaled.jpg 2560w\" sizes=\"auto, (max-width: 1024px) 100vw, 1024px\" \/><figcaption class=\"wp-element-caption\"><strong>Zaniknut\u00fd hrad Rudno<\/strong><\/figcaption><\/figure>\n\n\n\n<figure class=\"wp-block-image size-large\"><img loading=\"lazy\" decoding=\"async\" width=\"1024\" height=\"768\" data-id=\"17704\" src=\"https:\/\/regiongron.sk\/wp-content\/uploads\/2023\/03\/hrad-Breznica-54-scaled-1024x768.jpg\" alt=\"hrad-Breznica\" class=\"wp-image-17704\" srcset=\"https:\/\/regiongron.sk\/en\/wp-content\/uploads\/2023\/03\/hrad-Breznica-54-scaled-1024x768.jpg 1024w, https:\/\/regiongron.sk\/en\/wp-content\/uploads\/2023\/03\/hrad-Breznica-54-scaled-600x450.jpg 600w, https:\/\/regiongron.sk\/en\/wp-content\/uploads\/2023\/03\/hrad-Breznica-54-scaled-768x576.jpg 768w, https:\/\/regiongron.sk\/en\/wp-content\/uploads\/2023\/03\/hrad-Breznica-54-scaled-1536x1152.jpg 1536w, https:\/\/regiongron.sk\/en\/wp-content\/uploads\/2023\/03\/hrad-Breznica-54-scaled.jpg 2048w\" sizes=\"auto, (max-width: 1024px) 100vw, 1024px\" \/><figcaption class=\"wp-element-caption\"><strong>Zaniknut\u00fd hrad Breznica<\/strong><\/figcaption><\/figure>\n\n\n\n<figure class=\"wp-block-image size-large\"><img loading=\"lazy\" decoding=\"async\" width=\"1024\" height=\"683\" data-id=\"17005\" src=\"https:\/\/regiongron.sk\/wp-content\/uploads\/2023\/02\/hrad-Breznica-51-scaled-1-1024x683.jpg\" alt=\"sokolia skala tekovska breznica\" class=\"wp-image-17005\" srcset=\"https:\/\/regiongron.sk\/en\/wp-content\/uploads\/2023\/02\/hrad-Breznica-51-scaled-1-1024x683.jpg 1024w, https:\/\/regiongron.sk\/en\/wp-content\/uploads\/2023\/02\/hrad-Breznica-51-scaled-1-600x400.jpg 600w, https:\/\/regiongron.sk\/en\/wp-content\/uploads\/2023\/02\/hrad-Breznica-51-scaled-1-768x512.jpg 768w, https:\/\/regiongron.sk\/en\/wp-content\/uploads\/2023\/02\/hrad-Breznica-51-scaled-1-1536x1024.jpg 1536w, https:\/\/regiongron.sk\/en\/wp-content\/uploads\/2023\/02\/hrad-Breznica-51-scaled-1.jpg 2048w\" sizes=\"auto, (max-width: 1024px) 100vw, 1024px\" \/><figcaption class=\"wp-element-caption\"><strong>Hr\u00e1dok Sokolia skala<\/strong><\/figcaption><\/figure>\n\n\n\n<figure class=\"wp-block-image size-large\"><img loading=\"lazy\" decoding=\"async\" width=\"1024\" height=\"768\" data-id=\"21727\" src=\"https:\/\/regiongron.sk\/wp-content\/uploads\/2024\/04\/Zaniknuta-strazna-veza-Luchtov-1024x768.jpg\" alt=\"Zaniknut\u00e1 str\u00e1\u017ena ve\u017ea Luchtov\" class=\"wp-image-21727\" srcset=\"https:\/\/regiongron.sk\/en\/wp-content\/uploads\/2024\/04\/Zaniknuta-strazna-veza-Luchtov-1024x768.jpg 1024w, https:\/\/regiongron.sk\/en\/wp-content\/uploads\/2024\/04\/Zaniknuta-strazna-veza-Luchtov-600x450.jpg 600w, https:\/\/regiongron.sk\/en\/wp-content\/uploads\/2024\/04\/Zaniknuta-strazna-veza-Luchtov-768x576.jpg 768w, https:\/\/regiongron.sk\/en\/wp-content\/uploads\/2024\/04\/Zaniknuta-strazna-veza-Luchtov-1536x1152.jpg 1536w, https:\/\/regiongron.sk\/en\/wp-content\/uploads\/2024\/04\/Zaniknuta-strazna-veza-Luchtov-2048x1536.jpg 2048w, https:\/\/regiongron.sk\/en\/wp-content\/uploads\/2024\/04\/Zaniknuta-strazna-veza-Luchtov-scaled.jpg 2560w\" sizes=\"auto, (max-width: 1024px) 100vw, 1024px\" \/><figcaption class=\"wp-element-caption\"><strong>Str\u00e1\u017ena ve\u017ea Luchtov<\/strong><\/figcaption><\/figure>\n\n\n\n<figure class=\"wp-block-image size-large\"><img loading=\"lazy\" decoding=\"async\" width=\"1024\" height=\"683\" data-id=\"21726\" src=\"https:\/\/regiongron.sk\/wp-content\/uploads\/2024\/04\/Pohronske-muzeum-Nova-Bana-1024x683.jpg\" alt=\"Pohronsk\u00e9 m\u00fazeum Nov\u00e1 Ba\u0148a - foto k mestske opevnenie hradny pas\" class=\"wp-image-21726\" srcset=\"https:\/\/regiongron.sk\/en\/wp-content\/uploads\/2024\/04\/Pohronske-muzeum-Nova-Bana-1024x683.jpg 1024w, https:\/\/regiongron.sk\/en\/wp-content\/uploads\/2024\/04\/Pohronske-muzeum-Nova-Bana-600x400.jpg 600w, https:\/\/regiongron.sk\/en\/wp-content\/uploads\/2024\/04\/Pohronske-muzeum-Nova-Bana-768x512.jpg 768w, https:\/\/regiongron.sk\/en\/wp-content\/uploads\/2024\/04\/Pohronske-muzeum-Nova-Bana-1536x1024.jpg 1536w, https:\/\/regiongron.sk\/en\/wp-content\/uploads\/2024\/04\/Pohronske-muzeum-Nova-Bana-2048x1365.jpg 2048w, https:\/\/regiongron.sk\/en\/wp-content\/uploads\/2024\/04\/Pohronske-muzeum-Nova-Bana-scaled.jpg 2560w\" sizes=\"auto, (max-width: 1024px) 100vw, 1024px\" \/><figcaption class=\"wp-element-caption\"><strong>Mestsk\u00e9 opevnenie Nov\u00e1 Ba\u0148a<\/strong><\/figcaption><\/figure>\n\n\n\n<figure class=\"wp-block-image size-large\"><img loading=\"lazy\" decoding=\"async\" width=\"1024\" height=\"626\" data-id=\"14732\" src=\"https:\/\/regiongron.sk\/wp-content\/uploads\/2023\/02\/rsz_2020-10-27_hronsky_benadik_gron_12-1024x626.jpg\" alt=\"Kl\u00e1\u0161tor Hronsk\u00fd Be\u0148adik\" class=\"wp-image-14732\" srcset=\"https:\/\/regiongron.sk\/en\/wp-content\/uploads\/2023\/02\/rsz_2020-10-27_hronsky_benadik_gron_12-1024x626.jpg 1024w, https:\/\/regiongron.sk\/en\/wp-content\/uploads\/2023\/02\/rsz_2020-10-27_hronsky_benadik_gron_12-1024x626-600x367.jpg 600w, https:\/\/regiongron.sk\/en\/wp-content\/uploads\/2023\/02\/rsz_2020-10-27_hronsky_benadik_gron_12-1024x626-768x470.jpg 768w\" sizes=\"auto, (max-width: 1024px) 100vw, 1024px\" \/><figcaption class=\"wp-element-caption\"><strong>Kl\u00e1\u0161tor Hronsk\u00fd Be\u0148adik<\/strong><\/figcaption><\/figure>\n<\/figure>\n\n\n\n<p><strong>Kde z\u00edskate Hradn\u00fd pas?<\/strong><\/p>\n\n\n\n<p>Hradn\u00fd pas m\u00f4\u017eete z\u00edska\u0165 za dobrovo\u013en\u00fd pr\u00edspevok 5 \u20ac na vybran\u00fdch miestach:<\/p>\n\n\n\n<ul class=\"wp-block-list\">\n<li><strong>Hrad Revi\u0161te<\/strong> - ka\u017ed\u00fd v\u00edkend a sviatky po\u010das hradnej sez\u00f3ny od 29.3.2024 do 30.9.2024 , alebo po\u010das komentovan\u00fdch prehliadok 6.7.2024, 27.7.2024, 10.8.2024, 7.9.2024.<\/li>\n\n\n\n<li><strong>Hrad \u0160\u00e1\u0161ov<\/strong> - v Pam\u00e4tnej izbe pod hradom, alebo po\u010das komentovan\u00fdch prehliadok 22.6.2024, 13.7.2024, 8.2024, 17.8.2024, 31.8.2024)<\/li>\n\n\n\n<li><strong>Pust\u00fd hrad Zvolen<\/strong> -  po\u010das letnej sez\u00f3ny za pr\u00edtomnosti \u201earcheol\u00f3gov\u201c alebo po\u010das komentovan\u00fdch prehliadok, ktor\u00e9 sa uskuto\u010dnia v term\u00ednoch 19.7.2024, 16.8.2024 a 30.8.2024.<\/li>\n\n\n\n<li><strong>Zvolensk\u00fd z\u00e1mok<\/strong> - infocentrum po\u010das otv\u00e1rac\u00edch hod\u00edn.<\/li>\n<\/ul>\n\n\n\n<p>Va\u0161a \u00fa\u010das\u0165 pom\u00f4\u017ee zachova\u0165 a obnovi\u0165 tieto historick\u00e9 miesta.<\/p>\n\n\n\n<p><strong>Po vyplnen\u00ed hradn\u00e9ho pasu<\/strong> ho doru\u010dte do kancel\u00e1rie oblastnej organiz\u00e1cie cestovn\u00e9ho ruchu:<br>Regi\u00f3n Gron | Bernol\u00e1kova 11, 968 01 Nov\u00e1 Ba\u0148a<\/p>\n\n\n\n<p>Marketingov\u00e9 aktivity OOCR Regi\u00f3n GRON s\u00fa realizovan\u00e9 s finan\u010dnou podporou&nbsp;<strong><a href=\"https:\/\/www.mincrs.sk\">Ministerstva cestovn\u00e9ho ruchu a \u0161portu Slovenskej republiky<\/a><\/strong>.<\/p>\n\n\n\n<figure class=\"wp-block-image size-large is-resized\"><img loading=\"lazy\" decoding=\"async\" width=\"1024\" height=\"410\" src=\"https:\/\/regiongron.sk\/wp-content\/uploads\/2024\/03\/Ministerstvo_cestovneho-ruchu-a-sportu_SR_SK_Farebne-3-1024x410.png\" alt=\"\" class=\"wp-image-21423\" style=\"width:250px\" srcset=\"https:\/\/regiongron.sk\/en\/wp-content\/uploads\/2024\/03\/Ministerstvo_cestovneho-ruchu-a-sportu_SR_SK_Farebne-3-1024x410.png 1024w, https:\/\/regiongron.sk\/en\/wp-content\/uploads\/2024\/03\/Ministerstvo_cestovneho-ruchu-a-sportu_SR_SK_Farebne-3-600x240.png 600w, https:\/\/regiongron.sk\/en\/wp-content\/uploads\/2024\/03\/Ministerstvo_cestovneho-ruchu-a-sportu_SR_SK_Farebne-3-768x307.png 768w, https:\/\/regiongron.sk\/en\/wp-content\/uploads\/2024\/03\/Ministerstvo_cestovneho-ruchu-a-sportu_SR_SK_Farebne-3-1536x615.png 1536w, https:\/\/regiongron.sk\/en\/wp-content\/uploads\/2024\/03\/Ministerstvo_cestovneho-ruchu-a-sportu_SR_SK_Farebne-3-2048x820.png 2048w, https:\/\/regiongron.sk\/en\/wp-content\/uploads\/2024\/03\/Ministerstvo_cestovneho-ruchu-a-sportu_SR_SK_Farebne-3.png 2953w\" sizes=\"auto, (max-width: 1024px) 100vw, 1024px\" \/><\/figure>\n","protected":false},"featured_media":21706,"template":"","categories":[2,31],"class_list":["post-21705","tipy-na-vylety","type-tipy-na-vylety","status-publish","has-post-thumbnail","hentry","category-novinky","category-pohronska-hradna-cesta"],"acf":[],"uagb_featured_image_src":{"full":["https:\/\/regiongron.sk\/en\/wp-content\/uploads\/2024\/04\/DSC01495-orez-scaled.jpg",2560,1706,false],"thumbnail":["https:\/\/regiongron.sk\/en\/wp-content\/uploads\/2024\/04\/DSC01495-orez-400x400.jpg",400,400,true],"medium":["https:\/\/regiongron.sk\/en\/wp-content\/uploads\/2024\/04\/DSC01495-orez-600x400.jpg",600,400,true],"medium_large":["https:\/\/regiongron.sk\/en\/wp-content\/uploads\/2024\/04\/DSC01495-orez-768x512.jpg",768,512,true],"large":["https:\/\/regiongron.sk\/en\/wp-content\/uploads\/2024\/04\/DSC01495-orez-1024x683.jpg",1024,683,true],"1536x1536":["https:\/\/regiongron.sk\/en\/wp-content\/uploads\/2024\/04\/DSC01495-orez-1536x1024.jpg",1536,1024,true],"2048x2048":["https:\/\/regiongron.sk\/en\/wp-content\/uploads\/2024\/04\/DSC01495-orez-2048x1365.jpg",2048,1365,true]},"uagb_author_info":{"display_name":"Gabriela Matlovi\u010dov\u00e1","author_link":"https:\/\/regiongron.sk\/en\/author\/"},"uagb_comment_info":0,"uagb_excerpt":"Hradn\u00fd pas je vesel\u00fd ilustrovan\u00fd sprievodca 16-timi lokalitami Pohronskej hradnej cesty ur\u010den\u00fd de\u0165om a ich rodi\u010dom, ktor\u00ed radi objavuj\u00fa hrady. Na ka\u017edom hrade Pohronskej hradnej cesty je umiestnen\u00fd embl\u00e9m, ktor\u00e9ho obkreslenie do hradn\u00e9ho pasu pribl\u00ed\u017ei majite\u013ea hradn\u00e9ho pasu k z\u00edskaniu skuto\u010dn\u00e9ho pokladu. Ka\u017ed\u00e1 lokalita je verejne dostupn\u00e1, v\u00e4\u010d\u0161ina z nich celoro\u010dne a kedyko\u013evek. Okrem toho&hellip;","_links":{"self":[{"href":"https:\/\/regiongron.sk\/en\/wp-json\/wp\/v2\/tipy-na-vylety\/21705","targetHints":{"allow":["GET"]}}],"collection":[{"href":"https:\/\/regiongron.sk\/en\/wp-json\/wp\/v2\/tipy-na-vylety"}],"about":[{"href":"https:\/\/regiongron.sk\/en\/wp-json\/wp\/v2\/types\/tipy-na-vylety"}],"wp:featuredmedia":[{"embeddable":true,"href":"https:\/\/regiongron.sk\/en\/wp-json\/wp\/v2\/media\/21706"}],"wp:attachment":[{"href":"https:\/\/regiongron.sk\/en\/wp-json\/wp\/v2\/media?parent=21705"}],"wp:term":[{"taxonomy":"category","embeddable":true,"href":"https:\/\/regiongron.sk\/en\/wp-json\/wp\/v2\/categories?post=21705"}],"curies":[{"name":"wp","href":"https:\/\/api.w.org\/{rel}","templated":true}]}}