{"id":23330,"date":"2024-12-12T13:05:52","date_gmt":"2024-12-12T12:05:52","guid":{"rendered":"https:\/\/regiongron.sk\/?post_type=tipy-na-vylety&#038;p=23330"},"modified":"2025-03-11T09:58:49","modified_gmt":"2025-03-11T08:58:49","slug":"zimna-vyzva-regionu-gron","status":"publish","type":"tipy-na-vylety","link":"https:\/\/regiongron.sk\/en\/tipy-na-vylety\/zimna-vyzva-regionu-gron\/","title":{"rendered":"ZIMN\u00c1 V\u00ddZVA REGI\u00d3NU GRON"},"content":{"rendered":"<div class=\"wp-block-image\">\n<figure class=\"aligncenter size-large\"><img loading=\"lazy\" decoding=\"async\" width=\"1024\" height=\"724\" src=\"https:\/\/regiongron.sk\/wp-content\/uploads\/2024\/12\/Zimna_vyzva_A4-na-sirku-1024x724.jpg\" alt=\"\" class=\"wp-image-23339\" srcset=\"https:\/\/regiongron.sk\/en\/wp-content\/uploads\/2024\/12\/Zimna_vyzva_A4-na-sirku-1024x724.jpg 1024w, https:\/\/regiongron.sk\/en\/wp-content\/uploads\/2024\/12\/Zimna_vyzva_A4-na-sirku-600x424.jpg 600w, https:\/\/regiongron.sk\/en\/wp-content\/uploads\/2024\/12\/Zimna_vyzva_A4-na-sirku-768x543.jpg 768w, https:\/\/regiongron.sk\/en\/wp-content\/uploads\/2024\/12\/Zimna_vyzva_A4-na-sirku-1536x1086.jpg 1536w, https:\/\/regiongron.sk\/en\/wp-content\/uploads\/2024\/12\/Zimna_vyzva_A4-na-sirku-2048x1448.jpg 2048w, https:\/\/regiongron.sk\/en\/wp-content\/uploads\/2024\/12\/Zimna_vyzva_A4-na-sirku-scaled.jpg 2560w\" sizes=\"auto, (max-width: 1024px) 100vw, 1024px\" \/><\/figure>\n<\/div>\n\n\n<p><\/p>\n\n\n\n<p><\/p>\n\n\n\n<h3 class=\"wp-block-heading\"><strong>ZIMN\u00c1 V\u00ddZVA REGI\u00d3NU GRON<\/strong><\/h3>\n\n\n\n<p><\/p>\n\n\n\n<h6 class=\"wp-block-heading\"><strong><mark style=\"background-color:rgba(0, 0, 0, 0)\" class=\"has-inline-color has-vivid-red-color\">NAV\u0160T\u00cdV ASPO\u0147 4 ZO 6 LOKAL\u00cdT, ZBIERAJ PE\u010cIATKY A VYHRAJ POBYT V PENZI\u00d3NE TAJCH<\/mark><\/strong><\/h6>\n\n\n\n<p><\/p>\n\n\n\n<hr class=\"wp-block-separator has-alpha-channel-opacity\"\/>\n\n\n\n<ul class=\"wp-block-list\">\n<li><strong>TRVANIE V\u00ddZVY<\/strong>: 2. janu\u00e1r 2025 - 2. apr\u00edl 2025<\/li>\n\n\n\n<li><strong>1 HLAVN\u00c1 CENA<\/strong>: ak nazbierate aspo\u0148 4 pe\u010diatky, budete zaraden\u00fd do z\u00e1vere\u010dn\u00e9ho \u017erebovania o v\u00edkendov\u00fd pobyt v<strong> <a href=\"http:\/\/www.penziontajch.sk\/\" target=\"_blank\" rel=\"noreferrer noopener\">Penzi\u00f3ne Tajch pre dve osoby<\/a><\/strong> v Novej Bani.<\/li>\n\n\n\n<li><strong>6 DAR\u010cEKOV\u00ddCH POUK\u00c1\u017dOK A BAL\u00cd\u010cKOV<\/strong>&nbsp;- ka\u017ed\u00e1 lokalita bude ma\u0165 svoju \u010dasovo obmedzen\u00fa v\u00fdzvu na soci\u00e1lnych sie\u0165ach, po skon\u010den\u00ed ka\u017edej v\u00fdzvy vy\u017erebujeme 1 \u00fa\u010dastn\u00edka, ktor\u00fd z\u00edska pouk\u00e1\u017eku od na\u0161ich partnerov a praktick\u00e9 dar\u010deky od Regi\u00f3nu GRON.<\/li>\n\n\n\n<li><strong>ODMENA PRE KA\u017dD\u00c9HO<\/strong> - ka\u017ed\u00fd, kto sa do v\u00fdzvy zapoj\u00ed, z\u00edska odznak, bro\u017e\u00faru a mapu regi\u00f3nu. Odmeny bud\u00fa dostupn\u00e9 na miestach s pe\u010diatkami.<\/li>\n<\/ul>\n\n\n\n<hr class=\"wp-block-separator has-alpha-channel-opacity\"\/>\n\n\n\n<p>Na tohtoro\u010dn\u00fa zimn\u00fa sez\u00f3nu sme pre na\u0161ich fan\u00fa\u0161ikov pripravili <strong>ZIMN\u00da V\u00ddZVU REGI\u00d3NU GRON<\/strong>.&nbsp; Jej cie\u013eom je, aby ste sa i po\u010das zimy vybrali na zauj\u00edmav\u00e9 turistick\u00e9 miesta v regi\u00f3ne, spoznali aj menej zn\u00e1me turistick\u00e9 trasy a nav\u0161t\u00edvili pr\u00edjemn\u00e9 miesta, kde sa m\u00f4\u017eete ob\u010derstvi\u0165, zohria\u0165 sa \u010di odd\u00fdchnu\u0165. <\/p>\n\n\n\n<p>V\u00fdzva bude prebieha\u0165 <strong>od za\u010diatku janu\u00e1ra do za\u010diatku apr\u00edla.<\/strong> Ka\u017ed\u00fd, kto sa do v\u00fdzvy zapoj\u00ed a spln\u00ed podmienky, bude zaraden\u00fd <strong>do zlosovania o v\u00edkendov\u00fd pobyt pre dve osoby v <a href=\"http:\/\/www.penziontajch.sk\/\" data-type=\"link\" data-id=\"http:\/\/www.penziontajch.sk\/\">Penzi\u00f3ne Tajch<\/a>.<\/strong><\/p>\n\n\n\n<p><strong>Zimn\u00e1 v\u00fdzva Regi\u00f3nu GRON<\/strong> bude obsahova\u0165 <strong>\u0161es\u0165 r\u00f4znych samostatn\u00fdch turistick\u00fdch cie\u013eov<\/strong>, ktor\u00e9 m\u00f4\u017eete <strong>nav\u0161t\u00edvi\u0165 kedyko\u013evek po\u010das trvania celej v\u00fdzvy<\/strong> (2.1-2.4.2025). Va\u0161ou \u00falohou bude<strong> vybra\u0165 sa aspo\u0148 na 4 z nich<\/strong> a z\u00e1rove\u0148 <strong>nav\u0161t\u00edvi\u0165 bl\u00edzku prev\u00e1dzku, kde z\u00edskate pe\u010diatku<\/strong>, ktor\u00e1 bude dokladom toho, \u017ee ste dan\u00e9 miesto nav\u0161t\u00edvili. Pe\u010diatky sa bud\u00fa <strong>zbiera\u0165 do karti\u010dky<\/strong> na to ur\u010denej a z\u00edskate ju v dan\u00fdch prev\u00e1dzkach. <\/p>\n\n\n\n<p>Do programu sme zaradili <strong>t\u00fary r\u00f4znej n\u00e1ro\u010dnosti<\/strong>, od kr\u00e1tkych vych\u00e1dzok po nieko\u013ekohodinov\u00e9 t\u00fary. <strong>V\u0161etky v\u0161ak zvl\u00e1dnu aj menej zdatn\u00ed turisti \u010di deti.<\/strong> P\u00f4jdeme spolu na kalv\u00e1rie, zaniknut\u00e9 hrady, rozh\u013ead\u0148u i na jeden najvy\u0161\u0161\u00ed vrch pohoria.<\/p>\n\n\n\n<p>Okrem hlavnej v\u00fdzvy sme pripravili aj <strong>samostatn\u00e9 v\u00fdzvy pre jednotliv\u00e9 lokality<\/strong>. Tieto v\u00fdzvy budeme ka\u017ed\u00e9 dva t\u00fd\u017edne <strong>zverej\u0148ova\u0165 na Facebooku<\/strong>, kde bude prebieha\u0165 i <strong>s\u00fa\u0165a\u017e o dar\u010dekov\u00e9 pouk\u00e1\u017eky od na\u0161ich \u010dlenov a dar\u010deky od Regi\u00f3nu GRON. <\/strong><\/p>\n\n\n\n<p><strong><mark style=\"background-color:rgba(0, 0, 0, 0)\" class=\"has-inline-color has-vivid-red-color\">LOKALITY A PREV\u00c1DZKY ZAPOJEN\u00c9 DO V\u00ddZVY<\/mark><\/strong><\/p>\n\n\n<div class=\"wp-block-image\">\n<figure class=\"aligncenter size-large\"><img loading=\"lazy\" decoding=\"async\" width=\"1024\" height=\"724\" src=\"https:\/\/regiongron.sk\/wp-content\/uploads\/2024\/12\/Zimna_vyzva_harmonogram-bez-datumov-na-sirku-1024x724.jpg\" alt=\"\" class=\"wp-image-23353\" srcset=\"https:\/\/regiongron.sk\/en\/wp-content\/uploads\/2024\/12\/Zimna_vyzva_harmonogram-bez-datumov-na-sirku-1024x724.jpg 1024w, https:\/\/regiongron.sk\/en\/wp-content\/uploads\/2024\/12\/Zimna_vyzva_harmonogram-bez-datumov-na-sirku-600x424.jpg 600w, https:\/\/regiongron.sk\/en\/wp-content\/uploads\/2024\/12\/Zimna_vyzva_harmonogram-bez-datumov-na-sirku-768x543.jpg 768w, https:\/\/regiongron.sk\/en\/wp-content\/uploads\/2024\/12\/Zimna_vyzva_harmonogram-bez-datumov-na-sirku-1536x1086.jpg 1536w, https:\/\/regiongron.sk\/en\/wp-content\/uploads\/2024\/12\/Zimna_vyzva_harmonogram-bez-datumov-na-sirku-2048x1448.jpg 2048w, https:\/\/regiongron.sk\/en\/wp-content\/uploads\/2024\/12\/Zimna_vyzva_harmonogram-bez-datumov-na-sirku.jpg 2480w\" sizes=\"auto, (max-width: 1024px) 100vw, 1024px\" \/><\/figure>\n<\/div>\n\n\n<p><strong><mark style=\"background-color:rgba(0, 0, 0, 0)\" class=\"has-inline-color has-vivid-red-color\">AKO SA DO V\u00ddZVY ZAPOJI\u0164 - JEDNODUCHO A STRU\u010cNE<\/mark><\/strong><\/p>\n\n\n\n<ul class=\"wp-block-list\">\n<li>Nav\u0161t\u00edvte aspo\u0148 4 zo 6&nbsp;turistick\u00fdch&nbsp;lokal\u00edt zo zoznamu<\/li>\n<\/ul>\n\n\n\n<ul class=\"wp-block-list\">\n<li>Pred alebo po t\u00fare&nbsp;sa zastavte v prev\u00e1dzke, ktor\u00e1 sa nach\u00e1dza v danej lokalite.<\/li>\n<\/ul>\n\n\n\n<ul class=\"wp-block-list\">\n<li>Vyp\u00fdtajte si pe\u010diatku do karti\u010dky na pe\u010diatky (ak by bolo zatvoren\u00e9, odfo\u0165te sa pri prev\u00e1dzke a po\u0161lite n\u00e1m fotku).<\/li>\n<\/ul>\n\n\n\n<ul class=\"wp-block-list\">\n<li>V\u0161etky lokality a prev\u00e1dzky m\u00f4\u017eete nav\u0161t\u00edvi\u0165 v term\u00edne 2.1.2025 - 2.4.2025.<\/li>\n<\/ul>\n\n\n\n<ul class=\"wp-block-list\">\n<li>A\u017e budete na konci, odfo\u0165te svoju karti\u010dku s pe\u010diatkami a po\u0161lite n\u00e1m ju emailom na&nbsp;<a href=\"&#x6d;&#97;i&#x6c;&#116;&#111;&#x3a;&#x69;&#110;f&#x6f;&#64;r&#x65;&#x67;&#105;o&#x6e;&#103;r&#x6f;&#x6e;&#46;s&#x6b;\">i&#110;&#x66;&#x6f;&#64;&#114;&#101;&#x67;&#x69;o&#110;&#x67;&#x72;o&#110;&#46;&#x73;&#x6b;<\/a> alebo po\u0161tou na adresu: OOCR Regi\u00f3n GRON, Bernol\u00e1kova 11, 968 00 Nov\u00e1 Ba\u0148a.<\/li>\n<\/ul>\n\n\n\n<ul class=\"wp-block-list\">\n<li>Term\u00edn na zaslanie karti\u010dky s pe\u010diatkami je&nbsp;najnesk\u00f4r do&nbsp;2.4.2025.<\/li>\n<\/ul>\n\n\n\n<ul class=\"wp-block-list\">\n<li>Losovanie v\u00fdhercu: 8.4.2025<\/li>\n<\/ul>\n\n\n\n<p><strong><mark style=\"background-color:rgba(0, 0, 0, 0)\" class=\"has-inline-color has-vivid-red-color\">TURISTICK\u00c9 TRASY A VIAC INFORM\u00c1CI\u00cd:<\/mark><\/strong><\/p>\n\n\n\n<p><strong>Ve\u013ek\u00fd Inovec<\/strong><\/p>\n\n\n\n<ul class=\"wp-block-list\">\n<li>Turistick\u00e1 trasa: <a href=\"https:\/\/sk.mapy.cz\/s\/famahafede\">https:\/\/sk.mapy.cz\/s\/famahafede<\/a><\/li>\n\n\n\n<li>\u010cl\u00e1nok o t\u00fare: <a href=\"https:\/\/regiongron.sk\/rozhladna-haj\/\">https:\/\/regiongron.sk\/velky-inovec\/<\/a><\/li>\n\n\n\n<li><strong>1.FACEBOOKOV\u00c1 V\u00ddZVA: <\/strong>\n<ul class=\"wp-block-list\">\n<li><a href=\"https:\/\/regiongron.sk\/tipy-na-vylety\/1-zimna-vyzva-vrch-velky-inovec\/\">https:\/\/regiongron.sk\/tipy-na-vylety\/1-zimna-vyzva-vrch-velky-inovec\/<\/a><\/li>\n\n\n\n<li><mark><strong><mark style=\"background-color:#ffffff\" class=\"has-inline-color has-vivid-green-cyan-color\">Pr\u00edspevok na zapojenie sa do v\u00fdzvy na Facebooku: <\/mark><\/strong><\/mark><a href=\"https:\/\/www.facebook.com\/regiongron\/posts\/pfbid0wjo9Snwns1Vh2c5faMo2Ab2uW87nUarm6bmgEJhraVKmuz6dSwK8sAERyBGE3ZG9l?rdid=eJlKVAfRuTEoMDMT#\" target=\"_blank\" rel=\"noreferrer noopener\"><strong>www.facebook.com\/regiongron\/posts<\/strong><\/a><\/li>\n<\/ul>\n<\/li>\n<\/ul>\n\n\n\n<p><strong>Kalv\u00e1ria \u017darnovica<\/strong><\/p>\n\n\n\n<ul class=\"wp-block-list\">\n<li>Turistick\u00e1 trasa: <a href=\"https:\/\/sk.mapy.cz\/s\/pelujogobu\" target=\"_blank\" rel=\"noreferrer noopener\">https:\/\/sk.mapy.cz\/s\/pelujogobu<\/a><\/li>\n\n\n\n<li>\u010cl\u00e1nok o Kalv\u00e1rii: <a href=\"https:\/\/regiongron.sk\/kalvaria-s-kaplnkou-bozskeho-srdca-jezisovho-1895\/\">https:\/\/regiongron.sk\/kalvaria-s-kaplnkou-bozskeho-srdca-jezisovho-1895\/<\/a><\/li>\n\n\n\n<li><strong>2.FACEBOOKOV\u00c1 V\u00ddZVA:<\/strong>\n<ul class=\"wp-block-list\">\n<li><a href=\"https:\/\/regiongron.sk\/tipy-na-vylety\/2-zimna-vyzva-kalvaria-zarnovica\/\">https:\/\/regiongron.sk\/tipy-na-vylety\/2-zimna-vyzva-kalvaria-zarnovica\/<\/a><\/li>\n\n\n\n<li><mark><strong><mark style=\"background-color:#ffffff\" class=\"has-inline-color has-vivid-green-cyan-color\">Pr\u00edspevok na zapojenie sa do v\u00fdzvy na Facebooku:<\/mark><\/strong><\/mark> <a href=\"https:\/\/www.facebook.com\/share\/p\/1HkcbpKijY\/\" target=\"_blank\" rel=\"noreferrer noopener\"><strong>www.facebook.com\/regiongron\/posts<\/strong><\/a><\/li>\n<\/ul>\n<\/li>\n<\/ul>\n\n\n\n<p><strong>Zaniknut\u00fd hrad Breznica<\/strong><\/p>\n\n\n\n<ul class=\"wp-block-list\">\n<li>Turistick\u00e1 trasa: <a href=\"https:\/\/sk.mapy.cz\/s\/leruhagoko\">https:\/\/sk.mapy.cz\/s\/leruhagoko<\/a><\/li>\n\n\n\n<li>\u010cl\u00e1nok o t\u00fare: <a href=\"https:\/\/regiongron.sk\/tipy-na-vylety\/tip-na-vylet-pohronska-hradna-cesta-v-tekovskej-breznici\/\">https:\/\/regiongron.sk\/pohronska-hradna-cesta-v-tekovskej-breznici\/<\/a><\/li>\n\n\n\n<li><strong>3.FACEBOOKOV\u00c1 V\u00ddZVA: <\/strong>\n<ul class=\"wp-block-list\">\n<li><a href=\"https:\/\/regiongron.sk\/tipy-na-vylety\/3-zimna-vyzva-zaniknuty-hrad-breznica\/\">https:\/\/regiongron.sk\/tipy-na-vylety\/3-zimna-vyzva-zaniknuty-hrad-breznica\/<\/a><\/li>\n\n\n\n<li><mark><strong><mark style=\"background-color:#ffffff\" class=\"has-inline-color has-vivid-green-cyan-color\">Pr\u00edspevok na zapojenie sa do v\u00fdzvy na Facebooku:<\/mark><\/strong><\/mark> <a href=\"https:\/\/www.facebook.com\/share\/p\/15eVFqb8SG\/\" target=\"_blank\" rel=\"noreferrer noopener\"><strong>www.facebook.com\/regiongron\/posts<\/strong><\/a><\/li>\n<\/ul>\n<\/li>\n<\/ul>\n\n\n\n<p><strong>Kalv\u00e1ria Nov\u00e1 Ba\u0148a<\/strong><\/p>\n\n\n\n<ul class=\"wp-block-list\">\n<li>Turistick\u00e1 trasa: <a href=\"https:\/\/sk.mapy.cz\/s\/botegefopu\">https:\/\/sk.mapy.cz\/s\/botegefopu<\/a><\/li>\n\n\n\n<li>\u010cl\u00e1nok o t\u00fare: <a href=\"https:\/\/regiongron.sk\/tipy-na-vylety\/4-zimna-vyzva-kalvaria-nova-bana\/\">https:\/\/regiongron.sk\/tipy-na-vylety\/4-zimna-vyzva-kalvaria-nova-bana\/<\/a><\/li>\n\n\n\n<li><strong>4.FACEBOOKOV\u00c1 V\u00ddZVA: <\/strong>\n<ul class=\"wp-block-list\">\n<li><a href=\"https:\/\/regiongron.sk\/tipy-na-vylety\/4-zimna-vyzva-kalvaria-nova-bana\/\">https:\/\/regiongron.sk\/tipy-na-vylety\/4-zimna-vyzva-kalvaria-nova-bana\/<\/a><\/li>\n\n\n\n<li><mark><strong><mark style=\"background-color:#ffffff\" class=\"has-inline-color has-vivid-green-cyan-color\">Pr\u00edspevok na zapojenie sa do v\u00fdzvy na Facebooku:<\/mark><\/strong><\/mark> <a href=\"https:\/\/www.facebook.com\/regiongron\/posts\/pfbid06uLq3DZhHo7v7aeha3gqZniVAXCDBTJe1YVjVeJjRbzSVZX8htag2ZUojQjMyzE9l\" target=\"_blank\" rel=\"noreferrer noopener\"><strong>www.facebook.com\/regiongron\/posts<\/strong><\/a><\/li>\n<\/ul>\n<\/li>\n<\/ul>\n\n\n\n<p><strong>Zaniknut\u00fd hrad Teplica<\/strong><\/p>\n\n\n\n<ul class=\"wp-block-list\">\n<li>Turistick\u00e1 trasa: <a href=\"https:\/\/sk.mapy.cz\/s\/noreramufo\">https:\/\/sk.mapy.cz\/s\/noreramufo<\/a><\/li>\n\n\n\n<li>\u010cl\u00e1nok o t\u00fare: <a href=\"https:\/\/regiongron.sk\/zaniknuty-hrad-teplica-2\/\">https:\/\/regiongron.sk\/zaniknuty-hrad-teplica-2\/<\/a><\/li>\n\n\n\n<li><strong>5.FACEBOOKOV\u00c1 V\u00ddZVA:<\/strong>\n<ul class=\"wp-block-list\">\n<li><a href=\"https:\/\/regiongron.sk\/tipy-na-vylety\/5-zimna-vyzva-zaniknuty-hrad-teplica\/\">https:\/\/regiongron.sk\/tipy-na-vylety\/5-zimna-vyzva-zaniknuty-hrad-teplica\/<\/a><\/li>\n\n\n\n<li><strong><mark style=\"background-color:rgba(0, 0, 0, 0)\" class=\"has-inline-color has-vivid-green-cyan-color\">Pr\u00edspevok na zapojenie sa do v\u00fdzvy na Facebooku:<\/mark><\/strong> <a href=\"https:\/\/www.facebook.com\/share\/p\/18Ykbtv8iq\/\" target=\"_blank\" rel=\"noreferrer noopener\"><\/a><a href=\"https:\/\/www.facebook.com\/share\/p\/18Ykbtv8iq\/\" target=\"_blank\" rel=\"noreferrer noopener\"><strong>www.facebook.com\/regiongron\/posts<\/strong><\/a><\/li>\n<\/ul>\n<\/li>\n<\/ul>\n\n\n\n<p><strong>Rozh\u013ead\u0148a H\u00e1j<\/strong><\/p>\n\n\n\n<ul class=\"wp-block-list\">\n<li>Turistick\u00e1 trasa: <a href=\"https:\/\/sk.mapy.cz\/s\/decedapoho\">https:\/\/sk.mapy.cz\/s\/decedapoho<\/a><\/li>\n\n\n\n<li>\u010cl\u00e1nok o t\u00fare: <a href=\"https:\/\/regiongron.sk\/rozhladna-haj\/\">https:\/\/regiongron.sk\/rozhladna-haj\/<\/a><\/li>\n<\/ul>\n\n\n\n<p><mark style=\"background-color:rgba(0, 0, 0, 0)\" class=\"has-inline-color has-vivid-red-color\"><strong>SAMOSTATN\u00c9 FACEBOOKOV\u00c9 ZIMN\u00c9 V\u00ddZVY<\/strong><\/mark><\/p>\n\n\n\n<p>Okrem hlavnej v\u00fdzvy, do ktorej sa m\u00f4\u017eete zapoji\u0165 zbieran\u00edm pe\u010diatok, sme pripravili aj \u010dasovo obmedzen\u00e9 v\u00fdzvy pre jednotliv\u00e9 lokality. Tieto v\u00fdzvy budeme postupne zverej\u0148ova\u0165 na Facebooku a ka\u017ed\u00e1 bude trva\u0165 dva t\u00fd\u017edne.<\/p>\n\n\n\n<p><strong><mark style=\"background-color:rgba(0, 0, 0, 0)\" class=\"has-inline-color has-black-color\">PODMIENKY ZAPOJENIA SA DO FACEBOOKOV\u00ddCH V\u00ddZIEV<\/mark><\/strong><\/p>\n\n\n\n<ul class=\"wp-block-list\">\n<li>V \u010dase trvania danej v\u00fdzvy sa vyberte na v\u00fdlet na t\u00fato lokalitu<\/li>\n<\/ul>\n\n\n\n<ul class=\"wp-block-list\">\n<li>Na mieste n\u00e1jdite n\u00e1lepku\/tabu\u013eku Zimn\u00e1 v\u00fdzva Regi\u00f3nu GRON<\/li>\n<\/ul>\n\n\n\n<ul class=\"wp-block-list\">\n<li>Spravte si pri nej fotografiu<\/li>\n<\/ul>\n\n\n\n<ul class=\"wp-block-list\">\n<li>Fotografiu pridajte do koment\u00e1ra pod pr\u00edspevok k danej v\u00fdzve<\/li>\n<\/ul>\n\n\n\n<ul class=\"wp-block-list\">\n<li>Na konci v\u00fdzvy z koment\u00e1rov vylosujeme jedn\u00e9ho v\u00fdhercu<\/li>\n<\/ul>\n\n\n\n<ul class=\"wp-block-list\">\n<li><strong>Cena pre v\u00fdhercu:<\/strong> dar\u010dekov\u00e1 pouk\u00e1\u017eka do jednej z prev\u00e1dzok alebo skipas \u010di vstup do k\u00fape\u013ea Parenica a praktick\u00e9 dar\u010deky od Regi\u00f3nu GRON.<\/li>\n<\/ul>\n\n\n\n<ul class=\"wp-block-list\">\n<li><strong>Inform\u00e1cie k&nbsp;jednotliv\u00fdm v\u00fdzvam<\/strong> budeme priebe\u017ene uverej\u0148ova\u0165 na na\u0161ich profiloch na soci\u00e1lnych sie\u0165ach Facebook a&nbsp;Instagram a&nbsp;na\u0161ej webovej str\u00e1nke \u2013 <a href=\"http:\/\/www.regiongron.sk\"><strong>www.regiongron.sk<\/strong><\/a>.<\/li>\n<\/ul>\n\n\n\n<ul class=\"wp-block-list\">\n<li><mark style=\"background-color:rgba(0, 0, 0, 0)\" class=\"has-inline-color has-vivid-red-color\"><strong>UPOZORNENIE: <\/strong><\/mark>Zapojenie sa do samostatn\u00fdch v\u00fdziev nie je pova\u017eovan\u00e9 za splnenie podmienok pre hlavn\u00fa v\u00fdzvu a neopr\u00e1v\u0148uje z\u00fa\u010dastnen\u00fdch po\u017eadova\u0165, aby boli zaraden\u00ed do losovania o hlavn\u00fa v\u00fdhru - Pobyt v Penzi\u00f3ne Tajch<\/li>\n<\/ul>\n\n\n\n<p><strong><mark style=\"background-color:rgba(0, 0, 0, 0)\" class=\"has-inline-color has-vivid-red-color\">TERM\u00cdNY PRE SAMOSTATN\u00c9 FACEBOOKOV\u00c9 V\u00ddZVY:<\/mark><\/strong><\/p>\n\n\n<div class=\"wp-block-image\">\n<figure class=\"aligncenter size-large\"><img loading=\"lazy\" decoding=\"async\" width=\"1024\" height=\"1024\" src=\"https:\/\/regiongron.sk\/wp-content\/uploads\/2024\/12\/Zimna_vyzva_harmonogram2-1-1024x1024.jpg\" alt=\"\" class=\"wp-image-23355\" srcset=\"https:\/\/regiongron.sk\/en\/wp-content\/uploads\/2024\/12\/Zimna_vyzva_harmonogram2-1-1024x1024.jpg 1024w, https:\/\/regiongron.sk\/en\/wp-content\/uploads\/2024\/12\/Zimna_vyzva_harmonogram2-1-600x600.jpg 600w, https:\/\/regiongron.sk\/en\/wp-content\/uploads\/2024\/12\/Zimna_vyzva_harmonogram2-1-400x400.jpg 400w, https:\/\/regiongron.sk\/en\/wp-content\/uploads\/2024\/12\/Zimna_vyzva_harmonogram2-1-768x768.jpg 768w, https:\/\/regiongron.sk\/en\/wp-content\/uploads\/2024\/12\/Zimna_vyzva_harmonogram2-1-1536x1536.jpg 1536w, https:\/\/regiongron.sk\/en\/wp-content\/uploads\/2024\/12\/Zimna_vyzva_harmonogram2-1.jpg 1920w\" sizes=\"auto, (max-width: 1024px) 100vw, 1024px\" \/><\/figure>\n<\/div>\n\n\n<p><strong><mark style=\"background-color:rgba(0, 0, 0, 0)\" class=\"has-inline-color has-vivid-red-color\">KDE Z\u00cdSKATE KARTI\u010cKU, PE\u010cIATKY A DAR\u010cEKY: <\/mark><\/strong><\/p>\n\n\n\n<p><strong>SKI DROZDOVO - BUFET (pod zjazdovkou), NOV\u00c1 BA\u0147A<\/strong><\/p>\n\n\n\n<ul class=\"wp-block-list\">\n<li><strong>Otv\u00e1racie hodiny:<\/strong><\/li>\n\n\n\n<li>Ak sa ly\u017euje: Pondelok - Nede\u013ea: 9:00 - 16:00<\/li>\n\n\n\n<li><strong>Adresa: <\/strong>Chot\u00e1r 4120, Nov\u00e1 Ba\u0148a, <a href=\"https:\/\/sk.mapy.cz\/s\/havetudopo\">https:\/\/sk.mapy.cz\/s\/havetudopo<\/a><\/li>\n<\/ul>\n\n\n\n<p><strong>MOMENT CAFF\u00c9 BAR, \u017dARNOVICA<\/strong><\/p>\n\n\n\n<ul class=\"wp-block-list\">\n<li><strong>Otv\u00e1racie hodiny:<\/strong><\/li>\n\n\n\n<li>Pondelok - \u0160tvrtok: 8:00 - 20:00<\/li>\n\n\n\n<li>Piatok: 8:00 - 0:00<\/li>\n\n\n\n<li>Sobota: 9:00 - 0:00<\/li>\n\n\n\n<li>Nede\u013ea: 9:00 - 20:00<\/li>\n\n\n\n<li><strong>Adresa: <\/strong>Ulica slobody 3, \u017darnovica, <a href=\"https:\/\/sk.mapy.cz\/s\/fatahutoku\">https:\/\/sk.mapy.cz\/s\/fatahutoku<\/a><\/li>\n<\/ul>\n\n\n\n<p><strong>BOWLING BAR A EVENT, TEKOVSK\u00c1 BREZNICA<\/strong><\/p>\n\n\n\n<ul class=\"wp-block-list\">\n<li><strong>Otv\u00e1racie hodiny:<\/strong><\/li>\n\n\n\n<li>Pondelok - \u0160tvrtok: 16:00 - 22:00<\/li>\n\n\n\n<li>Piatok: 16:00 - 0:00<\/li>\n\n\n\n<li>Sobota: 14:00 - 0:00<\/li>\n\n\n\n<li>Nede\u013ea: 14:00 - 20:00<\/li>\n\n\n\n<li><strong>Adresa: <\/strong>Tekovsk\u00e1 Breznica 547, Tekovsk\u00e1 Breznica, <a href=\"https:\/\/sk.mapy.cz\/s\/hufezozajo\">https:\/\/sk.mapy.cz\/s\/hufezozajo<\/a><\/li>\n<\/ul>\n\n\n\n<p><strong><mark style=\"background-color:rgba(0, 0, 0, 0)\" class=\"has-inline-color has-black-color\">CUKR\u00c1RE\u0147 AL\u017dBETKA<\/mark><\/strong><\/p>\n\n\n\n<ul class=\"wp-block-list\">\n<li><strong>Otv\u00e1racie hodiny:<\/strong><\/li>\n\n\n\n<li>Pondelok - \u0160tvrtok: 8:00 - 20:00<\/li>\n\n\n\n<li>Piatok: 8:00 - 21:00<\/li>\n\n\n\n<li>Sobota: 9:00 - 21:00<\/li>\n\n\n\n<li>Nede\u013ea: 10:00 - 20:00<\/li>\n\n\n\n<li><strong>Adresa: <\/strong>Bernol\u00e1kova 8, Nov\u00e1 Ba\u0148a, <a href=\"https:\/\/sk.mapy.cz\/s\/nehahurape\">https:\/\/sk.mapy.cz\/s\/nehahurape<\/a><\/li>\n<\/ul>\n\n\n\n<p><strong>K\u00daPELE SKLEN\u00c9 TEPLICE<\/strong><\/p>\n\n\n\n<ul class=\"wp-block-list\">\n<li><strong>Miesto:<\/strong> Kursal\u00f3n, recepcia<\/li>\n\n\n\n<li><strong>Otv\u00e1racie hodiny:<\/strong><\/li>\n\n\n\n<li>Pondelok - Nede\u013ea: 7:00 - 19:00<\/li>\n\n\n\n<li><strong>Adresa: <\/strong>Sklen\u00e9 Teplice 100, Sklen\u00e9 Teplice, <a href=\"https:\/\/sk.mapy.cz\/s\/gatujadabu\">https:\/\/sk.mapy.cz\/s\/gatujadabu<\/a> <strong>  <\/strong><\/li>\n<\/ul>\n\n\n\n<p><strong>BUFET A FERRATA ZVONI\u010cKA, NOV\u00c1 BA\u0147A<\/strong><\/p>\n\n\n\n<ul class=\"wp-block-list\">\n<li><strong>Otv\u00e1racie hodiny:<\/strong><\/li>\n\n\n\n<li>Do 7.1.2025 denne 10:00 - 17:00<\/li>\n\n\n\n<li>Pondelok - \u0160tvrtok: zatvoren\u00e9<\/li>\n\n\n\n<li>Piatok - Nede\u013ea: 10:00 - 17:00<\/li>\n\n\n\n<li><strong>Adresa: <\/strong>Pod Zvoni\u010dkou 923, Nov\u00e1 Ba\u0148a, <a href=\"https:\/\/sk.mapy.cz\/s\/furudazeru\">https:\/\/sk.mapy.cz\/s\/furudazeru<\/a><\/li>\n<\/ul>\n\n\n\n<p><strong>PENZI\u00d3N TAJCH, NOV\u00c1 BA\u0147A<\/strong> - len vyzdvihnutie karti\u010dky, odznaku, bro\u017e\u00fary a mapy<\/p>\n\n\n\n<ul class=\"wp-block-list\">\n<li><strong>Otv\u00e1racie hodiny:<\/strong><\/li>\n\n\n\n<li>Pondelok - Nede\u013ea: 11:00 - 20:00<\/li>\n\n\n\n<li><strong>Adresa: <\/strong>Tajch&nbsp;28, Nov\u00e1 Ba\u0148a, <a href=\"https:\/\/sk.mapy.cz\/s\/fanezapeku\">https:\/\/sk.mapy.cz\/s\/fanezapeku<\/a><\/li>\n<\/ul>\n\n\n\n\n\n<p>Kampa\u0148 Zimn\u00e1 v\u00fdzva Regi\u00f3nu GRON je realizovan\u00e1 s finan\u010dnou podporou&nbsp;<strong><a href=\"https:\/\/www.mincrs.sk\">Ministerstva cestovn\u00e9ho ruchu a \u0161portu Slovenskej republiky<\/a><\/strong>.<\/p>\n\n\n\n<p><a href=\"https:\/\/drive.google.com\/file\/d\/1F8Pe174HjwhKAtEgX8BI58Y7WdBJ65NK\/view?usp=drive_link\">\u0160tat\u00fat zimnej v\u00fdzvy 2025<\/a><\/p>\n\n\n\n<figure class=\"wp-block-image size-large is-resized\"><img loading=\"lazy\" decoding=\"async\" width=\"1024\" height=\"410\" src=\"https:\/\/regiongron.sk\/wp-content\/uploads\/2024\/03\/Ministerstvo_cestovneho-ruchu-a-sportu_SR_SK_Farebne-3-1024x410.png\" alt=\"\" class=\"wp-image-21423\" style=\"width:250px\" srcset=\"https:\/\/regiongron.sk\/en\/wp-content\/uploads\/2024\/03\/Ministerstvo_cestovneho-ruchu-a-sportu_SR_SK_Farebne-3-1024x410.png 1024w, https:\/\/regiongron.sk\/en\/wp-content\/uploads\/2024\/03\/Ministerstvo_cestovneho-ruchu-a-sportu_SR_SK_Farebne-3-600x240.png 600w, https:\/\/regiongron.sk\/en\/wp-content\/uploads\/2024\/03\/Ministerstvo_cestovneho-ruchu-a-sportu_SR_SK_Farebne-3-768x307.png 768w, https:\/\/regiongron.sk\/en\/wp-content\/uploads\/2024\/03\/Ministerstvo_cestovneho-ruchu-a-sportu_SR_SK_Farebne-3-1536x615.png 1536w, https:\/\/regiongron.sk\/en\/wp-content\/uploads\/2024\/03\/Ministerstvo_cestovneho-ruchu-a-sportu_SR_SK_Farebne-3-2048x820.png 2048w, https:\/\/regiongron.sk\/en\/wp-content\/uploads\/2024\/03\/Ministerstvo_cestovneho-ruchu-a-sportu_SR_SK_Farebne-3.png 2953w\" sizes=\"auto, (max-width: 1024px) 100vw, 1024px\" \/><\/figure>\n","protected":false},"featured_media":23461,"template":"","categories":[2],"class_list":["post-23330","tipy-na-vylety","type-tipy-na-vylety","status-publish","has-post-thumbnail","hentry","category-novinky"],"acf":[],"uagb_featured_image_src":{"full":["https:\/\/regiongron.sk\/en\/wp-content\/uploads\/2024\/12\/Dizajn-bez-nazvu-39.jpg",1080,1080,false],"thumbnail":["https:\/\/regiongron.sk\/en\/wp-content\/uploads\/2024\/12\/Dizajn-bez-nazvu-39-400x400.jpg",400,400,true],"medium":["https:\/\/regiongron.sk\/en\/wp-content\/uploads\/2024\/12\/Dizajn-bez-nazvu-39-600x600.jpg",600,600,true],"medium_large":["https:\/\/regiongron.sk\/en\/wp-content\/uploads\/2024\/12\/Dizajn-bez-nazvu-39-768x768.jpg",768,768,true],"large":["https:\/\/regiongron.sk\/en\/wp-content\/uploads\/2024\/12\/Dizajn-bez-nazvu-39-1024x1024.jpg",1024,1024,true],"1536x1536":["https:\/\/regiongron.sk\/en\/wp-content\/uploads\/2024\/12\/Dizajn-bez-nazvu-39.jpg",1080,1080,false],"2048x2048":["https:\/\/regiongron.sk\/en\/wp-content\/uploads\/2024\/12\/Dizajn-bez-nazvu-39.jpg",1080,1080,false]},"uagb_author_info":{"display_name":"Gabriela Matlovi\u010dov\u00e1","author_link":"https:\/\/regiongron.sk\/en\/author\/"},"uagb_comment_info":0,"uagb_excerpt":"ZIMN\u00c1 V\u00ddZVA REGI\u00d3NU GRON NAV\u0160T\u00cdV ASPO\u0147 4 ZO 6 LOKAL\u00cdT, ZBIERAJ PE\u010cIATKY A VYHRAJ POBYT V PENZI\u00d3NE TAJCH Na tohtoro\u010dn\u00fa zimn\u00fa sez\u00f3nu sme pre na\u0161ich fan\u00fa\u0161ikov pripravili ZIMN\u00da V\u00ddZVU REGI\u00d3NU GRON.&nbsp; Jej cie\u013eom je, aby ste sa i po\u010das zimy vybrali na zauj\u00edmav\u00e9 turistick\u00e9 miesta v regi\u00f3ne, spoznali aj menej zn\u00e1me turistick\u00e9 trasy a nav\u0161t\u00edvili&hellip;","_links":{"self":[{"href":"https:\/\/regiongron.sk\/en\/wp-json\/wp\/v2\/tipy-na-vylety\/23330","targetHints":{"allow":["GET"]}}],"collection":[{"href":"https:\/\/regiongron.sk\/en\/wp-json\/wp\/v2\/tipy-na-vylety"}],"about":[{"href":"https:\/\/regiongron.sk\/en\/wp-json\/wp\/v2\/types\/tipy-na-vylety"}],"wp:featuredmedia":[{"embeddable":true,"href":"https:\/\/regiongron.sk\/en\/wp-json\/wp\/v2\/media\/23461"}],"wp:attachment":[{"href":"https:\/\/regiongron.sk\/en\/wp-json\/wp\/v2\/media?parent=23330"}],"wp:term":[{"taxonomy":"category","embeddable":true,"href":"https:\/\/regiongron.sk\/en\/wp-json\/wp\/v2\/categories?post=23330"}],"curies":[{"name":"wp","href":"https:\/\/api.w.org\/{rel}","templated":true}]}}