{"id":14478,"date":"2022-11-15T11:52:45","date_gmt":"2022-11-15T09:52:45","guid":{"rendered":"https:\/\/regiongron.sk\/?p=14478"},"modified":"2023-04-05T11:01:45","modified_gmt":"2023-04-05T09:01:45","slug":"fabkovie-domcek-v-obci-brehy-ma-novu-strechu-2","status":"publish","type":"novinky","link":"https:\/\/regiongron.sk\/hu\/novinky\/fabkovie-domcek-v-obci-brehy-ma-novu-strechu-2\/","title":{"rendered":"FABKOVIE DOM\u010cEK V OBCI BREHY M\u00c1 NOV\u00da STRECHU"},"content":{"rendered":"<p><strong>NAJSTAR\u0160\u00cd DOM\u010cEK V OBCI BREHY M\u00c1 NOV\u00da STRECHU<\/strong><\/p>\n<p style=\"margin: 0cm; text-align: justify;\"><b><span style=\"font-size: 11.0pt; font-family: 'Calibri',sans-serif; color: black;\">V obci Brehy, ktor\u00e1 sa nach\u00e1dza ne\u010faleko Novej Bane, maj\u00fa dom\u010dek, ktor\u00fd pripom\u00edna chal\u00fapku dedka Ve\u010dern\u00ed\u010dka. Dom, ktor\u00fd m\u00e1 viac ako 200 rokov, zaujme na prv\u00fd poh\u013ead svojou strechou, ktor\u00e1 je vyroben\u00e1 tradi\u010dnou technikou. Fabkovie dom\u010dek, ako sa vol\u00e1 po svojich posledn\u00fdch majite\u013eoch, sl\u00fa\u017ei ako obecn\u00e9 m\u00fazeum, ktor\u00e9ho expoz\u00edcie ukazuj\u00fa ako b\u00fdvali a\u00a0\u017eili obyvatelia dediny v\u00a0minulosti.<\/span><\/b><\/p>\n<p style=\"margin: 0cm; text-align: justify;\"><span style=\"font-size: 11.0pt; font-family: 'Calibri',sans-serif; color: black;\"> <img loading=\"lazy\" decoding=\"async\" class=\"aligncenter wp-image-14456\" src=\"https:\/\/regiongron.sk\/wp-content\/uploads\/2023\/02\/Fabkovie-dom-medializacia-11-12-scaled.jpg\" alt=\"\" width=\"843\" height=\"562\" \/><\/span><\/p>\n<p style=\"margin: 0cm; text-align: justify;\"><span style=\"font-size: 11.0pt; font-family: 'Calibri',sans-serif; color: black;\">Fabkovie dom v\u00a0obci Brehy zaujme na prv\u00fd poh\u013ead. Biely dom\u010dek je miestom komunitn\u00e9ho stret\u00e1vania miestnych, ale aj obecn\u00fdm m\u00fazeom, ktor\u00e9 svojou expoz\u00edciou pribli\u017euje ako \u017eili \u013eudia na Brehoch v\u00a0minulosti. Na prv\u00fd poh\u013ead zaujme jeho tradi\u010dn\u00e1 strecha vyroben\u00e1 zo snopov trstiny. Tradi\u010dn\u00e9 s\u00fa i\u00a0hlinen\u00e9 omietky, vyroben\u00e9 zmie\u0161an\u00edm hliny, konsk\u00e9ho hnoja, piesku a se\u010dky, \u010do je slama narezan\u00e1 na se\u010dkovici. Vy\u0161e 200 rokov star\u00fd dom pozost\u00e1va z\u00a0kuchyne, pitvora a\u00a0nesk\u00f4r dostavanej \u010fal\u0161ej izby. Na dne\u0161n\u00e9 pomery znie a\u017e neuverite\u013ene, \u017ee rodina Fabkov\u00e1, ktor\u00e1 dom ako posledn\u00e1 ob\u00fdvala, a\u00a0po ktorej ho miestni aj volaj\u00fa, tu v\u00a0priebehu \u017eivota vychovala desa\u0165 det\u00ed.<\/span><\/p>\n<p style=\"margin: 0cm; text-align: justify;\"><span style=\"font-size: 11.0pt; font-family: 'Calibri',sans-serif; color: black;\">\u00a0<\/span><\/p>\n<p style=\"margin: 0cm; text-align: justify;\"><span style=\"font-size: 11.0pt; font-family: 'Calibri',sans-serif; color: black;\">Ako sa z\u00a0dom\u010deka stalo m\u00fazeum popisuje pani M\u00e1ria Fialov\u00e1 z\u00a0Ob\u010dianskeho zdru\u017eenia Bre\u017ean: <i>\u201ePo tom, \u010do dom v\u00a0dev\u00e4\u0165desiatych rokoch opustila pani Fabkov\u00e1, bol k\u00fapen\u00fd s\u00fakromnou osobou za \u00fa\u010delom chat\u00e1r\u010denia. Nov\u00fd majite\u013e v\u0161ak r\u00fdchlo zistil v\u00a0akom dezol\u00e1tnom stave sa stavba nach\u00e1dza, a\u00a0\u010do by to obn\u00e1\u0161alo pusti\u0165 sa do jeho obnovy. Preto sa rozhodol pon\u00faknu\u0165 dom\u010dek obci na odk\u00fapenie. Pob\u00e1dala som vtedy starostu, aby obec do toho \u0161la, a\u00a0zachovala si tak uk\u00e1\u017eku tradi\u010dnej architekt\u00fary obce a\u00a0mohli by sme tu zriadi\u0165 aj m\u00fazeum. A\u00a0tak sa aj stalo.\u201c<\/i> Postupom \u010dasu sa obec a\u00a0miestni dobrovo\u013en\u00edci z\u00a0OZ Bre\u017ean pustili do obnovy cel\u00e9ho dom\u010deka vr\u00e1tane strechy, ktor\u00fa pokryli na novo slamou z\u00a0ra\u017ee, ktor\u00fa si aj sami vypestovali. Nasledovalo zariadenie izieb dobov\u00fdm n\u00e1bytkom, doplnilo sa n\u00e1radie a\u00a0pom\u00f4cky vyu\u017e\u00edvan\u00e9 v\u00a0minulosti v\u00a0ka\u017edodennom \u017eivote vr\u00e1tane krosien, steny pokryli dobov\u00e9 obrazy a\u00a0nech\u00fdbaj\u00fa ani uk\u00e1\u017eky miestneho kroja. M\u00fazeum bolo pre verejnos\u0165 otvoren\u00e9 v\u00a0roku 2016 a\u00a0sl\u00fa\u017ei dodnes.<\/span><\/p>\n<p style=\"margin: 0cm; text-align: justify;\"><span style=\"font-size: 11.0pt; font-family: 'Calibri',sans-serif; color: black;\"><img loading=\"lazy\" decoding=\"async\" class=\"aligncenter wp-image-14457\" src=\"https:\/\/regiongron.sk\/wp-content\/uploads\/2023\/02\/Fabkovie-dom-medializacia-11-15-scaled.jpg\" alt=\"\" width=\"843\" height=\"562\" \/><\/span><span style=\"font-size: 11.0pt; font-family: 'Calibri',sans-serif; color: black;\">Slamen\u00e1 strecha na dom\u010deku si v\u0161ak po <\/span><span style=\"font-size: 11.0pt; font-family: 'Calibri',sans-serif;\">\u0161trn\u00e1stich<span style=\"color: black;\"> rokoch od prvotnej rekon\u0161trukcie kv\u00f4li povahe materi\u00e1lu \u017eiadala v\u00fdmenu. V\u010faka finan\u010dnej podpore Rozvojovej agent\u00fary BBSK cez \u010dlensk\u00fd pr\u00edspevok v oblastnej organiz\u00e1cii cestovn\u00e9ho ruchu Regi\u00f3n GRON sa obci Brehy podarilo zrealizova\u0165 obnovu slamenej strechy na Fabkovie dom\u010deku, a to v hodnote 6570 eur. J\u00e1n Lunter, predseda Banskobystrick\u00e9ho samospr\u00e1vneho kraja uviedol: <i>\u201eobec Brehy som nav\u0161t\u00edvil nieko\u013ekokr\u00e1t, naposledy to bolo e\u0161te pred opravou strechy na Fabkovie dom\u010deku. Te\u0161\u00edm sa, \u017ee miestnym z\u00e1le\u017e\u00ed na uchovan\u00ed tohto v\u00fdnimo\u010dn\u00e9ho dedi\u010dstva a\u00a0\u017ee systematicky pracuj\u00fa na jeho z\u00e1chrane ale aj na nap\u013a\u0148an\u00ed jeho miestnost\u00ed predmetmi, ktor\u00e9 mladej gener\u00e1cii predstavia \u017eivot na\u0161ich predkov.\u201c<\/i><\/span><\/span><\/p>\n<p style=\"margin: 0cm; text-align: justify;\"><span style=\"font-size: 11.0pt; font-family: 'Calibri',sans-serif; color: black;\"> <img loading=\"lazy\" decoding=\"async\" class=\"aligncenter wp-image-14458\" src=\"https:\/\/regiongron.sk\/wp-content\/uploads\/2023\/02\/Fabkovie-dom-medializacia-11-4-scaled.jpg\" alt=\"\" width=\"818\" height=\"545\" \/><\/span><\/p>\n<p style=\"margin: 0cm; text-align: justify;\"><span style=\"font-size: 11.0pt; font-family: 'Calibri',sans-serif; color: black;\">S cie\u013eom zachov\u00e1vania a re\u0161pektovania trad\u00edci\u00ed prebehla obnova v\u00fdhradne tradi\u010dn\u00fdmi postupmi s pou\u017eit\u00edm pr\u00edslu\u0161n\u00fdch materi\u00e1lov. <i>\u201cPre obnovu sme vyu\u017eili klasick\u00fa trstinu zviazan\u00fa do snopov privezen\u00fa z Ma\u010farska, nako\u013eko u n\u00e1s sa ned\u00e1 zohna\u0165. Trstina m\u00e1 ove\u013ea dlh\u0161iu trv\u00e1cnos\u0165 ako slama a je aj odolnej\u0161ia vo\u010di poveternostn\u00fdm vplyvom \u010di hlodavcom, ktor\u00e9 ju znehodnocovali. N\u00e1sledne sme krytinu ru\u010dne ukladali a dr\u00f4tom upev\u0148ovali o dreven\u00e9 tr\u00e1my. Do pr\u00e1c sa zapojili dobrovo\u013en\u00edci z\u00a0obce i\u00a0odborn\u00edk na strechy tohto typu. Touto cestou by som im tie\u017e r\u00e1d po\u010fakoval\u201d<\/i> uviedol starosta obce, Juraj Tencer. S\u00a0\u00fasmevom e\u0161te dod\u00e1va, \u017ee \u201e<i>pridanou hodnotu trstiny je aj to, \u017ee sl\u00fa\u017ei ako prirodzen\u00fd hmyz\u00ed hotel, a\u00a0dom\u010dek tak bude ma\u0165 v\u00a0zime svojich st\u00e1lych obyvate\u013eov.\u201c <\/i><\/span><\/p>\n<p style=\"margin: 0cm; text-align: justify;\"><span style=\"font-size: 11.0pt; font-family: 'Calibri',sans-serif; color: black;\"> <img loading=\"lazy\" decoding=\"async\" class=\"aligncenter wp-image-14461\" src=\"https:\/\/regiongron.sk\/wp-content\/uploads\/2023\/02\/Fabkovie-dom-medializacia-11-10-scaled.jpg\" alt=\"\" width=\"854\" height=\"569\" \/><\/span><\/p>\n<p style=\"margin: 0cm; text-align: justify;\"><span style=\"font-size: 11.0pt; font-family: 'Calibri',sans-serif; color: black;\">Obnova strechy Fabkovie domu prispieva k tomu, aby aj na\u010falej mohol sl\u00fa\u017ei\u0165 turistom, ktor\u00ed do obce prich\u00e1dzaj\u00fa a v\u010faka svojej malebnosti si ho radi fotografuj\u00fa. N\u00e1v\u0161tevu expoz\u00edcie je mo\u017en\u00e9 si dohodn\u00fa\u0165 vopred na Obecnom \u00farade alebo priamo na mieste. Miestni obyvatelia ocenia, \u017ee bud\u00fa m\u00f4c\u0165 aj \u010fal\u0161ie roky nav\u0161tevova\u0165 r\u00f4zne podujatia, ktor\u00e9 obec alebo OZ Bre\u017ean organizuj\u00fa na dvore dom\u010deka. Dom\u010dek je otvoren\u00fd aj po\u010das t\u00fdchto podujat\u00ed. <i><\/i><\/span><\/p>\n<p style=\"margin: 0cm; text-align: justify;\"><i><span style=\"font-size: 11.0pt; font-family: 'Calibri',sans-serif; color: black;\">\u00a0<\/span><\/i><\/p>\n<p style=\"margin: 0cm; text-align: justify;\"><i><span style=\"font-size: 11.0pt; font-family: 'Calibri',sans-serif; color: black;\">\u201ePo dom\u010deku z\u00e1ujemcov s\u00a0ve\u013ekou pravdepodobnos\u0165ou prevedie bre\u017esk\u00fd hrn\u010diar J\u00e1n Fiala, ktor\u00fd ako jeden z\u00a0posledn\u00fdch uchov\u00e1va \u017eiv\u00fa hrn\u010diarsku trad\u00edciu obce. V minulosti boli Brehy v\u010faka svojej keramike zn\u00e1me v \u0161irokom okol\u00ed, v\u00a0\u010dasoch najv\u00e4\u010d\u0161ej sl\u00e1vy tu p\u00f4sobilo a\u017e 80 hrn\u010diarov. Zauj\u00edmavos\u0165ou je, \u017ee p\u00e1n Fiala u\u010dil hrn\u010diarskemu remeslu aj princezn\u00fa z\u00a0rozpr\u00e1vky Kr\u00e1\u013e Drozdia brada, v ktorej sa objavila aj jeho unik\u00e1tna hrn\u010diarska pec. Pod doh\u013eadom p\u00e1na Fialu je mo\u017en\u00e9 sa nau\u010di\u0165 hrn\u010diarskemu remeslu i\u00a0dnes, jeho hrn\u010diarsky workshop je v sez\u00f3ne v\u00a0ponuke na destina\u010dnom port\u00e1li Banskobystrick\u00e9ho kraja <\/span><\/i><a href=\"http:\/\/www.zahoramizadolami.sk\"><i><span style=\"font-size: 11.0pt; font-family: 'Calibri',sans-serif;\">www.zahoramizadolami.sk<\/span><\/i><\/a><i><span style=\"font-size: 11.0pt; font-family: 'Calibri',sans-serif; color: black;\">\u201c <\/span><\/i><span style=\"font-size: 11.0pt; font-family: 'Calibri',sans-serif; color: black;\">dod\u00e1va Zuzana J\u00f3bov\u00e1 z\u00a0Krajskej organiz\u00e1cie cestovn\u00e9ho ruchu Banskobystrick\u00fd kraj Turizmus<\/span><\/p>\n<p style=\"margin: 0cm; text-align: justify;\"><i><span style=\"font-size: 11.0pt; font-family: 'Calibri',sans-serif; color: black;\"><img loading=\"lazy\" decoding=\"async\" class=\"aligncenter size-full wp-image-14460\" src=\"https:\/\/regiongron.sk\/wp-content\/uploads\/2023\/02\/Fabkovie-dom-medializacia-11-6-scaled.jpg\" alt=\"\" width=\"2048\" height=\"1366\" \/><\/span><\/i><i><span style=\"font-size: 11.0pt; font-family: 'Calibri',sans-serif; color: black;\">\u201eTe\u0161\u00ed n\u00e1s, \u017ee sme prostredn\u00edctvom opravy strechy Fabkovie dom\u010deka mohli prispie\u0165 k z\u00e1chrane tohto v\u00fdnimo\u010dn\u00e9ho dedi\u010dstva. Turisti, ktor\u00ed zvy\u010dajne<\/span><\/i><i><span style=\"font-size: 11.0pt; font-family: 'Calibri',sans-serif;\"> zamieria <span style=\"color: black;\">len do ne\u010falekej Novej Bane, maj\u00fa o\u00a0d\u00f4vod viac nav\u0161t\u00edvi\u0165 aj okolie mesta. Okrem Fabkovie dom\u010deka by som im v\u00a0obci Brehy odpor\u00fa\u010dala nav\u0161t\u00edvi\u0165 aj Hrn\u010diarske m\u00fazeum, ktor\u00e9 uchov\u00e1va hmotn\u00e9 dedi\u010dstvo bohatej hrn\u010diarskej trad\u00edcie obce. Zdatn\u00ed turisti si pr\u00eddu na svoje, ak sa vyber\u00fa na vrch Hul\u00edn s\u00a0kr\u00e1snymi v\u00fdh\u013eadmi, t\u00ed menej zdatn\u00ed sa m\u00f4\u017eu vybra\u0165 len na Kalv\u00e1riu alebo bl\u00edzky Kali\u0161n\u00fd vrch s\u00a0kr\u00ed\u017eom a\u00a0v\u00fdh\u013eadom na Nov\u00fa Ba\u0148u\u201d<\/span><\/span><\/i><span style=\"font-size: 11.0pt; font-family: 'Calibri',sans-serif; color: black;\"> uviedla M\u00e1ria P\u00e1tkov\u00e1, riadite\u013eka OOCR Regi\u00f3n GRON.<\/span><\/p>\n\n","protected":false},"featured_media":14592,"template":"","categories":[2],"class_list":["post-14478","novinky","type-novinky","status-publish","has-post-thumbnail","hentry","category-novinky"],"acf":[],"uagb_featured_image_src":{"full":["https:\/\/regiongron.sk\/hu\/wp-content\/uploads\/2023\/02\/Fabkovie-dom-medializacia-11-12-scaled.jpg",2048,1365,false],"thumbnail":["https:\/\/regiongron.sk\/hu\/wp-content\/uploads\/2023\/02\/Fabkovie-dom-medializacia-11-12-scaled-400x400.jpg",400,400,true],"medium":["https:\/\/regiongron.sk\/hu\/wp-content\/uploads\/2023\/02\/Fabkovie-dom-medializacia-11-12-scaled-600x400.jpg",600,400,true],"medium_large":["https:\/\/regiongron.sk\/hu\/wp-content\/uploads\/2023\/02\/Fabkovie-dom-medializacia-11-12-scaled-768x512.jpg",768,512,true],"large":["https:\/\/regiongron.sk\/hu\/wp-content\/uploads\/2023\/02\/Fabkovie-dom-medializacia-11-12-scaled-1024x683.jpg",1024,683,true],"1536x1536":["https:\/\/regiongron.sk\/hu\/wp-content\/uploads\/2023\/02\/Fabkovie-dom-medializacia-11-12-scaled-1536x1024.jpg",1536,1024,true],"2048x2048":["https:\/\/regiongron.sk\/hu\/wp-content\/uploads\/2023\/02\/Fabkovie-dom-medializacia-11-12-scaled.jpg",2048,1365,false]},"uagb_author_info":{"display_name":"regiongron","author_link":"https:\/\/regiongron.sk\/hu\/author\/"},"uagb_comment_info":0,"uagb_excerpt":"FABKOVIE DOM\u010cEK M\u00c1 NOV\u00da STRECHU \u010c\u00edtajte viac","_links":{"self":[{"href":"https:\/\/regiongron.sk\/hu\/wp-json\/wp\/v2\/novinky\/14478","targetHints":{"allow":["GET"]}}],"collection":[{"href":"https:\/\/regiongron.sk\/hu\/wp-json\/wp\/v2\/novinky"}],"about":[{"href":"https:\/\/regiongron.sk\/hu\/wp-json\/wp\/v2\/types\/novinky"}],"wp:featuredmedia":[{"embeddable":true,"href":"https:\/\/regiongron.sk\/hu\/wp-json\/wp\/v2\/media\/14592"}],"wp:attachment":[{"href":"https:\/\/regiongron.sk\/hu\/wp-json\/wp\/v2\/media?parent=14478"}],"wp:term":[{"taxonomy":"category","embeddable":true,"href":"https:\/\/regiongron.sk\/hu\/wp-json\/wp\/v2\/categories?post=14478"}],"curies":[{"name":"wp","href":"https:\/\/api.w.org\/{rel}","templated":true}]}}