{"id":20511,"date":"2023-10-16T10:31:57","date_gmt":"2023-10-16T08:31:57","guid":{"rendered":"https:\/\/regiongron.sk\/?post_type=novinky&#038;p=20511"},"modified":"2024-11-14T16:12:08","modified_gmt":"2024-11-14T15:12:08","slug":"projektova-dokumentacia-je-prvym-krokom-k-spristupneniu-zakladov-potterovho-stroja","status":"publish","type":"novinky","link":"https:\/\/regiongron.sk\/hu\/novinky\/projektova-dokumentacia-je-prvym-krokom-k-spristupneniu-zakladov-potterovho-stroja\/","title":{"rendered":"Projektov\u00e1 dokument\u00e1cia - zachovanie z\u00e1kladov Potterovho stroja"},"content":{"rendered":"\n<p class=\"has-text-align-left\"><strong>Aj b\u00fdval\u00e9 slobodn\u00e9 kr\u00e1\u013eovsk\u00e9 mesto Nov\u00e1 Ba\u0148a malo kedysi svojho sl\u00e1vneho Pottera. S\u00edce nem\u00e1val pr\u00fatikom, ale napriek tomu \u010daroval \u2013 za pomoci vedy. V roku 1721 za\u010dal v tomto meste anglick\u00fd vyn\u00e1lezca Isaac Potter s v\u00fdstavbou oh\u0148ov\u00e9ho stroja, ktor\u00fd mal sl\u00fa\u017ei\u0165 na odvod\u0148ovanie bansk\u00fdch \u0161t\u00f4ln\u00ed. I\u0161lo o prv\u00fd tak\u00fdto stroj postaven\u00fd na eur\u00f3pskom kontinente a jeho z\u00e1klady s\u00fa op\u00e4\u0165 bli\u017e\u0161ie k spr\u00edstupneniu verejnosti.<\/strong><\/p>\n\n\n<div class=\"wp-block-image\">\n<figure class=\"aligncenter size-large\"><img loading=\"lazy\" decoding=\"async\" width=\"1024\" height=\"768\" src=\"https:\/\/regiongron.sk\/wp-content\/uploads\/2023\/10\/Zaklady-Potterovho-stroja-_autor-fotografie-Branislav-Meres-1024x768.jpg\" alt=\"\" class=\"wp-image-20512\" srcset=\"https:\/\/regiongron.sk\/hu\/wp-content\/uploads\/2023\/10\/Zaklady-Potterovho-stroja-_autor-fotografie-Branislav-Meres-1024x768.jpg 1024w, https:\/\/regiongron.sk\/hu\/wp-content\/uploads\/2023\/10\/Zaklady-Potterovho-stroja-_autor-fotografie-Branislav-Meres-600x450.jpg 600w, https:\/\/regiongron.sk\/hu\/wp-content\/uploads\/2023\/10\/Zaklady-Potterovho-stroja-_autor-fotografie-Branislav-Meres-768x576.jpg 768w, https:\/\/regiongron.sk\/hu\/wp-content\/uploads\/2023\/10\/Zaklady-Potterovho-stroja-_autor-fotografie-Branislav-Meres-1536x1152.jpg 1536w, https:\/\/regiongron.sk\/hu\/wp-content\/uploads\/2023\/10\/Zaklady-Potterovho-stroja-_autor-fotografie-Branislav-Meres-2048x1536.jpg 2048w, https:\/\/regiongron.sk\/hu\/wp-content\/uploads\/2023\/10\/Zaklady-Potterovho-stroja-_autor-fotografie-Branislav-Meres-scaled.jpg 2560w\" sizes=\"auto, (max-width: 1024px) 100vw, 1024px\" \/><\/figure>\n<\/div>\n\n\n<p>Skuto\u010dnos\u0165, \u017ee sa tu Potterov stroj kedysi nach\u00e1dzal, ako aj fakt, \u017ee bol prv\u00fdm tak\u00fdmto strojom zostrojen\u00fdm na eur\u00f3pskom kontinente, iba pod\u010diarkuje m\u00e1lo zn\u00e1my v\u00fdznam Novej Bane ako b\u00fdval\u00e9ho bansk\u00e9ho mesta. Mesto sa preto v&nbsp;spolupr\u00e1ci so svojimi partnermi problematike prezent\u00e1cie odkazu Isaaca Pottera venuje u\u017e pomerne dlhodobo. V roku 2018 odk\u00fapilo nehnute\u013enos\u0165, pri ktorej sa nach\u00e1dza autentick\u00e9 miesto n\u00e1lezu strojovne Potterovho stroja, \u010d\u00edm sa cel\u00fd proces na\u0161tartoval. Celkovo sa na n\u00e1lezisku uskuto\u010dnili 4. etapy archeologick\u00e9ho v\u00fdskumu v rokoch 2019-2022, ktor\u00e9 prebiehali v spolupr\u00e1ci s Katedrou archeol\u00f3gie na Univerzite Kon\u0161tant\u00edna Filozofa v&nbsp;Nitre pod doh\u013eadom Krajsk\u00e9ho pamiatkov\u00e9ho \u00faradu Bansk\u00e1 Bystrica.<\/p>\n\n\n\n<p><em>\u201eNa\u0161im cie\u013eom je vybudovanie kompletn\u00e9ho ban\u00edckeho m\u00fazea s modelom Potterovho atmosferick\u00e9ho stroja, vonkaj\u0161ou a vn\u00fatornou expoz\u00edciou bansk\u00e9ho m\u00fazea. \u010eal\u0161\u00edm krokom bude zriadenie ban\u00edckeho skanzenu s expoz\u00edciou t\u00fdkaj\u00facou sa hist\u00f3rie ban\u00edctva v Novej Bani so zameran\u00edm pr\u00e1ve na pou\u017eitie Potterovho parn\u00e9ho stroja,\u201c<\/em> uviedol Branislav Ja\u010fu\u010f, prim\u00e1tor mesta Nov\u00e1 Ba\u0148a. Are\u00e1l by mal pritom n\u00e1v\u0161tevn\u00edkov obozn\u00e1mi\u0165 s bohatou, takmer 600 ro\u010dnou, hist\u00f3riou \u0165a\u017eby zlata v Novej Bani.<\/p>\n\n\n\n<p>Z\u00e1merom mesta v&nbsp;tomto pr\u00edpade bolo podnikn\u00fa\u0165 prv\u00e9 kroky k&nbsp;spr\u00edstupneniu are\u00e1lu pre turistov. <em>\u201ePl\u00e1n fin\u00e1lneho zakonzervovania z\u00e1kladov Potterovho stroja a&nbsp;ich spr\u00edstupnenie verejnosti je z\u00e1kladn\u00fdm kame\u0148om, od ktor\u00e9ho sa m\u00f4\u017eu odv\u00edja\u0165 \u010fal\u0161ie \u010dinnosti. V&nbsp;prvom rade by sme predsa mali spr\u00e1vne uchova\u0165 to vz\u00e1cne, v&nbsp;tomto pr\u00edpade archeologick\u00e9 n\u00e1lezy, aby sme n\u00e1sledne mohli adekv\u00e1tne tieto hodnoty prezentova\u0165 a&nbsp;prinies\u0165 tak n\u00e1v\u0161tevn\u00edkom unik\u00e1tny z\u00e1\u017eitok,\u201c<\/em> uviedla Lenka \u0160ubov\u00e1, projektov\u00e1 mana\u017e\u00e9rka mesta Nov\u00e1 Ba\u0148a.<\/p>\n\n\n\n<figure class=\"wp-block-gallery has-nested-images columns-1 is-cropped wp-block-gallery-1 is-layout-flex wp-block-gallery-is-layout-flex\">\n<figure class=\"wp-block-image size-large\"><img loading=\"lazy\" decoding=\"async\" width=\"1024\" height=\"683\" data-id=\"20519\" src=\"https:\/\/regiongron.sk\/wp-content\/uploads\/2023\/10\/DSCF4069-1024x683.jpg\" alt=\"\" class=\"wp-image-20519\" srcset=\"https:\/\/regiongron.sk\/hu\/wp-content\/uploads\/2023\/10\/DSCF4069-1024x683.jpg 1024w, https:\/\/regiongron.sk\/hu\/wp-content\/uploads\/2023\/10\/DSCF4069-600x400.jpg 600w, https:\/\/regiongron.sk\/hu\/wp-content\/uploads\/2023\/10\/DSCF4069-768x512.jpg 768w, https:\/\/regiongron.sk\/hu\/wp-content\/uploads\/2023\/10\/DSCF4069-1536x1024.jpg 1536w, https:\/\/regiongron.sk\/hu\/wp-content\/uploads\/2023\/10\/DSCF4069-2048x1365.jpg 2048w, https:\/\/regiongron.sk\/hu\/wp-content\/uploads\/2023\/10\/DSCF4069-scaled.jpg 2560w\" sizes=\"auto, (max-width: 1024px) 100vw, 1024px\" \/><\/figure>\n\n\n\n<figure class=\"wp-block-image size-large\"><img loading=\"lazy\" decoding=\"async\" width=\"1024\" height=\"683\" data-id=\"20518\" src=\"https:\/\/regiongron.sk\/wp-content\/uploads\/2023\/10\/DSCF4015-1024x683.jpg\" alt=\"\" class=\"wp-image-20518\" srcset=\"https:\/\/regiongron.sk\/hu\/wp-content\/uploads\/2023\/10\/DSCF4015-1024x683.jpg 1024w, https:\/\/regiongron.sk\/hu\/wp-content\/uploads\/2023\/10\/DSCF4015-600x400.jpg 600w, https:\/\/regiongron.sk\/hu\/wp-content\/uploads\/2023\/10\/DSCF4015-768x512.jpg 768w, https:\/\/regiongron.sk\/hu\/wp-content\/uploads\/2023\/10\/DSCF4015-1536x1024.jpg 1536w, https:\/\/regiongron.sk\/hu\/wp-content\/uploads\/2023\/10\/DSCF4015-2048x1365.jpg 2048w, https:\/\/regiongron.sk\/hu\/wp-content\/uploads\/2023\/10\/DSCF4015-scaled.jpg 2560w\" sizes=\"auto, (max-width: 1024px) 100vw, 1024px\" \/><\/figure>\n<\/figure>\n\n\n\n<p>Z\u00e1rove\u0148 je v\u0161ak vybudovanie are\u00e1lu aj ve\u013ekou invest\u00edciou do bud\u00facna, \u010do si mesto i&nbsp;zapojen\u00ed partneri plne uvedomuj\u00fa. Na kontinu\u00e1lnom udr\u017eiavan\u00ed a&nbsp;uchov\u00e1van\u00ed Potterovho odkazu v&nbsp;Novej Bani akt\u00edvne pracuje nieko\u013eko ob\u010dianskych zdru\u017een\u00ed \u2013 OZ Nov\u00e1 Ba\u0148a, OZ Nova Montania, OZ Althandel i&nbsp;Novobansk\u00fd ban\u00edcky spolok. Ob\u010dianske zdru\u017eenia v&nbsp;minulom roku spustili aj n\u00e1rodn\u00fa finan\u010dn\u00fa zbierku s&nbsp;cie\u013eom z\u00edskania prostriedkov na konzerv\u00e1ciu z\u00e1kladov Potterovho stroja. &nbsp;<em>\u201ePomerne skoro sme v\u0161ak pri\u0161li na to, \u017ee ak \u013eu\u010fom nevieme priamo uk\u00e1za\u0165, \u010do podporuj\u00fa, vyzbiera\u0165 financie na tak\u00fdto projekt je ve\u013emi n\u00e1ro\u010dn\u00e9. Vypracovanie projektovej dokument\u00e1cie bolo pre n\u00e1s k\u013e\u00fa\u010dov\u00e9 najm\u00e4 z&nbsp;h\u013eadiska roz\u0161\u00edren\u00fdch mo\u017enost\u00ed prezent\u00e1cie na\u0161ich z\u00e1merov, v\u010faka vizualiz\u00e1cii na\u0161ej predstavy tak budeme schopn\u00ed \u013eu\u010fom uk\u00e1za\u0165, \u010do v&nbsp;Novej Bani m\u00f4\u017eeme v&nbsp;bud\u00facnosti spolo\u010dne vybudova\u0165,\u201c<\/em> uviedol Branislav Medve\u010f, inici\u00e1tor n\u00e1rodnej zbierky a predseda OZ Nov\u00e1 Ba\u0148a.<\/p>\n\n\n\n<figure class=\"wp-block-gallery has-nested-images columns-1 is-cropped wp-block-gallery-2 is-layout-flex wp-block-gallery-is-layout-flex\">\n<figure class=\"wp-block-image size-large\"><img loading=\"lazy\" decoding=\"async\" width=\"1024\" height=\"683\" data-id=\"20517\" src=\"https:\/\/regiongron.sk\/wp-content\/uploads\/2023\/10\/DSCF3992-1024x683.jpg\" alt=\"\" class=\"wp-image-20517\" srcset=\"https:\/\/regiongron.sk\/hu\/wp-content\/uploads\/2023\/10\/DSCF3992-1024x683.jpg 1024w, https:\/\/regiongron.sk\/hu\/wp-content\/uploads\/2023\/10\/DSCF3992-600x400.jpg 600w, https:\/\/regiongron.sk\/hu\/wp-content\/uploads\/2023\/10\/DSCF3992-768x512.jpg 768w, https:\/\/regiongron.sk\/hu\/wp-content\/uploads\/2023\/10\/DSCF3992-1536x1024.jpg 1536w, https:\/\/regiongron.sk\/hu\/wp-content\/uploads\/2023\/10\/DSCF3992-2048x1365.jpg 2048w, https:\/\/regiongron.sk\/hu\/wp-content\/uploads\/2023\/10\/DSCF3992-scaled.jpg 2560w\" sizes=\"auto, (max-width: 1024px) 100vw, 1024px\" \/><\/figure>\n\n\n\n<figure class=\"wp-block-image size-large\"><img loading=\"lazy\" decoding=\"async\" width=\"1024\" height=\"683\" data-id=\"20516\" src=\"https:\/\/regiongron.sk\/wp-content\/uploads\/2023\/10\/DSCF3993-1024x683.jpg\" alt=\"\" class=\"wp-image-20516\" srcset=\"https:\/\/regiongron.sk\/hu\/wp-content\/uploads\/2023\/10\/DSCF3993-1024x683.jpg 1024w, https:\/\/regiongron.sk\/hu\/wp-content\/uploads\/2023\/10\/DSCF3993-600x400.jpg 600w, https:\/\/regiongron.sk\/hu\/wp-content\/uploads\/2023\/10\/DSCF3993-768x512.jpg 768w, https:\/\/regiongron.sk\/hu\/wp-content\/uploads\/2023\/10\/DSCF3993-1536x1024.jpg 1536w, https:\/\/regiongron.sk\/hu\/wp-content\/uploads\/2023\/10\/DSCF3993-2048x1365.jpg 2048w, https:\/\/regiongron.sk\/hu\/wp-content\/uploads\/2023\/10\/DSCF3993-scaled.jpg 2560w\" sizes=\"auto, (max-width: 1024px) 100vw, 1024px\" \/><\/figure>\n\n\n\n<figure class=\"wp-block-image size-large\"><img loading=\"lazy\" decoding=\"async\" width=\"1024\" height=\"683\" data-id=\"20515\" src=\"https:\/\/regiongron.sk\/wp-content\/uploads\/2023\/10\/DSCF4001-1024x683.jpg\" alt=\"\" class=\"wp-image-20515\" srcset=\"https:\/\/regiongron.sk\/hu\/wp-content\/uploads\/2023\/10\/DSCF4001-1024x683.jpg 1024w, https:\/\/regiongron.sk\/hu\/wp-content\/uploads\/2023\/10\/DSCF4001-600x400.jpg 600w, https:\/\/regiongron.sk\/hu\/wp-content\/uploads\/2023\/10\/DSCF4001-768x512.jpg 768w, https:\/\/regiongron.sk\/hu\/wp-content\/uploads\/2023\/10\/DSCF4001-1536x1024.jpg 1536w, https:\/\/regiongron.sk\/hu\/wp-content\/uploads\/2023\/10\/DSCF4001-2048x1365.jpg 2048w, https:\/\/regiongron.sk\/hu\/wp-content\/uploads\/2023\/10\/DSCF4001-scaled.jpg 2560w\" sizes=\"auto, (max-width: 1024px) 100vw, 1024px\" \/><\/figure>\n\n\n\n<figure class=\"wp-block-image size-large\"><img loading=\"lazy\" decoding=\"async\" width=\"1024\" height=\"683\" data-id=\"20514\" src=\"https:\/\/regiongron.sk\/wp-content\/uploads\/2023\/10\/DSCF4006-1024x683.jpg\" alt=\"\" class=\"wp-image-20514\" srcset=\"https:\/\/regiongron.sk\/hu\/wp-content\/uploads\/2023\/10\/DSCF4006-1024x683.jpg 1024w, https:\/\/regiongron.sk\/hu\/wp-content\/uploads\/2023\/10\/DSCF4006-600x400.jpg 600w, https:\/\/regiongron.sk\/hu\/wp-content\/uploads\/2023\/10\/DSCF4006-768x512.jpg 768w, https:\/\/regiongron.sk\/hu\/wp-content\/uploads\/2023\/10\/DSCF4006-1536x1024.jpg 1536w, https:\/\/regiongron.sk\/hu\/wp-content\/uploads\/2023\/10\/DSCF4006-2048x1366.jpg 2048w, https:\/\/regiongron.sk\/hu\/wp-content\/uploads\/2023\/10\/DSCF4006-scaled.jpg 2560w\" sizes=\"auto, (max-width: 1024px) 100vw, 1024px\" \/><\/figure>\n<\/figure>\n\n\n\n<p>T\u00e9ma ban\u00edctva a&nbsp;jeho odkazu m\u00e1 v&nbsp;Banskobystrickom kraji nezastupite\u013en\u00e9 miesto, nielen z&nbsp;poh\u013eadu kult\u00farno-historick\u00e9ho dedi\u010dstva, ale aj z&nbsp;h\u013eadiska rozvoja cestovn\u00e9ho ruchu. Rozvojov\u00e1 agent\u00fara BBSK, n. o. preto realiz\u00e1ciu projektovej dokument\u00e1cie ku konzerv\u00e1cii a&nbsp;spr\u00edstupneniu z\u00e1kladov Potterovho stroja podporila sumou 4914 EUR cez \u010dlensk\u00fd pr\u00edspevok do OOCR Regi\u00f3n GRON. J\u00e1n Beljak, podpredseda Banskobystrick\u00e9ho samospr\u00e1vneho kraja uviedol: \u201e<em>mesto Nov\u00e1 Ba\u0148a sa bude na z\u00e1klade tejto projektovej dokument\u00e1cie uch\u00e1dza\u0165 o financie z eurofondov v r\u00e1mci Integrovanej \u00fazemnej strat\u00e9gie BBSK. Pevne ver\u00edm, \u017ee \u010fal\u0161ie kroky bud\u00fa prebieha\u0165 plynule, a o nieko\u013eko rokov priv\u00edta n\u00e1v\u0161tevn\u00edkov kr\u00e1sny archeopark s prezent\u00e1ciou v\u00fdsledkov archeologick\u00e9ho v\u00fdskumu a modelom Potterovho oh\u0148ov\u00e9ho stroja.\u201c<\/em><\/p>\n\n\n\n<figure class=\"wp-block-gallery has-nested-images columns-1 is-cropped wp-block-gallery-3 is-layout-flex wp-block-gallery-is-layout-flex\">\n<figure class=\"wp-block-image size-large\"><img loading=\"lazy\" decoding=\"async\" width=\"1024\" height=\"683\" data-id=\"20513\" src=\"https:\/\/regiongron.sk\/wp-content\/uploads\/2023\/10\/DSCF3985-1024x683.jpg\" alt=\"\" class=\"wp-image-20513\" srcset=\"https:\/\/regiongron.sk\/hu\/wp-content\/uploads\/2023\/10\/DSCF3985-1024x683.jpg 1024w, https:\/\/regiongron.sk\/hu\/wp-content\/uploads\/2023\/10\/DSCF3985-600x400.jpg 600w, https:\/\/regiongron.sk\/hu\/wp-content\/uploads\/2023\/10\/DSCF3985-768x512.jpg 768w, https:\/\/regiongron.sk\/hu\/wp-content\/uploads\/2023\/10\/DSCF3985-1536x1024.jpg 1536w, https:\/\/regiongron.sk\/hu\/wp-content\/uploads\/2023\/10\/DSCF3985-2048x1365.jpg 2048w, https:\/\/regiongron.sk\/hu\/wp-content\/uploads\/2023\/10\/DSCF3985-scaled.jpg 2560w\" sizes=\"auto, (max-width: 1024px) 100vw, 1024px\" \/><\/figure>\n\n\n\n<figure class=\"wp-block-image size-large\"><img loading=\"lazy\" decoding=\"async\" width=\"1024\" height=\"683\" data-id=\"20555\" src=\"https:\/\/regiongron.sk\/wp-content\/uploads\/2023\/10\/DSCF4012-1024x683.jpg\" alt=\"\" class=\"wp-image-20555\" srcset=\"https:\/\/regiongron.sk\/hu\/wp-content\/uploads\/2023\/10\/DSCF4012-1024x683.jpg 1024w, https:\/\/regiongron.sk\/hu\/wp-content\/uploads\/2023\/10\/DSCF4012-600x400.jpg 600w, https:\/\/regiongron.sk\/hu\/wp-content\/uploads\/2023\/10\/DSCF4012-768x512.jpg 768w, https:\/\/regiongron.sk\/hu\/wp-content\/uploads\/2023\/10\/DSCF4012-1536x1024.jpg 1536w, https:\/\/regiongron.sk\/hu\/wp-content\/uploads\/2023\/10\/DSCF4012-2048x1365.jpg 2048w, https:\/\/regiongron.sk\/hu\/wp-content\/uploads\/2023\/10\/DSCF4012-scaled.jpg 2560w\" sizes=\"auto, (max-width: 1024px) 100vw, 1024px\" \/><\/figure>\n<\/figure>\n\n\n\n<p>S&nbsp;ban\u00edckou tematikou v&nbsp;Novej Bani u\u017e nieko\u013eko sez\u00f3n pracuje aj OOCR Regi\u00f3n GRON so z\u00e1merom turistom odprezentova\u0165 bansk\u00fa hist\u00f3riu mesta. <em>\u201eN\u00e1v\u0161tevn\u00edci mesta maj\u00fa mo\u017enos\u0165 vo vybran\u00fdch term\u00ednoch po\u010das roka absolvova\u0165 komentovan\u00fa vych\u00e1dzku po niektorej z&nbsp;tr\u00e1s Bansk\u00e9ho n\u00e1u\u010dn\u00e9ho chodn\u00edka. V&nbsp;sprievode lektora sa tak priamo v&nbsp;meste alebo pri\u013eahlom okol\u00ed prenesiete do obdob\u00ed, kedy ban\u00edcka sl\u00e1va Novej Bane dosahovala svoj vrchol. Okrem stredne n\u00e1ro\u010dnej turistiky a&nbsp;samotn\u00e9ho v\u00fdkladu v\u0161ak maj\u00fa turisti mo\u017enos\u0165 pozrie\u0165 \u010di vysk\u00fa\u0161a\u0165 si autentick\u00e9 modely bansk\u00fdch technick\u00fdch zariaden\u00ed a&nbsp;pom\u00f4cok, napr\u00edklad rump\u00e1l \u010di klopa\u010dku. Okrem u\u017e existuj\u00facej klopa\u010dky na trase A, pribudla v posledn\u00fdch d\u0148och \u010fal\u0161ia pri Ban\u00edckej kaplnke,\u201c<\/em> uviedla M\u00e1ria Vesel\u00e1, v\u00fdkonn\u00e1 riadite\u013eka OOCR Regi\u00f3n GRON.<\/p>\n\n\n\n<figure class=\"wp-block-gallery has-nested-images columns-1 is-cropped wp-block-gallery-4 is-layout-flex wp-block-gallery-is-layout-flex\">\n<figure class=\"wp-block-image size-large\"><img loading=\"lazy\" decoding=\"async\" width=\"1024\" height=\"683\" data-id=\"20521\" src=\"https:\/\/regiongron.sk\/wp-content\/uploads\/2023\/10\/DSCF2246-1024x683.jpg\" alt=\"\" class=\"wp-image-20521\" srcset=\"https:\/\/regiongron.sk\/hu\/wp-content\/uploads\/2023\/10\/DSCF2246-1024x683.jpg 1024w, https:\/\/regiongron.sk\/hu\/wp-content\/uploads\/2023\/10\/DSCF2246-600x400.jpg 600w, https:\/\/regiongron.sk\/hu\/wp-content\/uploads\/2023\/10\/DSCF2246-768x512.jpg 768w, https:\/\/regiongron.sk\/hu\/wp-content\/uploads\/2023\/10\/DSCF2246-1536x1024.jpg 1536w, https:\/\/regiongron.sk\/hu\/wp-content\/uploads\/2023\/10\/DSCF2246-2048x1365.jpg 2048w, https:\/\/regiongron.sk\/hu\/wp-content\/uploads\/2023\/10\/DSCF2246-scaled.jpg 2560w\" sizes=\"auto, (max-width: 1024px) 100vw, 1024px\" \/><\/figure>\n\n\n\n<figure class=\"wp-block-image size-large\"><img loading=\"lazy\" decoding=\"async\" width=\"1024\" height=\"768\" data-id=\"20520\" src=\"https:\/\/regiongron.sk\/wp-content\/uploads\/2023\/10\/IMG20231012115425-1024x768.jpg\" alt=\"\" class=\"wp-image-20520\" srcset=\"https:\/\/regiongron.sk\/hu\/wp-content\/uploads\/2023\/10\/IMG20231012115425-1024x768.jpg 1024w, https:\/\/regiongron.sk\/hu\/wp-content\/uploads\/2023\/10\/IMG20231012115425-600x450.jpg 600w, https:\/\/regiongron.sk\/hu\/wp-content\/uploads\/2023\/10\/IMG20231012115425-768x576.jpg 768w, https:\/\/regiongron.sk\/hu\/wp-content\/uploads\/2023\/10\/IMG20231012115425-1536x1152.jpg 1536w, https:\/\/regiongron.sk\/hu\/wp-content\/uploads\/2023\/10\/IMG20231012115425-2048x1536.jpg 2048w, https:\/\/regiongron.sk\/hu\/wp-content\/uploads\/2023\/10\/IMG20231012115425-scaled.jpg 2560w\" sizes=\"auto, (max-width: 1024px) 100vw, 1024px\" \/><\/figure>\n<\/figure>\n\n\n\n<p>S&nbsp;ponukou komentovan\u00fdch vych\u00e1dzok ako produktu cestovn\u00e9ho ruchu pl\u00e1nuje OOCR v&nbsp;bud\u00facnosti pokra\u010dova\u0165. <em>\u201eVer\u00edme, \u017ee sa n\u00e1m v\u0161etk\u00fdm podar\u00ed spolo\u010dn\u00fdmi silami \u010do najsk\u00f4r repliku Potterovho stroja tu na Althandli vybudova\u0165. Tak\u00e1to expoz\u00edcia by pre Nov\u00fa Ba\u0148u bola ve\u013emi siln\u00fdm predpokladom na pr\u00edlev turistov, \u010do samozrejme v\u00edtame, preto\u017ee sa tak u&nbsp;n\u00e1s turisti op\u00e4\u0165 zdr\u017eia o&nbsp;nie\u010do dlh\u0161ie,\u201c<\/em> dodala Vesel\u00e1. V\u010faka \u00fasiliu Branislava Medve\u010fa vznikla zatia\u013e v are\u00e1li Atlhandel do\u010dasn\u00e1 expoz\u00edcia venuj\u00faca sa ban\u00edctvu. Jej s\u00fa\u010das\u0165ou je i model, ktor\u00fd demon\u0161truje princ\u00edp fungovania Potterovho stroja.<\/p>\n\n\n\n<figure class=\"wp-block-gallery has-nested-images columns-1 is-cropped wp-block-gallery-5 is-layout-flex wp-block-gallery-is-layout-flex\"><div class=\"wp-block-image\">\n<figure class=\"aligncenter size-large\"><img loading=\"lazy\" decoding=\"async\" width=\"1024\" height=\"683\" data-id=\"20523\" src=\"https:\/\/regiongron.sk\/wp-content\/uploads\/2023\/10\/DSCF4029-1024x683.jpg\" alt=\"\" class=\"wp-image-20523\" srcset=\"https:\/\/regiongron.sk\/hu\/wp-content\/uploads\/2023\/10\/DSCF4029-1024x683.jpg 1024w, https:\/\/regiongron.sk\/hu\/wp-content\/uploads\/2023\/10\/DSCF4029-600x400.jpg 600w, https:\/\/regiongron.sk\/hu\/wp-content\/uploads\/2023\/10\/DSCF4029-768x512.jpg 768w, https:\/\/regiongron.sk\/hu\/wp-content\/uploads\/2023\/10\/DSCF4029-1536x1024.jpg 1536w, https:\/\/regiongron.sk\/hu\/wp-content\/uploads\/2023\/10\/DSCF4029-2048x1365.jpg 2048w, https:\/\/regiongron.sk\/hu\/wp-content\/uploads\/2023\/10\/DSCF4029-scaled.jpg 2560w\" sizes=\"auto, (max-width: 1024px) 100vw, 1024px\" \/><\/figure>\n<\/div>\n\n<div class=\"wp-block-image\">\n<figure class=\"aligncenter size-large\"><img loading=\"lazy\" decoding=\"async\" width=\"1024\" height=\"683\" data-id=\"20522\" src=\"https:\/\/regiongron.sk\/wp-content\/uploads\/2023\/10\/DSCF4022-1024x683.jpg\" alt=\"\" class=\"wp-image-20522\" srcset=\"https:\/\/regiongron.sk\/hu\/wp-content\/uploads\/2023\/10\/DSCF4022-1024x683.jpg 1024w, https:\/\/regiongron.sk\/hu\/wp-content\/uploads\/2023\/10\/DSCF4022-600x400.jpg 600w, https:\/\/regiongron.sk\/hu\/wp-content\/uploads\/2023\/10\/DSCF4022-768x512.jpg 768w, https:\/\/regiongron.sk\/hu\/wp-content\/uploads\/2023\/10\/DSCF4022-1536x1024.jpg 1536w, https:\/\/regiongron.sk\/hu\/wp-content\/uploads\/2023\/10\/DSCF4022-2048x1365.jpg 2048w, https:\/\/regiongron.sk\/hu\/wp-content\/uploads\/2023\/10\/DSCF4022-scaled.jpg 2560w\" sizes=\"auto, (max-width: 1024px) 100vw, 1024px\" \/><\/figure>\n<\/div><\/figure>\n\n\n<p><iframe loading=\"lazy\" style=\"border:none\" src=\"https:\/\/sk.frame.mapy.cz\/s\/lerepadema\" width=\"100%\" height=\"350\" frameborder=\"0\"><\/iframe><\/p>\n\n\n\n\n","protected":false},"featured_media":20525,"template":"","categories":[2],"class_list":["post-20511","novinky","type-novinky","status-publish","has-post-thumbnail","hentry","category-novinky"],"acf":[],"uagb_featured_image_src":{"full":["https:\/\/regiongron.sk\/hu\/wp-content\/uploads\/2023\/10\/titulka-banner-web.jpg",1458,1458,false],"thumbnail":["https:\/\/regiongron.sk\/hu\/wp-content\/uploads\/2023\/10\/titulka-banner-web-400x400.jpg",400,400,true],"medium":["https:\/\/regiongron.sk\/hu\/wp-content\/uploads\/2023\/10\/titulka-banner-web-600x600.jpg",600,600,true],"medium_large":["https:\/\/regiongron.sk\/hu\/wp-content\/uploads\/2023\/10\/titulka-banner-web-768x768.jpg",768,768,true],"large":["https:\/\/regiongron.sk\/hu\/wp-content\/uploads\/2023\/10\/titulka-banner-web-1024x1024.jpg",1024,1024,true],"1536x1536":["https:\/\/regiongron.sk\/hu\/wp-content\/uploads\/2023\/10\/titulka-banner-web.jpg",1458,1458,false],"2048x2048":["https:\/\/regiongron.sk\/hu\/wp-content\/uploads\/2023\/10\/titulka-banner-web.jpg",1458,1458,false]},"uagb_author_info":{"display_name":"Gabriela Matlovi\u010dov\u00e1","author_link":"https:\/\/regiongron.sk\/hu\/author\/"},"uagb_comment_info":0,"uagb_excerpt":"Aj b\u00fdval\u00e9 slobodn\u00e9 kr\u00e1\u013eovsk\u00e9 mesto Nov\u00e1 Ba\u0148a malo kedysi svojho sl\u00e1vneho Pottera. S\u00edce nem\u00e1val pr\u00fatikom, ale napriek tomu \u010daroval \u2013 za pomoci vedy. V roku 1721 za\u010dal v tomto meste anglick\u00fd vyn\u00e1lezca Isaac Potter s v\u00fdstavbou oh\u0148ov\u00e9ho stroja, ktor\u00fd mal sl\u00fa\u017ei\u0165 na odvod\u0148ovanie bansk\u00fdch \u0161t\u00f4ln\u00ed. I\u0161lo o prv\u00fd tak\u00fdto stroj postaven\u00fd na eur\u00f3pskom kontinente a&hellip;","_links":{"self":[{"href":"https:\/\/regiongron.sk\/hu\/wp-json\/wp\/v2\/novinky\/20511","targetHints":{"allow":["GET"]}}],"collection":[{"href":"https:\/\/regiongron.sk\/hu\/wp-json\/wp\/v2\/novinky"}],"about":[{"href":"https:\/\/regiongron.sk\/hu\/wp-json\/wp\/v2\/types\/novinky"}],"wp:featuredmedia":[{"embeddable":true,"href":"https:\/\/regiongron.sk\/hu\/wp-json\/wp\/v2\/media\/20525"}],"wp:attachment":[{"href":"https:\/\/regiongron.sk\/hu\/wp-json\/wp\/v2\/media?parent=20511"}],"wp:term":[{"taxonomy":"category","embeddable":true,"href":"https:\/\/regiongron.sk\/hu\/wp-json\/wp\/v2\/categories?post=20511"}],"curies":[{"name":"wp","href":"https:\/\/api.w.org\/{rel}","templated":true}]}}