{"id":19588,"date":"2023-06-05T17:11:35","date_gmt":"2023-06-05T15:11:35","guid":{"rendered":"https:\/\/regiongron.sk\/?post_type=podujatia&#038;p=19588"},"modified":"2023-06-05T17:11:37","modified_gmt":"2023-06-05T15:11:37","slug":"kulturne-leto-na-zvonicke-2023","status":"publish","type":"podujatia","link":"https:\/\/regiongron.sk\/hu\/podujatia\/kulturne-leto-na-zvonicke-2023\/","title":{"rendered":"KULT\u00daRNE LETO NA ZVONI\u010cKE 2023"},"content":{"rendered":"<div class=\"wp-block-image\">\n<figure class=\"aligncenter size-large\"><img loading=\"lazy\" decoding=\"async\" width=\"725\" height=\"1024\" src=\"https:\/\/regiongron.sk\/wp-content\/uploads\/2023\/06\/kulturne-leto-na-zvonicke-2023-plagat-725x1024.jpg\" alt=\"\" class=\"wp-image-19590\" srcset=\"https:\/\/regiongron.sk\/hu\/wp-content\/uploads\/2023\/06\/kulturne-leto-na-zvonicke-2023-plagat-725x1024.jpg 725w, https:\/\/regiongron.sk\/hu\/wp-content\/uploads\/2023\/06\/kulturne-leto-na-zvonicke-2023-plagat-425x600.jpg 425w, https:\/\/regiongron.sk\/hu\/wp-content\/uploads\/2023\/06\/kulturne-leto-na-zvonicke-2023-plagat-768x1085.jpg 768w, https:\/\/regiongron.sk\/hu\/wp-content\/uploads\/2023\/06\/kulturne-leto-na-zvonicke-2023-plagat-1087x1536.jpg 1087w, https:\/\/regiongron.sk\/hu\/wp-content\/uploads\/2023\/06\/kulturne-leto-na-zvonicke-2023-plagat.jpg 1449w\" sizes=\"auto, (max-width: 725px) 100vw, 725px\" \/><\/figure>\n<\/div>\n\n\n<p>Tretia letn\u00e1 sez\u00f3na na Zvoni\u010dke bude skvel\u00e1! Pozrite si ponuku koncertov, ktor\u00e9 s\u00fa na leto pripraven\u00e9!<\/p>\n\n\n\n<h4 class=\"wp-block-heading\">J\u00daN<\/h4>\n\n\n\n<p><img loading=\"lazy\" decoding=\"async\" width=\"16\" height=\"16\" src=\"https:\/\/regiongron.sk\/wp-content\/uploads\/2023\/02\/1f538-1.png\" alt=\" \">\u00a0RICHARD BALOGH BAND - (Ducho\u0148 &amp; Filip projekt) - sobota 10.6.<\/p>\n\n\n\n<p><img loading=\"lazy\" decoding=\"async\" width=\"16\" height=\"16\" src=\"https:\/\/regiongron.sk\/wp-content\/uploads\/2023\/02\/1f539-1.png\" alt=\" \">\u00a0JURAJ SCHWEIGERT TRIO BLUES  (blues) - sobota 17.6.<\/p>\n\n\n\n<p><img loading=\"lazy\" decoding=\"async\" width=\"16\" height=\"16\" src=\"https:\/\/regiongron.sk\/wp-content\/uploads\/2023\/02\/1f538-1.png\" alt=\" \">\u00a0EA (world music) - nede\u013ea 25.6.<\/p>\n\n\n\n<h4 class=\"wp-block-heading\">J\u00daL<\/h4>\n\n\n\n<p><img loading=\"lazy\" decoding=\"async\" width=\"16\" height=\"16\" src=\"https:\/\/regiongron.sk\/wp-content\/uploads\/2023\/02\/1f539-1.png\" alt=\" \">\u00a0POTO\u010cN\u00c1 LIGA (rock) - sobota 1.7.<\/p>\n\n\n\n<p><img loading=\"lazy\" decoding=\"async\" width=\"16\" height=\"16\" src=\"https:\/\/regiongron.sk\/wp-content\/uploads\/2023\/02\/1f538-1.png\" alt=\" \">\u00a0HELIGONK\u00c1RI (\u013eudov\u00e1 hudba) - nede\u013ea 2.7.<\/p>\n\n\n\n<p><img loading=\"lazy\" decoding=\"async\" width=\"16\" height=\"16\" src=\"https:\/\/regiongron.sk\/wp-content\/uploads\/2023\/02\/1f539-1.png\" alt=\" \">\u00a0MARTIN GEI\u0160BERG - sobota 8.7.<\/p>\n\n\n\n<p><img loading=\"lazy\" decoding=\"async\" width=\"16\" height=\"16\" src=\"https:\/\/regiongron.sk\/wp-content\/uploads\/2023\/02\/1f538-1.png\" alt=\" \">\u00a0 JUJU (dub electro, etno) - sobota 15.7.<\/p>\n\n\n\n<p><img loading=\"lazy\" decoding=\"async\" width=\"16\" height=\"16\" src=\"https:\/\/regiongron.sk\/wp-content\/uploads\/2023\/02\/1f539-1.png\" alt=\" \">\u00a0 \u0160T\u00c1LANKA (\u013eudov\u00e1 hudba) - nede\u013ea 16.7.<\/p>\n\n\n\n<p><img loading=\"lazy\" decoding=\"async\" width=\"16\" height=\"16\" src=\"https:\/\/regiongron.sk\/wp-content\/uploads\/2023\/02\/1f538-1.png\" alt=\" \">\u00a0ANNA B\u00c1L - sobota 22.7.<\/p>\n\n\n\n<p><img loading=\"lazy\" decoding=\"async\" width=\"16\" height=\"16\" src=\"https:\/\/regiongron.sk\/wp-content\/uploads\/2023\/02\/1f539-1.png\" alt=\" \">\u00a0EA (world music)- nede\u013ea 23.7.<\/p>\n\n\n\n<p><img loading=\"lazy\" decoding=\"async\" width=\"16\" height=\"16\" src=\"https:\/\/regiongron.sk\/wp-content\/uploads\/2023\/02\/1f538-1.png\" alt=\" \">\u00a0 DOMINIKA FRI\u010cOV\u00c1 (pesni\u010dk\u00e1rka) - sobota 29.7.<\/p>\n\n\n\n<h4 class=\"wp-block-heading\">AUGUST<\/h4>\n\n\n\n<p><img loading=\"lazy\" decoding=\"async\" width=\"16\" height=\"16\" src=\"https:\/\/regiongron.sk\/wp-content\/uploads\/2023\/02\/1f539-1.png\" alt=\" \">\u00a0HELIGONK\u00c1RI (\u013eudov\u00e1 hudba) - nede\u013ea 6.8.<\/p>\n\n\n\n<p><img loading=\"lazy\" decoding=\"async\" width=\"16\" height=\"16\" src=\"https:\/\/regiongron.sk\/wp-content\/uploads\/2023\/02\/1f538-1.png\" alt=\" \">\u00a0PETER LIPA (jazz) - sobota 12.8.<\/p>\n\n\n\n<p><img loading=\"lazy\" decoding=\"async\" width=\"16\" height=\"16\" src=\"https:\/\/regiongron.sk\/wp-content\/uploads\/2023\/02\/1f539-1.png\" alt=\" \">\u00a0\u0160T\u00c1LANKA (\u013eudov\u00e1 hudba) - nede\u013ea 20.8.<\/p>\n\n\n\n<p><img loading=\"lazy\" decoding=\"async\" width=\"16\" height=\"16\" src=\"https:\/\/regiongron.sk\/wp-content\/uploads\/2023\/02\/1f538-1.png\" alt=\" \">\u00a0EA (world music) - nede\u013ea 27.8.<\/p>\n\n\n\n<h4 class=\"wp-block-heading\">SEPTEMBER<\/h4>\n\n\n\n<p><img loading=\"lazy\" decoding=\"async\" width=\"16\" height=\"16\" src=\"https:\/\/regiongron.sk\/wp-content\/uploads\/2023\/02\/1f539-1.png\" alt=\" \">\u00a0MEDZI NEBOM A ZEMOU (filmov\u00fd festival outdoorov\u00fdch filmov - sobota 2.9.<\/p>\n\n\n\n<hr class=\"wp-block-separator has-alpha-channel-opacity\"\/>\n\n\n\n<p>Pred koncertami si m\u00f4\u017eete&nbsp; vysk\u00fa\u0161a\u0165 lezenie na detsk\u00fdch ferrat\u00e1ch, absolvova\u0165 prech\u00e1dzku na \u010cerven\u00fa a Havraniu skalu \u010di t\u00faru na Rozh\u013ead\u0148u H\u00e1j, prejs\u0165 sa po Z\u00e1hradnom lese a nav\u0161t\u00edvi\u0165 p\u00fatnicke miesto Koh\u00fatovo.<\/p>\n\n\n\n<p>Viac inform\u00e1ci\u00ed o detsk\u00fdch ferrat\u00e1ch n\u00e1jdete v nasleduj\u00facom \u010dl\u00e1nku:\u00a0<strong><a rel=\"noreferrer noopener\" href=\"https:\/\/regiongron.sk\/otvorenie-detskeho-ferratoveho-arealu-v-novej-bani\/\" target=\"_blank\">Detsk\u00fd ferratov\u00fd are\u00e1l na Zvoni\u010dke v Novej Bani<\/a><\/strong> alebo na str\u00e1nke <a href=\"https:\/\/zvonickanb.sk\/\" data-type=\"URL\" data-id=\"https:\/\/zvonickanb.sk\/\" target=\"_blank\" rel=\"noreferrer noopener\">www.zvonickanb.sk<\/a><\/p>\n\n\n\n<p>Ak sa chcete vyda\u0165 na turistiku, popis trasy na Rozh\u013ead\u0148u H\u00e1j n\u00e1jdete tu:&nbsp;<strong><a href=\"https:\/\/regiongron.sk\/prva-turisticka-vyzva-rozhladna-haj-nova-bana\/\" target=\"_blank\" rel=\"noreferrer noopener\">Turistick\u00e1 trasa na Rozh\u013ead\u0148u H\u00e1j<\/a><\/strong><\/p>\n\n\n\n<p>A samozrejme v bufete na Zvoni\u010dke n\u00e1jdete aj skvel\u00e9 ob\u010derstvenie.<\/p>\n\n\n\n<p>Vstupn\u00e9 je dobrovo\u013en\u00e9, a to aj v\u010faka finan\u010dnej podpore Regi\u00f3nu GRON pre vybran\u00e9 koncerty.<\/p>\n\n\n\n<p class=\"wp-embed-aspect-16-9 wp-has-aspect-ratio\">T\u00e1to aktivita je realizovan\u00e1 s finan\u010dnou podporou <strong><a href=\"https:\/\/www.mindop.sk\/\" target=\"_blank\" rel=\"noreferrer noopener\">Ministerstva dopravy SR.<\/a><\/strong><\/p>\n\n\n\n<div class=\"wp-block-columns wp-embed-aspect-16-9 wp-has-aspect-ratio is-layout-flex wp-container-core-columns-is-layout-9d6595d7 wp-block-columns-is-layout-flex\">\n<div class=\"wp-block-column is-layout-flow wp-block-column-is-layout-flow\" style=\"flex-basis:100%\">\n<div class=\"wp-block-group alignwide\"><div class=\"wp-block-group__inner-container is-layout-constrained wp-block-group-is-layout-constrained\">\n<div class=\"wp-block-columns alignwide is-layout-flex wp-container-core-columns-is-layout-9d6595d7 wp-block-columns-is-layout-flex\">\n<div class=\"wp-block-column is-vertically-aligned-bottom is-layout-flow wp-block-column-is-layout-flow\" style=\"flex-basis:50%\">\n<p class=\"has-medium-font-size\"><img loading=\"lazy\" decoding=\"async\" width=\"150\" height=\"77\" class=\"wp-image-16350\" style=\"width: 150px;\" src=\"http:\/\/regiongron.sk\/wp-content\/uploads\/2023\/02\/logo-DOVOLENKA_basic_3R_blue_EDGE1_www_RGB.png\" alt=\"\" srcset=\"https:\/\/regiongron.sk\/hu\/wp-content\/uploads\/2023\/02\/logo-DOVOLENKA_basic_3R_blue_EDGE1_www_RGB.png 2731w, https:\/\/regiongron.sk\/hu\/wp-content\/uploads\/2023\/02\/logo-DOVOLENKA_basic_3R_blue_EDGE1_www_RGB-600x309.png 600w, https:\/\/regiongron.sk\/hu\/wp-content\/uploads\/2023\/02\/logo-DOVOLENKA_basic_3R_blue_EDGE1_www_RGB-1024x528.png 1024w, https:\/\/regiongron.sk\/hu\/wp-content\/uploads\/2023\/02\/logo-DOVOLENKA_basic_3R_blue_EDGE1_www_RGB-768x396.png 768w, https:\/\/regiongron.sk\/hu\/wp-content\/uploads\/2023\/02\/logo-DOVOLENKA_basic_3R_blue_EDGE1_www_RGB-1536x792.png 1536w, https:\/\/regiongron.sk\/hu\/wp-content\/uploads\/2023\/02\/logo-DOVOLENKA_basic_3R_blue_EDGE1_www_RGB-2048x1056.png 2048w\" sizes=\"auto, (max-width: 150px) 100vw, 150px\" \/><img loading=\"lazy\" decoding=\"async\" width=\"250\" height=\"100\" class=\"wp-image-16351\" style=\"width: 250px;\" src=\"http:\/\/regiongron.sk\/wp-content\/uploads\/2023\/02\/Ministerstvo_dopravy_SR_nove_SK_JPG_farebne.jpg\" alt=\"\" srcset=\"https:\/\/regiongron.sk\/hu\/wp-content\/uploads\/2023\/02\/Ministerstvo_dopravy_SR_nove_SK_JPG_farebne.jpg 2000w, https:\/\/regiongron.sk\/hu\/wp-content\/uploads\/2023\/02\/Ministerstvo_dopravy_SR_nove_SK_JPG_farebne-600x239.jpg 600w, https:\/\/regiongron.sk\/hu\/wp-content\/uploads\/2023\/02\/Ministerstvo_dopravy_SR_nove_SK_JPG_farebne-1024x409.jpg 1024w, https:\/\/regiongron.sk\/hu\/wp-content\/uploads\/2023\/02\/Ministerstvo_dopravy_SR_nove_SK_JPG_farebne-768x306.jpg 768w, https:\/\/regiongron.sk\/hu\/wp-content\/uploads\/2023\/02\/Ministerstvo_dopravy_SR_nove_SK_JPG_farebne-1536x613.jpg 1536w\" sizes=\"auto, (max-width: 250px) 100vw, 250px\" \/><\/p>\n<\/div>\n<\/div>\n<\/div><\/div>\n<\/div>\n<\/div>\n\n\n<p><iframe loading=\"lazy\" style=\"border:none\" src=\"https:\/\/sk.frame.mapy.cz\/s\/lonehucocu\" width=\"100%\" height=\"350\" frameborder=\"0\"><\/iframe><\/p>\n\n\n\n\n","protected":false},"excerpt":{"rendered":"<p>Tretia letn\u00e1 sez\u00f3na na Zvoni\u010dke bude skvel\u00e1! Pozrite si ponuku koncertov, ktor\u00e9 s\u00fa na leto pripraven\u00e9! J\u00daN \u00a0RICHARD BALOGH BAND - (Ducho\u0148 &amp; Filip projekt) - sobota 10.6. \u00a0JURAJ SCHWEIGERT TRIO BLUES (blues) - sobota 17.6. \u00a0EA (world music) - nede\u013ea 25.6. J\u00daL \u00a0POTO\u010cN\u00c1 LIGA (rock) - sobota 1.7. \u00a0HELIGONK\u00c1RI (\u013eudov\u00e1 hudba) - nede\u013ea 2.7. [&hellip;]<\/p>\n","protected":false},"author":3,"featured_media":19590,"menu_order":574,"comment_status":"open","ping_status":"closed","template":"","format":"standard","categories":[46],"tags":[],"class_list":["post-19588","podujatia","type-podujatia","status-publish","format-standard","has-post-thumbnail","hentry","category-podujatia"],"acf":[],"uagb_featured_image_src":{"full":["https:\/\/regiongron.sk\/hu\/wp-content\/uploads\/2023\/06\/kulturne-leto-na-zvonicke-2023-plagat.jpg",1449,2048,false],"thumbnail":["https:\/\/regiongron.sk\/hu\/wp-content\/uploads\/2023\/06\/kulturne-leto-na-zvonicke-2023-plagat-400x400.jpg",400,400,true],"medium":["https:\/\/regiongron.sk\/hu\/wp-content\/uploads\/2023\/06\/kulturne-leto-na-zvonicke-2023-plagat-425x600.jpg",425,600,true],"medium_large":["https:\/\/regiongron.sk\/hu\/wp-content\/uploads\/2023\/06\/kulturne-leto-na-zvonicke-2023-plagat-768x1085.jpg",768,1085,true],"large":["https:\/\/regiongron.sk\/hu\/wp-content\/uploads\/2023\/06\/kulturne-leto-na-zvonicke-2023-plagat-725x1024.jpg",725,1024,true],"1536x1536":["https:\/\/regiongron.sk\/hu\/wp-content\/uploads\/2023\/06\/kulturne-leto-na-zvonicke-2023-plagat-1087x1536.jpg",1087,1536,true],"2048x2048":["https:\/\/regiongron.sk\/hu\/wp-content\/uploads\/2023\/06\/kulturne-leto-na-zvonicke-2023-plagat.jpg",1449,2048,false]},"uagb_author_info":{"display_name":"Gabriela Matlovi\u010dov\u00e1","author_link":"https:\/\/regiongron.sk\/hu\/author\/gabriela\/"},"uagb_comment_info":0,"uagb_excerpt":"Tretia letn\u00e1 sez\u00f3na na Zvoni\u010dke bude skvel\u00e1! Pozrite si ponuku koncertov, ktor\u00e9 s\u00fa na leto pripraven\u00e9! J\u00daN \u00a0RICHARD BALOGH BAND - (Ducho\u0148 &amp; Filip projekt) - sobota 10.6. \u00a0JURAJ SCHWEIGERT TRIO BLUES (blues) - sobota 17.6. \u00a0EA (world music) - nede\u013ea 25.6. J\u00daL \u00a0POTO\u010cN\u00c1 LIGA (rock) - sobota 1.7. \u00a0HELIGONK\u00c1RI (\u013eudov\u00e1 hudba) - nede\u013ea 2.7.&hellip;","_links":{"self":[{"href":"https:\/\/regiongron.sk\/hu\/wp-json\/wp\/v2\/podujatia\/19588","targetHints":{"allow":["GET"]}}],"collection":[{"href":"https:\/\/regiongron.sk\/hu\/wp-json\/wp\/v2\/podujatia"}],"about":[{"href":"https:\/\/regiongron.sk\/hu\/wp-json\/wp\/v2\/types\/podujatia"}],"author":[{"embeddable":true,"href":"https:\/\/regiongron.sk\/hu\/wp-json\/wp\/v2\/users\/3"}],"replies":[{"embeddable":true,"href":"https:\/\/regiongron.sk\/hu\/wp-json\/wp\/v2\/comments?post=19588"}],"version-history":[{"count":2,"href":"https:\/\/regiongron.sk\/hu\/wp-json\/wp\/v2\/podujatia\/19588\/revisions"}],"predecessor-version":[{"id":19594,"href":"https:\/\/regiongron.sk\/hu\/wp-json\/wp\/v2\/podujatia\/19588\/revisions\/19594"}],"wp:featuredmedia":[{"embeddable":true,"href":"https:\/\/regiongron.sk\/hu\/wp-json\/wp\/v2\/media\/19590"}],"wp:attachment":[{"href":"https:\/\/regiongron.sk\/hu\/wp-json\/wp\/v2\/media?parent=19588"}],"wp:term":[{"taxonomy":"category","embeddable":true,"href":"https:\/\/regiongron.sk\/hu\/wp-json\/wp\/v2\/categories?post=19588"},{"taxonomy":"post_tag","embeddable":true,"href":"https:\/\/regiongron.sk\/hu\/wp-json\/wp\/v2\/tags?post=19588"}],"curies":[{"name":"wp","href":"https:\/\/api.w.org\/{rel}","templated":true}]}}