{"id":23632,"date":"2025-02-03T17:15:56","date_gmt":"2025-02-03T16:15:56","guid":{"rendered":"https:\/\/regiongron.sk\/?post_type=podujatia&#038;p=23632"},"modified":"2025-02-03T17:17:31","modified_gmt":"2025-02-03T16:17:31","slug":"divadlo-pi-caj-milacik-ziar-nad-hronom","status":"publish","type":"podujatia","link":"https:\/\/regiongron.sk\/hu\/podujatia\/divadlo-pi-caj-milacik-ziar-nad-hronom\/","title":{"rendered":"DIVADLO - PI \u010cAJ MIL\u00c1\u010cIK, \u017dIAR NAD HRONOM, 20.2.2025"},"content":{"rendered":"<div class=\"wp-block-image\">\n<figure class=\"aligncenter size-full\"><img loading=\"lazy\" decoding=\"async\" width=\"540\" height=\"540\" src=\"https:\/\/regiongron.sk\/wp-content\/uploads\/2025\/01\/divadlo-pi-caj-milacik-ziar-nad-hronom-20.2.2025.jpg\" alt=\"divadlo-pi-caj-milacik-ziar-nad-hronom-20.2.2025\" class=\"wp-image-23525\" srcset=\"https:\/\/regiongron.sk\/hu\/wp-content\/uploads\/2025\/01\/divadlo-pi-caj-milacik-ziar-nad-hronom-20.2.2025.jpg 540w, https:\/\/regiongron.sk\/hu\/wp-content\/uploads\/2025\/01\/divadlo-pi-caj-milacik-ziar-nad-hronom-20.2.2025-400x400.jpg 400w\" sizes=\"auto, (max-width: 540px) 100vw, 540px\" \/><\/figure>\n<\/div>\n\n\n<p><strong>DIVADELN\u00c9 PREDSTAVENIE - PI \u010cAJ MIL\u00c1\u010cIK<\/strong><\/p>\n\n\n\n<p><strong>TERM\u00cdN: <\/strong>20.02.2025, 18:00<\/p>\n\n\n\n<p><strong>MIESTO:<\/strong> SSO\u0160Pg EBG (b\u00fdval\u00fd DK), N\u00e1mestie Matice slovenskej<\/p>\n\n\n\n<p>Brilantn\u00e1 franc\u00fazska kom\u00e9dia z divadeln\u00e9ho z\u00e1kulisia ocenen\u00e1 Moli\u00e9rovou cenou ako KOM\u00c9DIA ROKA<\/p>\n\n\n\n<p>V\u00fdznamn\u00e1 divadeln\u00e1 spolo\u010dnos\u0165 sk\u00fa\u0161a bulv\u00e1rnu hru. Je nieko\u013eko dn\u00ed pred premi\u00e9rou. Ni\u010d nie je pripraven\u00e9: technick\u00fd person\u00e1l je flegmatick\u00fd, garderobierka neochotn\u00e1 a duchom nepr\u00edtomnej re\u017eis\u00e9rke v\u0161etko prerast\u00e1 cez hlavu. Medzi hercami vl\u00e1dne elektrizuj\u00faca n\u00e1lada, hlavn\u00e1 predstavite\u013eka je na pokraji nervov\u00e9ho zr\u00fatenia kv\u00f4li prv\u00e9mu milovn\u00edkovi \u2013 synovi producenta, ktor\u00e9ho si \u201enanominoval\u201c do hry. Nemotorne, nesmelo, naivne a \u0165arbavo vch\u00e1dza po prv\u00fdkr\u00e1t na javisko. Takto sa za\u010d\u00edna vaudeville v podan\u00ed takmer \u201ekalamitn\u00fdch\u201c hercov. Poviete si: Hotov\u00e1 katastrofa! Omyl. Skvel\u00e1 z\u00e1bava!<\/p>\n\n\n\n<p>Na\u0161a kom\u00e9dia poodhal\u00ed oponu do divadelnej \u201ekuchyne\u201c. Tam, kam mnoh\u00ed nesm\u00fa! Ale vy mus\u00edte! \u010cak\u00e1 na v\u00e1s dvojit\u00e1 porcia v\u00fddatn\u00e9ho smiechu.<\/p>\n\n\n\n<p>Div\u00e1ci sa st\u00e1vaj\u00fa svedkami nielen poslednej gener\u00e1lky pripravovanej hry, ale aj jej premi\u00e9ry. Namiesto toho, aby boli herci perfektne pripraven\u00ed na de\u0148 D, dokonale poplet\u00fa v\u0161etky svoje repliky a v\u00fdstupy. Premi\u00e9rov\u00fd ve\u010der sa men\u00ed na peklo. Je to priam \u201edel\u00edrium\u201c. Ich snaha sa zvrhne na smie\u0161ny a\u017e bl\u00e1zniv\u00fd koloto\u010d z\u00e1bavn\u00fdch situ\u00e1ci\u00ed. Nepredv\u00eddate\u013en\u00e9 momenty sa valia jeden za druh\u00fdm. Herci sa z\u00fafalo sna\u017eia zachr\u00e1ni\u0165, \u010do sa d\u00e1. Z\u00e1vratnos\u0165 absurdity sa men\u00ed na smiech. Ale len my vieme, \u017ee nejde o ni\u010d v\u00fdnimo\u010dn\u00e9 \u2013 je to jednoducho: DIVADLO.<\/p>\n\n\n\n<p>Divadlo hereckej hravosti, konverza\u010dnej bezprostrednosti, situa\u010dnej \u013eahkosti, a\u017e akrobatickej mr\u0161tnosti. V\u00fdsmechu aj ir\u00f3nie.<\/p>\n\n\n\n<p><strong>Hraj\u00fa:<\/strong> Zuzana Tlu\u010dkov\u00e1 \/ Lucia Vr\u00e1blicov\u00e1, D\u00e1vid Hartl \/ Peter Makransk\u00fd, Jana Lieskovsk\u00e1 \/ Karin Olasov\u00e1, Pavol Plev\u010d\u00edk \/ Peter Ko\u010di\u0161, Martin Kapr\u00e1lik \/ P\u0159emysl Boubl\u00edk, Miroslava Dr\u00ednov\u00e1 \/ Lucia Lapi\u0161\u00e1kov\u00e1, Tibor Halada<\/p>\n\n\n\n<p><strong>Preklad:<\/strong> Igor Navr\u00e1til, kost\u00fdmy: Diana Strauszov\u00e1, sc\u00e9na: Dorota Cig\u00e1nkov\u00e1, \u00faprava a r\u00e9\u017eia: Svetoz\u00e1r Spru\u0161ansk\u00fd<\/p>\n\n\n\n<p>Inscen\u00e1cia \u00faspe\u0161ne zab\u00e1vala div\u00e1kov tri divadeln\u00e9 sez\u00f3ny v Divadle Nov\u00e1 sc\u00e9na Bratislava.<\/p>\n\n\n\n<p><strong>PREDAJ L\u00cdSTKOV: <a href=\"https:\/\/www.mskcentrum.sk\/pi-caj-milacik\/?f=\">https:\/\/www.mskcentrum.sk\/pi-caj-milacik\/?f=<\/a><\/strong><\/p>\n","protected":false},"excerpt":{"rendered":"<p>DIVADELN\u00c9 PREDSTAVENIE - PI \u010cAJ MIL\u00c1\u010cIK TERM\u00cdN: 20.02.2025, 18:00 MIESTO: SSO\u0160Pg EBG (b\u00fdval\u00fd DK), N\u00e1mestie Matice slovenskej Brilantn\u00e1 franc\u00fazska kom\u00e9dia z divadeln\u00e9ho z\u00e1kulisia ocenen\u00e1 Moli\u00e9rovou cenou ako KOM\u00c9DIA ROKA V\u00fdznamn\u00e1 divadeln\u00e1 spolo\u010dnos\u0165 sk\u00fa\u0161a bulv\u00e1rnu hru. Je nieko\u013eko dn\u00ed pred premi\u00e9rou. Ni\u010d nie je pripraven\u00e9: technick\u00fd person\u00e1l je flegmatick\u00fd, garderobierka neochotn\u00e1 a duchom nepr\u00edtomnej re\u017eis\u00e9rke v\u0161etko [&hellip;]<\/p>\n","protected":false},"author":3,"featured_media":23525,"menu_order":62,"comment_status":"open","ping_status":"closed","template":"","format":"standard","categories":[46],"tags":[],"class_list":["post-23632","podujatia","type-podujatia","status-publish","format-standard","has-post-thumbnail","hentry","category-podujatia"],"acf":[],"uagb_featured_image_src":{"full":["https:\/\/regiongron.sk\/hu\/wp-content\/uploads\/2025\/01\/divadlo-pi-caj-milacik-ziar-nad-hronom-20.2.2025.jpg",540,540,false],"thumbnail":["https:\/\/regiongron.sk\/hu\/wp-content\/uploads\/2025\/01\/divadlo-pi-caj-milacik-ziar-nad-hronom-20.2.2025-400x400.jpg",400,400,true],"medium":["https:\/\/regiongron.sk\/hu\/wp-content\/uploads\/2025\/01\/divadlo-pi-caj-milacik-ziar-nad-hronom-20.2.2025.jpg",540,540,false],"medium_large":["https:\/\/regiongron.sk\/hu\/wp-content\/uploads\/2025\/01\/divadlo-pi-caj-milacik-ziar-nad-hronom-20.2.2025.jpg",540,540,false],"large":["https:\/\/regiongron.sk\/hu\/wp-content\/uploads\/2025\/01\/divadlo-pi-caj-milacik-ziar-nad-hronom-20.2.2025.jpg",540,540,false],"1536x1536":["https:\/\/regiongron.sk\/hu\/wp-content\/uploads\/2025\/01\/divadlo-pi-caj-milacik-ziar-nad-hronom-20.2.2025.jpg",540,540,false],"2048x2048":["https:\/\/regiongron.sk\/hu\/wp-content\/uploads\/2025\/01\/divadlo-pi-caj-milacik-ziar-nad-hronom-20.2.2025.jpg",540,540,false]},"uagb_author_info":{"display_name":"Gabriela Matlovi\u010dov\u00e1","author_link":"https:\/\/regiongron.sk\/hu\/author\/gabriela\/"},"uagb_comment_info":0,"uagb_excerpt":"DIVADELN\u00c9 PREDSTAVENIE - PI \u010cAJ MIL\u00c1\u010cIK TERM\u00cdN: 20.02.2025, 18:00 MIESTO: SSO\u0160Pg EBG (b\u00fdval\u00fd DK), N\u00e1mestie Matice slovenskej Brilantn\u00e1 franc\u00fazska kom\u00e9dia z divadeln\u00e9ho z\u00e1kulisia ocenen\u00e1 Moli\u00e9rovou cenou ako KOM\u00c9DIA ROKA V\u00fdznamn\u00e1 divadeln\u00e1 spolo\u010dnos\u0165 sk\u00fa\u0161a bulv\u00e1rnu hru. Je nieko\u013eko dn\u00ed pred premi\u00e9rou. Ni\u010d nie je pripraven\u00e9: technick\u00fd person\u00e1l je flegmatick\u00fd, garderobierka neochotn\u00e1 a duchom nepr\u00edtomnej re\u017eis\u00e9rke v\u0161etko&hellip;","_links":{"self":[{"href":"https:\/\/regiongron.sk\/hu\/wp-json\/wp\/v2\/podujatia\/23632","targetHints":{"allow":["GET"]}}],"collection":[{"href":"https:\/\/regiongron.sk\/hu\/wp-json\/wp\/v2\/podujatia"}],"about":[{"href":"https:\/\/regiongron.sk\/hu\/wp-json\/wp\/v2\/types\/podujatia"}],"author":[{"embeddable":true,"href":"https:\/\/regiongron.sk\/hu\/wp-json\/wp\/v2\/users\/3"}],"replies":[{"embeddable":true,"href":"https:\/\/regiongron.sk\/hu\/wp-json\/wp\/v2\/comments?post=23632"}],"version-history":[{"count":2,"href":"https:\/\/regiongron.sk\/hu\/wp-json\/wp\/v2\/podujatia\/23632\/revisions"}],"predecessor-version":[{"id":23634,"href":"https:\/\/regiongron.sk\/hu\/wp-json\/wp\/v2\/podujatia\/23632\/revisions\/23634"}],"wp:featuredmedia":[{"embeddable":true,"href":"https:\/\/regiongron.sk\/hu\/wp-json\/wp\/v2\/media\/23525"}],"wp:attachment":[{"href":"https:\/\/regiongron.sk\/hu\/wp-json\/wp\/v2\/media?parent=23632"}],"wp:term":[{"taxonomy":"category","embeddable":true,"href":"https:\/\/regiongron.sk\/hu\/wp-json\/wp\/v2\/categories?post=23632"},{"taxonomy":"post_tag","embeddable":true,"href":"https:\/\/regiongron.sk\/hu\/wp-json\/wp\/v2\/tags?post=23632"}],"curies":[{"name":"wp","href":"https:\/\/api.w.org\/{rel}","templated":true}]}}