{"id":11870,"date":"2021-04-19T17:36:18","date_gmt":"2021-04-19T15:36:18","guid":{"rendered":"https:\/\/regiongron.sk\/?p=11870"},"modified":"2023-04-05T10:27:43","modified_gmt":"2023-04-05T08:27:43","slug":"tip-na-vylet-kalvaria-v-obci-brehy","status":"publish","type":"tipy-na-vylety","link":"https:\/\/regiongron.sk\/hu\/tipy-na-vylety\/tip-na-vylet-kalvaria-v-obci-brehy\/","title":{"rendered":"KALV\u00c1RIA V OBCI BREHY"},"content":{"rendered":"<p>Obec <strong>BREHY<\/strong> sa nach\u00e1dza hne\u010f oproti mestu NOV\u00c1 BA\u0147A pri dia\u013enici R1, z ktorej sem vedie aj pr\u00edjazdov\u00e1 cesta.\u00a0<strong>KALV\u00c1RIA<\/strong>, ktor\u00e1 sa tu nach\u00e1dza je pomerne nezn\u00e1ma, a to aj z d\u00f4vodu, \u017ee v dne\u0161nej podobe existuje len kr\u00e1tko, od roku 2019.<\/p>\n<p><a  href=\"https:\/\/regiongron.sk\/wp-content\/uploads\/2021\/04\/kalvaria-brehy-3-scaled.jpg\" data-rel=\"lightbox-gallery-1\" data-rl_title=\"\" data-rl_caption=\"\" title=\"\"><img loading=\"lazy\" decoding=\"async\" class=\" wp-image-11880\" src=\"https:\/\/regiongron.sk\/wp-content\/uploads\/2023\/02\/kalvaria-brehy-3-1024x678.jpg\" alt=\"\" width=\"723\" height=\"479\" \/><\/a><\/p>\n<p>Kr\u00ed\u017e na jej vrchole v\u0161ak bol po prv\u00fdkr\u00e1t osaden\u00fd u\u017e v roku 1821. Odvtedy bol nieko\u013ekokr\u00e1t vymenen\u00fd, prv\u00fd z\u00e1znam o jeho v\u00fdmene je z roku 1922 a \u010fal\u0161\u00ed z roku 1942. Nov\u00fd kr\u00ed\u017e dali miestni ob\u010dania zhotovi\u0165 a osadi\u0165 aj v roku 1990. A\u017e osadenie s\u00fa\u010dasn\u00e9ho kr\u00ed\u017ea prinieslo aj osadenie 14 zastaven\u00ed kalv\u00e1rie, lavi\u010diek a zre\u0161taurovanie sochy Je\u017ei\u0161a na kr\u00ed\u017ei.<\/p>\n<p>Zastavenia maj\u00fa podobu dreven\u00fdch b\u00fadok a s\u00fa osaden\u00e9 na stromoch \u2013 lip\u00e1ch. Tieto lipy boli vysaden\u00e9 v roku 1933, kedy vznikla my\u0161lienka, aby sa kopec zalesnil. Dovtedy bol vyu\u017e\u00edvan\u00fd na pasenie hus\u00ed, k\u00f4z \u010di oviec. V\u010faka zasadeniu 25 l\u00edp mal v\u0155\u0161ok plni\u0165 nov\u00fa \u00falohu, ktorou bola pastva pre v\u010dely. Zrejme u\u017e vtedy tu bol z\u00e1mer spravi\u0165 na kopci kalv\u00e1riu.<\/p>\n<p><a  href=\"https:\/\/regiongron.sk\/wp-content\/uploads\/2021\/04\/kalvaria-brehy-5-scaled.jpg\" data-rel=\"lightbox-gallery-1\" data-rl_title=\"\" data-rl_caption=\"\" title=\"\"><img loading=\"lazy\" decoding=\"async\" class=\" wp-image-11882 aligncenter\" src=\"https:\/\/regiongron.sk\/wp-content\/uploads\/2023\/02\/kalvaria-brehy-5-1024x683.jpg\" alt=\"\" width=\"699\" height=\"466\" \/><\/a><\/p>\n<p><strong>Ako na kalv\u00e1riu<\/strong><\/p>\n<p>Cesta na kalv\u00e1riu je ve\u013emi jednoduch\u00e1 a\u00a0kr\u00e1tka. Preto ak aj nebudete ma\u0165 ve\u013ea \u010dasu, ur\u010dite stihnete aspo\u0148 tento v\u00fdlet. Kalv\u00e1riu n\u00e1jdete pod vrchom Kali\u0161t\u011b, v \u010dasti naz\u00fdvanej La\u0161tok na malom kop\u010deku. Ak pr\u00eddete do Brehov, sledujte \u017elt\u00fa zna\u010dku, ktor\u00e1 vedie hlavnou cestou. A\u017e miniete lavi\u010dku a stud\u0148u pri potoku, h\u013eadajte po \u013eavej strane medzi domami cesti\u010dku. \u00dazkym chodn\u00edkom pomedzi domy a z\u00e1hrady ste za p\u00e1r min\u00fat pod kop\u010dekom, kde sa kalv\u00e1ria nach\u00e1dza.<\/p>\n<p><a  href=\"https:\/\/regiongron.sk\/wp-content\/uploads\/2021\/04\/kalvaria-brehy-1-scaled.jpg\" data-rel=\"lightbox-gallery-1\" data-rl_title=\"\" data-rl_caption=\"\" title=\"\"><img loading=\"lazy\" decoding=\"async\" class=\" wp-image-11878\" src=\"https:\/\/regiongron.sk\/wp-content\/uploads\/2023\/02\/kalvaria-brehy-1-1024x683.jpg\" alt=\"\" width=\"711\" height=\"474\" \/><\/a><\/p>\n<p>P\u00e1r metrov za kalv\u00e1riou sa nach\u00e1dza ohnisko a posedenie vhodn\u00e9 na opeka\u010dky \u010di posedenie s kamar\u00e1tmi \u010di de\u0165mi. Od kalv\u00e1rie tie\u017e m\u00f4\u017eete pokra\u010dova\u0165 \u010falej po \u017eltej zna\u010dke, a\u00a0a\u017e vyjdete na \u010fal\u0161iu l\u00faku, po \u013eavej strane je pomerne strm\u00fd kopec, na ktorom vrchole sa nach\u00e1dza kr\u00ed\u017e. Ten je osaden\u00fd \u017eiarovkami na sol\u00e1rnu energiu a\u00a0v\u00a0noci jemne svieti.<\/p>\n<p><a  href=\"https:\/\/regiongron.sk\/wp-content\/uploads\/2021\/04\/kriz-brehy-scaled.jpg\" data-rel=\"lightbox-gallery-1\" data-rl_title=\"\" data-rl_caption=\"\" title=\"\"><img loading=\"lazy\" decoding=\"async\" class=\" wp-image-11877\" src=\"https:\/\/regiongron.sk\/wp-content\/uploads\/2023\/02\/kriz-brehy-1024x683.jpg\" alt=\"\" width=\"780\" height=\"520\" \/><\/a><\/p>\n<p>Ak v\u00e1m ani tento v\u00fd\u0161\u013eap nesta\u010d\u00ed, vydajte sa \u010falej na vrch Hul\u00edn. O tejto t\u00fare sa dozviete viac tu: <a href=\"https:\/\/regiongron.sk\/tip-na-vylet-vrch-hulin\/\" target=\"_blank\" rel=\"noopener\">TIP NA V\u00ddLET - VRCH HUL\u00cdN<\/a><\/p>\n\n<p>[su_gmap address=\"48.405093, 18.658061\" title=\"Kalv\u00e1ria Brehy\"]<\/p>\n","protected":false},"featured_media":14745,"template":"","categories":[1],"class_list":["post-11870","tipy-na-vylety","type-tipy-na-vylety","status-publish","has-post-thumbnail","hentry","category-nezaradene"],"acf":[],"uagb_featured_image_src":{"full":["https:\/\/regiongron.sk\/hu\/wp-content\/uploads\/2023\/02\/kalvaria-brehy-3-1024x678.jpg",1024,678,false],"thumbnail":["https:\/\/regiongron.sk\/hu\/wp-content\/uploads\/2023\/02\/kalvaria-brehy-3-1024x678-400x400.jpg",400,400,true],"medium":["https:\/\/regiongron.sk\/hu\/wp-content\/uploads\/2023\/02\/kalvaria-brehy-3-1024x678-600x397.jpg",600,397,true],"medium_large":["https:\/\/regiongron.sk\/hu\/wp-content\/uploads\/2023\/02\/kalvaria-brehy-3-1024x678-768x509.jpg",768,509,true],"large":["https:\/\/regiongron.sk\/hu\/wp-content\/uploads\/2023\/02\/kalvaria-brehy-3-1024x678.jpg",1024,678,false],"1536x1536":["https:\/\/regiongron.sk\/hu\/wp-content\/uploads\/2023\/02\/kalvaria-brehy-3-1024x678.jpg",1024,678,false],"2048x2048":["https:\/\/regiongron.sk\/hu\/wp-content\/uploads\/2023\/02\/kalvaria-brehy-3-1024x678.jpg",1024,678,false]},"uagb_author_info":{"display_name":"regiongron","author_link":"https:\/\/regiongron.sk\/hu\/author\/"},"uagb_comment_info":0,"uagb_excerpt":"Tip na v\u00fdlet: Kalv\u00e1ria v obci Brehy \u010c\u00edtajte viac","_links":{"self":[{"href":"https:\/\/regiongron.sk\/hu\/wp-json\/wp\/v2\/tipy-na-vylety\/11870","targetHints":{"allow":["GET"]}}],"collection":[{"href":"https:\/\/regiongron.sk\/hu\/wp-json\/wp\/v2\/tipy-na-vylety"}],"about":[{"href":"https:\/\/regiongron.sk\/hu\/wp-json\/wp\/v2\/types\/tipy-na-vylety"}],"wp:featuredmedia":[{"embeddable":true,"href":"https:\/\/regiongron.sk\/hu\/wp-json\/wp\/v2\/media\/14745"}],"wp:attachment":[{"href":"https:\/\/regiongron.sk\/hu\/wp-json\/wp\/v2\/media?parent=11870"}],"wp:term":[{"taxonomy":"category","embeddable":true,"href":"https:\/\/regiongron.sk\/hu\/wp-json\/wp\/v2\/categories?post=11870"}],"curies":[{"name":"wp","href":"https:\/\/api.w.org\/{rel}","templated":true}]}}