{"id":12708,"date":"2021-11-23T14:21:58","date_gmt":"2021-11-23T12:21:58","guid":{"rendered":"https:\/\/regiongron.sk\/?p=12708"},"modified":"2023-04-05T10:27:43","modified_gmt":"2023-04-05T08:27:43","slug":"2-turisticka-vyzva-kecka-nad-bralcami","status":"publish","type":"tipy-na-vylety","link":"https:\/\/regiongron.sk\/hu\/tipy-na-vylety\/2-turisticka-vyzva-kecka-nad-bralcami\/","title":{"rendered":"2.TURISTICK\u00c1 V\u00ddZVA - KE\u010cKA NAD BRALCAMI"},"content":{"rendered":"<p><a  href=\"https:\/\/regiongron.sk\/wp-content\/uploads\/2023\/02\/2.-VYZVA-PREDLZENA-DO-26.12.201.png\" data-rel=\"lightbox-gallery-1\" data-rl_title=\"\" data-rl_caption=\"\" title=\"\"><img loading=\"lazy\" decoding=\"async\" class=\"aligncenter wp-image-12836 size-full\" src=\"https:\/\/regiongron.sk\/wp-content\/uploads\/2023\/02\/2.-VYZVA-PREDLZENA-DO-26.12.201.png\" alt=\"\" width=\"1080\" height=\"1080\" \/><\/a><\/p>\n<h3><span style=\"color: #333399;\"><a style=\"color: #333399;\" href=\"https:\/\/regiongron.sk\/zimna-turisticka-vyzva-regionu-gron\/\" target=\"_blank\" rel=\"noopener\"><strong>ZIMN\u00c1 TURISTICK\u00c1 V\u00ddZVA REGI\u00d3NU GRON<\/strong><\/a> <\/span><\/h3>\n<p><strong><span style=\"color: #3366ff;\">10 TURISTICK\u00ddCH V\u00ddZIEV - 10 TURISTICK\u00ddCH TR\u00c1S<\/span><\/strong><\/p>\n<hr \/>\n<ul>\n<li><span style=\"color: #333399;\"><strong>TRVANIE V\u00ddZVY<\/strong><\/span> - November 2021 - Marec 2022<\/li>\n<li><span style=\"color: #333399;\"><strong>SPOLO\u010cN\u00c9 V\u00ddSTUPY<\/strong> <\/span>- V\u00fdzva bola zah\u00e1jen\u00e1 spolo\u010dn\u00fdm <strong>v\u00fdstupom na Rozh\u013ead\u0148u H\u00e1j<\/strong> 17.11.2021\u00a0 a ukon\u010den\u00e1 bude spolo\u010dn\u00fdm <strong>v\u00fdstupom na vrch Vt\u00e1\u010dnik<\/strong> 19.3.2022.<\/li>\n<li><span style=\"color: #333399;\"><strong>1 HLAVN\u00c1 CENA<\/strong><\/span> - ak sa vyberiete aspo\u0148 na jednu t\u00faru z 10. v\u00fdziev a spln\u00edte podmienky, budete zaraden\u00fd do z\u00e1vere\u010dn\u00e9ho \u017erebovania o pobyt v\u00a0 <strong><span style=\"color: #333399;\"><a style=\"color: #333399;\" href=\"https:\/\/www.kupele-skleneteplice.sk\/sk\/kupele-na-skusku\" target=\"_blank\" rel=\"noopener\">K\u00fape\u013eoch Sklen\u00e9 Teplice pre dve osoby.<\/a> <\/span>\u00a0<\/strong><\/li>\n<li><span style=\"color: #333399;\"><strong>10 DAR\u010cEKOV\u00ddCH BAL\u00cd\u010cKOV<\/strong><\/span>\u00a0- po skon\u010den\u00ed ka\u017edej v\u00fdzvy vy\u017erebujeme 1 \u00fa\u010dastn\u00edka, ktor\u00fd z\u00edska napr\u00edklad turistick\u00fa f\u013ea\u0161u a multifunk\u010dn\u00fa \u0161atku.<\/li>\n<li><span style=\"color: #333399;\"><strong>ODMENA PRE KA\u017dD\u00c9HO<\/strong><\/span> - ka\u017ed\u00fd, kto sa z\u00fa\u010dastn\u00ed aspo\u0148 jednej v\u00fdzvy, z\u00edska odznak v\u00fdzvy, bro\u017e\u00farku turistick\u00fdch tr\u00e1s a mapu regi\u00f3nu. Odmeny sa bud\u00fa rozd\u00e1va\u0165 na prvom a poslednom v\u00fdstupe. Medzi t\u00fdm si ich bude mo\u017en\u00e9 vyzdvihn\u00fa\u0165 v kancel\u00e1rii Regi\u00f3nu GRON v Novej Bani po dohode alebo bud\u00fa zaslan\u00e9 po\u0161tou.<\/li>\n<\/ul>\n<hr \/>\n<h4><strong><span style=\"color: #3366ff;\">2. TURISTICK\u00c1 V\u00ddZVA - VRCH KE\u010cKA NAD BRALCAMI<\/span><\/strong><\/h4>\n<p><span style=\"color: #333399;\"><strong>TRVANIE:<\/strong><\/span> 24.11.2021 - 5.12.2021 - respekt\u00edve + 2 t\u00fd\u017edne od konca z\u00e1kazu chodenia do pr\u00edrody mimo okres. V\u00fdzva je od 10.12.2021 pred\u013a\u017een\u00e1 do 26.12.2021<\/p>\n<p><span style=\"color: #333399;\"><strong>AKO SA ZAPOJI\u0164:<\/strong><\/span><\/p>\n<p>V \u010dase trvania v\u00fdzvy sa vyberte na t\u00faru na <strong>vrch Ke\u010dka nad Bralcami<\/strong>, n\u00e1jdite <strong>n\u00e1lepku Regi\u00f3n GRON<\/strong>,<strong> odfo\u0165te sa<\/strong> s \u0148ou alebo s in\u00fdm rozpoznate\u013en\u00fdm objektom na mieste, tak aby ste na fotografii boli aj vy. Va\u0161u fotografiu potom <strong>zverejnite pod pr\u00edspevok<\/strong> k danej v\u00fdzve na facebooku alebo po\u0161lite do spr\u00e1vy na instagrame. Ak soci\u00e1lne siete nepou\u017e\u00edvate, po\u0161lite n\u00e1m fotografiu emailom na adresu <strong>&#105;&#x6e;&#102;&#x6f;&#64;&#x72;e&#x67;i&#111;&#x6e;&#103;&#x72;&#111;&#x6e;&#46;&#x73;k<\/strong>.<\/p>\n<p><strong>Term\u00edn na zverejnenie fotografie: <\/strong>do 5.12.2021 - respekt\u00edve + 2 t\u00fd\u017edne od konca z\u00e1kazu chodenia do pr\u00edrody mimo okres. Po pred\u013a\u017een\u00ed v\u00fdzvy je nov\u00fd term\u00edn na zverejnenie fotografie do 26.12.2021<\/p>\n<p><strong>\u017drebovanie v\u00fdhercu 1. v\u00fdzvy:<\/strong> 6.12.2021 - respekt\u00edve 1 de\u0148 po skon\u010den\u00ed v\u00fdzvy. Po pred\u013a\u017een\u00ed v\u00fdzvy je nov\u00fd term\u00edn \u017erebovania 27.12.2021<\/p>\n<p><span style=\"color: #333399;\"><strong>TURISTICK\u00c1 TRASA - VRCH KE\u010cKA NAD BRALCAMI<\/strong><\/span><\/p>\n<p>Turisti, ktor\u00ed trasu poznaj\u00fa, ju prirovn\u00e1vaj\u00fa k\u00a0t\u00fdm v\u00a0Slovenskom raji. Lokalita sa nach\u00e1dza na okraji \u0160tiavnick\u00fdch vrchov, len p\u00e1r kilometrov od \u017diaru nad Hronom, na ceste ved\u00facej do Sklen\u00fdch Tepl\u00edc. Trasa na Ke\u010dku je zna\u010den\u00e1 zelenou farbou a\u00a0m\u00e1 charakter okruhu. Za\u010d\u00edna pri r\u00e1zcestn\u00edku \u201eBralce\u201c, ku ktor\u00e9mu sa mo\u017eno dosta\u0165 z\u00a0parkoviska na okraji Hlin\u00edka nad Hronom pri b\u00fdvalom po\u013enohospod\u00e1rskom dru\u017estve za necel\u00fdch 10 min\u00fat ch\u00f4dze. Okru\u017en\u00e1 trasa je jednosmern\u00e1, \u010do si v\u0161imnete aj na zna\u010den\u00ed (je len z\u00a0jednej strany) a\u00a0prevedie v\u00e1s mno\u017estvom zauj\u00edmav\u00fdch miest. Pre trasu s\u00fa typick\u00e9 nev\u0161edn\u00e9 skaln\u00e9 \u00fatvary \u2013 pozostatky \u0165a\u017eby ru\u017eov\u00e9ho ryolitu v\u00a0lokalite \u2013 ale aj z\u00e1konom chr\u00e1nen\u00e1 fl\u00f3ra. Slovensk\u00fd raj tu pripom\u00ednaj\u00fa exponovan\u00e9 miesta vybaven\u00e9 re\u0165azami a\u00a0rebr\u00edkmi, nech\u00fdbaj\u00fa v\u00fdh\u013eady do \u0161irok\u00e9ho okolia. Pre zdatnej\u0161\u00edch turistov odpor\u00fa\u010dame sa k\u00a0okruhu vyda\u0165 zo Sklen\u00fdch Tepl\u00edc cez hrad Teplica po \u017eltej a\u00a0nesk\u00f4r po zelenej zna\u010dke. Z\u00a0p\u00e1r hodinovej vych\u00e1dzky si tak sprav\u00edte celodenn\u00fd v\u00fdlet. Po t\u00fare na Ke\u010dku sa m\u00f4\u017eete zregenerova\u0165 v\u00a0K\u00fape\u013eoch Sklen\u00e9 Teplice, patria k\u00a0najstar\u0161\u00edm k\u00fape\u013eom na Slovensku a\u00a0ukr\u00fdvaj\u00fa svetov\u00fd unik\u00e1t \u2013 jaskynn\u00fd parn\u00fd k\u00fape\u013e.<\/p>\n<p><span style=\"color: #333399;\"><strong>Pohorie:<\/strong><\/span> \u0160tiavnick\u00e9 vrchy<\/p>\n<p><span style=\"color: #333399;\"><strong>Obec:<\/strong><\/span> Hlin\u00edk nad Hronom<\/p>\n<p><span style=\"color: #333399;\"><strong>Nadmorsk\u00e1 v\u00fd\u0161ka:<\/strong><\/span> 428 m n. m<\/p>\n<p><span style=\"color: #333399;\"><strong>\u010cas:<\/strong><\/span> pribli\u017ene 2 hodiny<\/p>\n<p><span style=\"color: #333399;\"><strong>D\u013a\u017eka:<\/strong> <\/span>5,5 km<\/p>\n<p><span style=\"color: #333399;\"><strong>Prev\u00fd\u0161enie:<\/strong><\/span> pribli\u017ene 300 metrov<\/p>\n<p><span style=\"color: #333399;\"><strong>N\u00e1ro\u010dnos\u0165:<\/strong><\/span> stredne n\u00e1ro\u010dn\u00e1<\/p>\n<p><span style=\"color: #333399;\"><strong>Parkovanie:<\/strong><\/span> na okraji Hlin\u00edka nad Hronom na parkovisku pri PD (pod Szab\u00f3ovou skalou)<\/p>\n<p>V\u0161eobecn\u00e9 inform\u00e1cie o kampani Zimn\u00e1 turistick\u00e1 v\u00fdzva: \u00a0<strong><a href=\"https:\/\/regiongron.sk\/zimna-turisticka-vyzva-regionu-gron\/\" target=\"_blank\" rel=\"noopener\">Zimn\u00e1 turistick\u00e1 v\u00fdzva Regi\u00f3nu GRON<\/a><\/strong><\/p>\n\n<div class=\"wpb_text_column wpb_content_element info-text\">\n<div class=\"wpb_wrapper\">\n<p><span style=\"color: #333399;\"><strong><a style=\"color: #333399;\" href=\"https:\/\/regiongron.sk\/wp-content\/uploads\/2021\/11\/statut-vyzvy-FINAL.pdf\" target=\"_blank\" rel=\"noopener\">\u0160tat\u00fat v\u00fdzvy a podmienky \u00fa\u010dasti<\/a><\/strong><\/span><\/p>\n<p>N\u00e1lepky s logom bud\u00fa po skon\u010den\u00ed v\u00fdzvy odstr\u00e1nen\u00e9.<\/p>\n<p>Kampa\u0148 Zimn\u00e1 turistick\u00e1 v\u00fdzva Regi\u00f3nu GRON je realizovan\u00e1 s finan\u010dnou podporou<span style=\"color: #333399;\"> <a style=\"color: #333399;\" href=\"https:\/\/www.mindop.sk\/\" target=\"_blank\" rel=\"noopener noreferrer\">Ministerstva dopravy a v\u00fdstavby SR.<\/a><\/span><\/p>\n<\/div>\n<\/div>\n<div class=\"wpb_text_column wpb_content_element info-text\">\n<div class=\"wpb_wrapper\">\n<div class=\"wpb_text_column wpb_content_element info-text\">\n<div class=\"wpb_wrapper\">\n<p><span style=\"color: #000000;\"><a style=\"color: #000000;\"  href=\"https:\/\/regiongron.sk\/wp-content\/uploads\/2023\/02\/dovolenka_GIS_SK.jpg\" data-rel=\"lightbox-gallery-1\" data-rl_title=\"\" data-rl_caption=\"\" title=\"\"><img loading=\"lazy\" decoding=\"async\" class=\"wp-image-3231 alignleft\" src=\"https:\/\/regiongron.sk\/wp-content\/uploads\/2023\/02\/dovolenka_GIS_SK.jpg\" alt=\"\" width=\"110\" height=\"39\" \/><\/a><a style=\"color: #000000;\"  href=\"https:\/\/regiongron.sk\/wp-content\/uploads\/2023\/02\/logo-mdv-sr-aktual-2017.jpg\" data-rel=\"lightbox-gallery-1\" data-rl_title=\"\" data-rl_caption=\"\" title=\"\"><img loading=\"lazy\" decoding=\"async\" class=\"wp-image-3233 alignleft\" src=\"https:\/\/regiongron.sk\/wp-content\/uploads\/2023\/02\/logo-mdv-sr-aktual-2017.jpg\" alt=\"\" width=\"107\" height=\"39\" \/><\/a><\/span><\/p>\n<\/div>\n<\/div>\n<div class=\"wpb_wrapper\">\n<\/div>\n<\/div>\n<\/div>\n<p>[su_gmap address=\"48.5322192N, 18.8124803E\"]<\/p>\n","protected":false},"featured_media":14706,"template":"","categories":[1],"class_list":["post-12708","tipy-na-vylety","type-tipy-na-vylety","status-publish","has-post-thumbnail","hentry","category-nezaradene"],"acf":[],"uagb_featured_image_src":{"full":["https:\/\/regiongron.sk\/hu\/wp-content\/uploads\/2023\/02\/2.-VYZVA-PREDLZENA-DO-26.12.201.png",1080,1080,false],"thumbnail":["https:\/\/regiongron.sk\/hu\/wp-content\/uploads\/2023\/02\/2.-VYZVA-PREDLZENA-DO-26.12.201-400x400.png",400,400,true],"medium":["https:\/\/regiongron.sk\/hu\/wp-content\/uploads\/2023\/02\/2.-VYZVA-PREDLZENA-DO-26.12.201-600x600.png",600,600,true],"medium_large":["https:\/\/regiongron.sk\/hu\/wp-content\/uploads\/2023\/02\/2.-VYZVA-PREDLZENA-DO-26.12.201-768x768.png",768,768,true],"large":["https:\/\/regiongron.sk\/hu\/wp-content\/uploads\/2023\/02\/2.-VYZVA-PREDLZENA-DO-26.12.201-1024x1024.png",1024,1024,true],"1536x1536":["https:\/\/regiongron.sk\/hu\/wp-content\/uploads\/2023\/02\/2.-VYZVA-PREDLZENA-DO-26.12.201.png",1080,1080,false],"2048x2048":["https:\/\/regiongron.sk\/hu\/wp-content\/uploads\/2023\/02\/2.-VYZVA-PREDLZENA-DO-26.12.201.png",1080,1080,false]},"uagb_author_info":{"display_name":"regiongron","author_link":"https:\/\/regiongron.sk\/hu\/author\/"},"uagb_comment_info":0,"uagb_excerpt":"2. TURISTICK\u00c1 V\u00ddZVA - KE\u010cKA NAD BRALCAMI 24.11.2021 - 26.12.2021 \u010c\u00edtajte viac","_links":{"self":[{"href":"https:\/\/regiongron.sk\/hu\/wp-json\/wp\/v2\/tipy-na-vylety\/12708","targetHints":{"allow":["GET"]}}],"collection":[{"href":"https:\/\/regiongron.sk\/hu\/wp-json\/wp\/v2\/tipy-na-vylety"}],"about":[{"href":"https:\/\/regiongron.sk\/hu\/wp-json\/wp\/v2\/types\/tipy-na-vylety"}],"wp:featuredmedia":[{"embeddable":true,"href":"https:\/\/regiongron.sk\/hu\/wp-json\/wp\/v2\/media\/14706"}],"wp:attachment":[{"href":"https:\/\/regiongron.sk\/hu\/wp-json\/wp\/v2\/media?parent=12708"}],"wp:term":[{"taxonomy":"category","embeddable":true,"href":"https:\/\/regiongron.sk\/hu\/wp-json\/wp\/v2\/categories?post=12708"}],"curies":[{"name":"wp","href":"https:\/\/api.w.org\/{rel}","templated":true}]}}