{"id":18902,"date":"2023-04-18T14:31:38","date_gmt":"2023-04-18T12:31:38","guid":{"rendered":"https:\/\/regiongron.sk\/?post_type=tipy-na-vylety&#038;p=18902"},"modified":"2025-03-24T16:58:20","modified_gmt":"2025-03-24T15:58:20","slug":"kam-v-novej-bani","status":"publish","type":"tipy-na-vylety","link":"https:\/\/regiongron.sk\/hu\/tipy-na-vylety\/kam-v-novej-bani\/","title":{"rendered":"5 KIR\u00c1NDUL\u00c1STIPP \u00daJB\u00c1NY\u00c1N (NOV\u00c1 BA\u0147A)"},"content":{"rendered":"\n<p><strong>1. TIPP- ZVONI\u010cKA \u00dcD\u00dcL\u0150<strong>\u00d6<\/strong>VEZET<\/strong><\/p>\n\n\n\n<p>L\u00e1togasson el a Zvoni\u010dka \u00fcd\u00fcl\u0151\u00f6vezetbe, ahol a H\u00e1j kil\u00e1t\u00f3hoz, vagy a \u010cerven\u00e1 skala \u00e9s Havrania skala hegyekhez vezet\u0151 t\u00fara k\u00f6z\u00f6tt v\u00e1laszthat.\u00a0 A Zvoni\u010dka \u00fcd\u00fcl\u0151\u00f6vezetben garant\u00e1ltan nem fog unatkozni! A helyi b\u00fcf\u00e9ben \u00edzletes friss\u00edt\u0151kkel v\u00e1rj\u00e1k, emellett t\u0171zrak\u00f3hely, j\u00e1tsz\u00f3t\u00e9r \u00e9s sz\u00e1mos m\u00e1s lehet\u0151s\u00e9g is rendelkez\u00e9sre \u00e1ll. Ny\u00e1ron koncertek sz\u00ednes\u00edtik a programot, \u00e9s mindenekel\u0151tt a gyerekek sz\u00e1m\u00e1ra kialak\u00edtott ferrata \u00fatvonal teszi k\u00fcl\u00f6nlegess\u00e9 az \u00e9lm\u00e9nyt \u2013 term\u00e9szetesen felszerel\u00e9sk\u00f6lcs\u00f6nz\u0151k is rendelkez\u00e9sre \u00e1llnak. A Koh\u00fatovo zar\u00e1ndokhelyen tal\u00e1lhat\u00f3 k\u00e1polna sincs messze, s\u00e9t\u00e1ljon egyet a Kerterd\u0151ben vagy l\u00e1togasson el a S\u00e1rv\u00edz (\u0160arv\u00edz) erd\u00e9szh\u00e1zhoz.<\/p>\n\n\n\n<figure class=\"wp-block-gallery has-nested-images columns-4 is-cropped wp-block-gallery-1 is-layout-flex wp-block-gallery-is-layout-flex\">\n<figure class=\"wp-block-image size-large\"><img loading=\"lazy\" decoding=\"async\" width=\"1024\" height=\"683\" data-id=\"14659\" src=\"https:\/\/regiongron.sk\/wp-content\/uploads\/2023\/02\/Ferraty-Zvonicka-15-scaled-1024x683.jpg\" alt=\"Ferraty-Zvonicka\" class=\"wp-image-14659\" srcset=\"https:\/\/regiongron.sk\/hu\/wp-content\/uploads\/2023\/02\/Ferraty-Zvonicka-15-scaled-1024x683.jpg 1024w, https:\/\/regiongron.sk\/hu\/wp-content\/uploads\/2023\/02\/Ferraty-Zvonicka-15-scaled-600x400.jpg 600w, https:\/\/regiongron.sk\/hu\/wp-content\/uploads\/2023\/02\/Ferraty-Zvonicka-15-scaled-768x512.jpg 768w, https:\/\/regiongron.sk\/hu\/wp-content\/uploads\/2023\/02\/Ferraty-Zvonicka-15-scaled-1536x1024.jpg 1536w, https:\/\/regiongron.sk\/hu\/wp-content\/uploads\/2023\/02\/Ferraty-Zvonicka-15-scaled.jpg 2048w\" sizes=\"auto, (max-width: 1024px) 100vw, 1024px\" \/><\/figure>\n\n\n\n<figure class=\"wp-block-image size-large\"><img loading=\"lazy\" decoding=\"async\" width=\"1024\" height=\"683\" data-id=\"16300\" src=\"https:\/\/regiongron.sk\/wp-content\/uploads\/2023\/02\/Nova-Bana-Kohutovo-1024x683.jpg\" alt=\"Nova-Bana-Kohutovo\" class=\"wp-image-16300\" srcset=\"https:\/\/regiongron.sk\/hu\/wp-content\/uploads\/2023\/02\/Nova-Bana-Kohutovo-1024x683.jpg 1024w, https:\/\/regiongron.sk\/hu\/wp-content\/uploads\/2023\/02\/Nova-Bana-Kohutovo-600x400.jpg 600w, https:\/\/regiongron.sk\/hu\/wp-content\/uploads\/2023\/02\/Nova-Bana-Kohutovo-768x512.jpg 768w, https:\/\/regiongron.sk\/hu\/wp-content\/uploads\/2023\/02\/Nova-Bana-Kohutovo-1536x1024.jpg 1536w, https:\/\/regiongron.sk\/hu\/wp-content\/uploads\/2023\/02\/Nova-Bana-Kohutovo-2048x1365.jpg 2048w, https:\/\/regiongron.sk\/hu\/wp-content\/uploads\/2023\/02\/Nova-Bana-Kohutovo-scaled.jpg 2560w\" sizes=\"auto, (max-width: 1024px) 100vw, 1024px\" \/><\/figure>\n\n\n\n<figure class=\"wp-block-image size-large\"><img loading=\"lazy\" decoding=\"async\" width=\"1024\" height=\"683\" data-id=\"15451\" src=\"https:\/\/regiongron.sk\/wp-content\/uploads\/2023\/02\/DSC00026-1-1024x683.jpg\" alt=\"rozh\u013ead\u0148a h\u00e1j nov\u00e1 ba\u0148a\" class=\"wp-image-15451\" srcset=\"https:\/\/regiongron.sk\/hu\/wp-content\/uploads\/2023\/02\/DSC00026-1-1024x683.jpg 1024w, https:\/\/regiongron.sk\/hu\/wp-content\/uploads\/2023\/02\/DSC00026-1-600x400.jpg 600w, https:\/\/regiongron.sk\/hu\/wp-content\/uploads\/2023\/02\/DSC00026-1-768x512.jpg 768w, https:\/\/regiongron.sk\/hu\/wp-content\/uploads\/2023\/02\/DSC00026-1-1536x1024.jpg 1536w, https:\/\/regiongron.sk\/hu\/wp-content\/uploads\/2023\/02\/DSC00026-1-2048x1365.jpg 2048w, https:\/\/regiongron.sk\/hu\/wp-content\/uploads\/2023\/02\/DSC00026-1-scaled.jpg 2560w\" sizes=\"auto, (max-width: 1024px) 100vw, 1024px\" \/><\/figure>\n\n\n\n<figure class=\"wp-block-image size-large\"><img loading=\"lazy\" decoding=\"async\" width=\"1024\" height=\"683\" data-id=\"16297\" src=\"https:\/\/regiongron.sk\/wp-content\/uploads\/2016\/12\/Cervena-skala-1024x683.jpg\" alt=\"\u010cerven\u00e1 skala Nov\u00e1 Ba\u0148a\" class=\"wp-image-16297\" srcset=\"https:\/\/regiongron.sk\/hu\/wp-content\/uploads\/2016\/12\/Cervena-skala-1024x683.jpg 1024w, https:\/\/regiongron.sk\/hu\/wp-content\/uploads\/2016\/12\/Cervena-skala-600x400.jpg 600w, https:\/\/regiongron.sk\/hu\/wp-content\/uploads\/2016\/12\/Cervena-skala-768x512.jpg 768w, https:\/\/regiongron.sk\/hu\/wp-content\/uploads\/2016\/12\/Cervena-skala-1536x1024.jpg 1536w, https:\/\/regiongron.sk\/hu\/wp-content\/uploads\/2016\/12\/Cervena-skala-2048x1365.jpg 2048w, https:\/\/regiongron.sk\/hu\/wp-content\/uploads\/2016\/12\/Cervena-skala-scaled.jpg 2560w\" sizes=\"auto, (max-width: 1024px) 100vw, 1024px\" \/><\/figure>\n\n\n\n<figure class=\"wp-block-image size-large\"><img loading=\"lazy\" decoding=\"async\" width=\"1024\" height=\"683\" data-id=\"15854\" src=\"https:\/\/regiongron.sk\/wp-content\/uploads\/2016\/12\/Zvonicka-Nova-Bana-1024x683.jpg\" alt=\"zvoni\u010dka nov\u00e1 ba\u0148a\" class=\"wp-image-15854\" srcset=\"https:\/\/regiongron.sk\/hu\/wp-content\/uploads\/2016\/12\/Zvonicka-Nova-Bana-1024x683.jpg 1024w, https:\/\/regiongron.sk\/hu\/wp-content\/uploads\/2016\/12\/Zvonicka-Nova-Bana-600x400.jpg 600w, https:\/\/regiongron.sk\/hu\/wp-content\/uploads\/2016\/12\/Zvonicka-Nova-Bana-768x512.jpg 768w, https:\/\/regiongron.sk\/hu\/wp-content\/uploads\/2016\/12\/Zvonicka-Nova-Bana-1536x1024.jpg 1536w, https:\/\/regiongron.sk\/hu\/wp-content\/uploads\/2016\/12\/Zvonicka-Nova-Bana-2048x1365.jpg 2048w, https:\/\/regiongron.sk\/hu\/wp-content\/uploads\/2016\/12\/Zvonicka-Nova-Bana-scaled.jpg 2560w\" sizes=\"auto, (max-width: 1024px) 100vw, 1024px\" \/><\/figure>\n\n\n\n<figure class=\"wp-block-image size-large\"><img loading=\"lazy\" decoding=\"async\" width=\"1024\" height=\"683\" data-id=\"16301\" src=\"https:\/\/regiongron.sk\/wp-content\/uploads\/2023\/02\/Ferraty-4-1024x683.jpg\" alt=\"\" class=\"wp-image-16301\" srcset=\"https:\/\/regiongron.sk\/hu\/wp-content\/uploads\/2023\/02\/Ferraty-4-1024x683.jpg 1024w, https:\/\/regiongron.sk\/hu\/wp-content\/uploads\/2023\/02\/Ferraty-4-600x400.jpg 600w, https:\/\/regiongron.sk\/hu\/wp-content\/uploads\/2023\/02\/Ferraty-4-768x512.jpg 768w, https:\/\/regiongron.sk\/hu\/wp-content\/uploads\/2023\/02\/Ferraty-4-1536x1024.jpg 1536w, https:\/\/regiongron.sk\/hu\/wp-content\/uploads\/2023\/02\/Ferraty-4-2048x1365.jpg 2048w, https:\/\/regiongron.sk\/hu\/wp-content\/uploads\/2023\/02\/Ferraty-4-scaled.jpg 2560w\" sizes=\"auto, (max-width: 1024px) 100vw, 1024px\" \/><\/figure>\n<\/figure>\n\n\n\n<p><strong>2.<\/strong> <strong>TIPP - BANY\u00c1SZATI TAN\u00d6SV\u00c9NY<\/strong><\/p>\n\n\n\n<p>A t\u00f6rt\u00e9nelem \u00e9s a b\u00e1ny\u00e1szat szerelmesei haboz\u00e1s n\u00e9lk\u00fcl elindulhatnak bebarangolni a v\u00e1rost \u00e9s a k\u00f6rnyez\u0151 dombokat, \u00e9s s\u00e9t\u00e1lni a kir\u00e1lyi b\u00e1ny\u00e1szv\u00e1ros let\u0171nt dics\u0151s\u00e9g\u00e9nek nyom\u00e1ban. Akn\u00e1k \u00e9s t\u00e1rn\u00e1k bej\u00e1ratai, cs\u00f6rl\u0151, kopogtat\u00f3, b\u00e1ny\u00e1sz menhely, hely, ahol az Isaac Potter t\u0171zg\u00e9p \u00e1llt, s\u00e9ta a term\u00e9szetben, ez v\u00e1r a b\u00e1ny\u00e1szati tan\u00f6sv\u00e9ny k\u00e9t \u00fatvonal\u00e1n. Havonta egy alkalommal vezetett s\u00e9t\u00e1kat tartanak. Az id\u0151pontokat a\u00a0<a href=\"https:\/\/zahoramizadolami.sk\/hu\/\" data-type=\"link\" data-id=\"https:\/\/zahoramizadolami.sk\/hu\/\">www.zahoramizadolami.sk<\/a> oldalon tekinthetik meg.<\/p>\n\n\n\n<figure class=\"wp-block-gallery has-nested-images columns-3 is-cropped wp-block-gallery-2 is-layout-flex wp-block-gallery-is-layout-flex\">\n<figure class=\"wp-block-image size-large\"><img loading=\"lazy\" decoding=\"async\" width=\"1024\" height=\"683\" data-id=\"17378\" src=\"https:\/\/regiongron.sk\/wp-content\/uploads\/2023\/02\/Bansky-naucny-chodnik-Trasa-A-2-scaled-1-1024x683.jpg\" alt=\"Bansky-naucny-chodnik\" class=\"wp-image-17378\" srcset=\"https:\/\/regiongron.sk\/hu\/wp-content\/uploads\/2023\/02\/Bansky-naucny-chodnik-Trasa-A-2-scaled-1-1024x683.jpg 1024w, https:\/\/regiongron.sk\/hu\/wp-content\/uploads\/2023\/02\/Bansky-naucny-chodnik-Trasa-A-2-scaled-1-600x400.jpg 600w, https:\/\/regiongron.sk\/hu\/wp-content\/uploads\/2023\/02\/Bansky-naucny-chodnik-Trasa-A-2-scaled-1-768x512.jpg 768w, https:\/\/regiongron.sk\/hu\/wp-content\/uploads\/2023\/02\/Bansky-naucny-chodnik-Trasa-A-2-scaled-1-1536x1024.jpg 1536w, https:\/\/regiongron.sk\/hu\/wp-content\/uploads\/2023\/02\/Bansky-naucny-chodnik-Trasa-A-2-scaled-1.jpg 2048w\" sizes=\"auto, (max-width: 1024px) 100vw, 1024px\" \/><\/figure>\n\n\n\n<figure class=\"wp-block-image size-large\"><img loading=\"lazy\" decoding=\"async\" width=\"1024\" height=\"683\" data-id=\"17379\" src=\"https:\/\/regiongron.sk\/wp-content\/uploads\/2023\/02\/Bansky-naucny-chodnik-Trasa-A-1-scaled-1-1024x683.jpg\" alt=\"Bansky-naucny-chodnik\" class=\"wp-image-17379\" srcset=\"https:\/\/regiongron.sk\/hu\/wp-content\/uploads\/2023\/02\/Bansky-naucny-chodnik-Trasa-A-1-scaled-1-1024x683.jpg 1024w, https:\/\/regiongron.sk\/hu\/wp-content\/uploads\/2023\/02\/Bansky-naucny-chodnik-Trasa-A-1-scaled-1-600x400.jpg 600w, https:\/\/regiongron.sk\/hu\/wp-content\/uploads\/2023\/02\/Bansky-naucny-chodnik-Trasa-A-1-scaled-1-768x512.jpg 768w, https:\/\/regiongron.sk\/hu\/wp-content\/uploads\/2023\/02\/Bansky-naucny-chodnik-Trasa-A-1-scaled-1-1536x1024.jpg 1536w, https:\/\/regiongron.sk\/hu\/wp-content\/uploads\/2023\/02\/Bansky-naucny-chodnik-Trasa-A-1-scaled-1.jpg 2048w\" sizes=\"auto, (max-width: 1024px) 100vw, 1024px\" \/><\/figure>\n\n\n\n<figure class=\"wp-block-image size-large\"><img loading=\"lazy\" decoding=\"async\" width=\"1024\" height=\"683\" data-id=\"17380\" src=\"https:\/\/regiongron.sk\/wp-content\/uploads\/2023\/02\/Bansky-naucny-chodnik-Trasa-A-10-scaled-1-1024x683.jpg\" alt=\"Bansky-naucny-chodnik\" class=\"wp-image-17380\" srcset=\"https:\/\/regiongron.sk\/hu\/wp-content\/uploads\/2023\/02\/Bansky-naucny-chodnik-Trasa-A-10-scaled-1-1024x683.jpg 1024w, https:\/\/regiongron.sk\/hu\/wp-content\/uploads\/2023\/02\/Bansky-naucny-chodnik-Trasa-A-10-scaled-1-600x400.jpg 600w, https:\/\/regiongron.sk\/hu\/wp-content\/uploads\/2023\/02\/Bansky-naucny-chodnik-Trasa-A-10-scaled-1-768x512.jpg 768w, https:\/\/regiongron.sk\/hu\/wp-content\/uploads\/2023\/02\/Bansky-naucny-chodnik-Trasa-A-10-scaled-1-1536x1024.jpg 1536w, https:\/\/regiongron.sk\/hu\/wp-content\/uploads\/2023\/02\/Bansky-naucny-chodnik-Trasa-A-10-scaled-1.jpg 2048w\" sizes=\"auto, (max-width: 1024px) 100vw, 1024px\" \/><\/figure>\n\n\n\n<figure class=\"wp-block-image size-large\"><img loading=\"lazy\" decoding=\"async\" width=\"1024\" height=\"683\" data-id=\"16341\" src=\"https:\/\/regiongron.sk\/wp-content\/uploads\/2023\/02\/Bansky-naucny-chodnik-Trasa-B-9-1024x683.jpg\" alt=\"Bansky-naucny-chodnik\" class=\"wp-image-16341\" srcset=\"https:\/\/regiongron.sk\/hu\/wp-content\/uploads\/2023\/02\/Bansky-naucny-chodnik-Trasa-B-9-1024x683.jpg 1024w, https:\/\/regiongron.sk\/hu\/wp-content\/uploads\/2023\/02\/Bansky-naucny-chodnik-Trasa-B-9-600x400.jpg 600w, https:\/\/regiongron.sk\/hu\/wp-content\/uploads\/2023\/02\/Bansky-naucny-chodnik-Trasa-B-9-768x512.jpg 768w, https:\/\/regiongron.sk\/hu\/wp-content\/uploads\/2023\/02\/Bansky-naucny-chodnik-Trasa-B-9-1536x1024.jpg 1536w, https:\/\/regiongron.sk\/hu\/wp-content\/uploads\/2023\/02\/Bansky-naucny-chodnik-Trasa-B-9-2048x1365.jpg 2048w, https:\/\/regiongron.sk\/hu\/wp-content\/uploads\/2023\/02\/Bansky-naucny-chodnik-Trasa-B-9-scaled.jpg 2560w\" sizes=\"auto, (max-width: 1024px) 100vw, 1024px\" \/><\/figure>\n\n\n\n<figure class=\"wp-block-image size-large\"><img loading=\"lazy\" decoding=\"async\" width=\"1024\" height=\"683\" data-id=\"16338\" src=\"https:\/\/regiongron.sk\/wp-content\/uploads\/2023\/02\/Bansky-naucny-chodnik-Trasa-B-7-1024x683.jpg\" alt=\"\" class=\"wp-image-16338\" srcset=\"https:\/\/regiongron.sk\/hu\/wp-content\/uploads\/2023\/02\/Bansky-naucny-chodnik-Trasa-B-7-1024x683.jpg 1024w, https:\/\/regiongron.sk\/hu\/wp-content\/uploads\/2023\/02\/Bansky-naucny-chodnik-Trasa-B-7-600x400.jpg 600w, https:\/\/regiongron.sk\/hu\/wp-content\/uploads\/2023\/02\/Bansky-naucny-chodnik-Trasa-B-7-768x512.jpg 768w, https:\/\/regiongron.sk\/hu\/wp-content\/uploads\/2023\/02\/Bansky-naucny-chodnik-Trasa-B-7-1536x1024.jpg 1536w, https:\/\/regiongron.sk\/hu\/wp-content\/uploads\/2023\/02\/Bansky-naucny-chodnik-Trasa-B-7-2048x1366.jpg 2048w, https:\/\/regiongron.sk\/hu\/wp-content\/uploads\/2023\/02\/Bansky-naucny-chodnik-Trasa-B-7-scaled.jpg 2560w\" sizes=\"auto, (max-width: 1024px) 100vw, 1024px\" \/><\/figure>\n<\/figure>\n\n\n\n<p><strong>3. TIP - BIKE \u00c9S SKI PARK DROZDOVO<\/strong><\/p>\n\n\n\n<p>Ha t\u00e9len l\u00e1togat ide, ir\u00e1ny Drozdovo, ahol enyhe lejt\u0151n s\u00edelhet egy j\u00f3t, \u00e9s sz\u00e1ll\u00e1st is tal\u00e1l itt. A s\u00edszezonon k\u00edv\u00fcli h\u00f3napokban a Drozdovo bike parkk\u00e1 alakul, \u00e9s a felvon\u00f3 a ker\u00e9kp\u00e1rral egy\u00fctt felvisz a 7 single trailhoz. Drozdovo kiv\u00e1l\u00f3 kiindul\u00f3pont egy k\u00f6nnyed gyalogt\u00far\u00e1hoz a\u00a0 Ve\u013ek\u00fd Inovec hegyre. A\u00a0hegyre t\u00f6rt\u00e9n\u0151 feljut\u00e1s a ker\u00e9kp\u00e1rosok vagy a s\u00edfut\u00f3k sz\u00e1m\u00e1ra sem fog probl\u00e9m\u00e1t okozni. A cs\u00facs el\u0151tt megpihenhet\u00fcnk az Inovec vend\u00e9gh\u00e1zba.\u00a0<\/p>\n\n\n\n<figure class=\"wp-block-gallery has-nested-images columns-default is-cropped wp-block-gallery-3 is-layout-flex wp-block-gallery-is-layout-flex\">\n<figure class=\"wp-block-image size-large\"><img loading=\"lazy\" decoding=\"async\" width=\"1024\" height=\"686\" data-id=\"17106\" src=\"https:\/\/regiongron.sk\/wp-content\/uploads\/2023\/02\/Drozdovo-Bikepark-1-scaled-1-1024x686.jpg\" alt=\"bikepark-Drozdovo\" class=\"wp-image-17106\" srcset=\"https:\/\/regiongron.sk\/hu\/wp-content\/uploads\/2023\/02\/Drozdovo-Bikepark-1-scaled-1-1024x686.jpg 1024w, https:\/\/regiongron.sk\/hu\/wp-content\/uploads\/2023\/02\/Drozdovo-Bikepark-1-scaled-1-600x402.jpg 600w, https:\/\/regiongron.sk\/hu\/wp-content\/uploads\/2023\/02\/Drozdovo-Bikepark-1-scaled-1-768x514.jpg 768w, https:\/\/regiongron.sk\/hu\/wp-content\/uploads\/2023\/02\/Drozdovo-Bikepark-1-scaled-1-1536x1028.jpg 1536w, https:\/\/regiongron.sk\/hu\/wp-content\/uploads\/2023\/02\/Drozdovo-Bikepark-1-scaled-1.jpg 2048w\" sizes=\"auto, (max-width: 1024px) 100vw, 1024px\" \/><\/figure>\n\n\n\n<figure class=\"wp-block-image size-large\"><img loading=\"lazy\" decoding=\"async\" width=\"720\" height=\"540\" data-id=\"18286\" src=\"https:\/\/regiongron.sk\/wp-content\/uploads\/2023\/03\/phoca_thumb_l_drozdovo.jpg\" alt=\"penzion Drozdovo\" class=\"wp-image-18286\" srcset=\"https:\/\/regiongron.sk\/hu\/wp-content\/uploads\/2023\/03\/phoca_thumb_l_drozdovo.jpg 720w, https:\/\/regiongron.sk\/hu\/wp-content\/uploads\/2023\/03\/phoca_thumb_l_drozdovo-600x450.jpg 600w\" sizes=\"auto, (max-width: 720px) 100vw, 720px\" \/><\/figure>\n\n\n\n<figure class=\"wp-block-image size-large\"><img loading=\"lazy\" decoding=\"async\" width=\"960\" height=\"502\" data-id=\"16369\" src=\"https:\/\/regiongron.sk\/wp-content\/uploads\/2023\/02\/bikecentrum-Drozdovo2a1-1.jpg\" alt=\"bikepark-Drozdovo\" class=\"wp-image-16369\" srcset=\"https:\/\/regiongron.sk\/hu\/wp-content\/uploads\/2023\/02\/bikecentrum-Drozdovo2a1-1.jpg 960w, https:\/\/regiongron.sk\/hu\/wp-content\/uploads\/2023\/02\/bikecentrum-Drozdovo2a1-1-600x314.jpg 600w, https:\/\/regiongron.sk\/hu\/wp-content\/uploads\/2023\/02\/bikecentrum-Drozdovo2a1-1-768x402.jpg 768w\" sizes=\"auto, (max-width: 960px) 100vw, 960px\" \/><\/figure>\n\n\n\n<figure class=\"wp-block-image size-large\"><img loading=\"lazy\" decoding=\"async\" width=\"1024\" height=\"683\" data-id=\"14580\" src=\"https:\/\/regiongron.sk\/wp-content\/uploads\/2023\/02\/Drozdovo-1-scaled-1024x683.jpg\" alt=\"Drozdovo ski\" class=\"wp-image-14580\" srcset=\"https:\/\/regiongron.sk\/hu\/wp-content\/uploads\/2023\/02\/Drozdovo-1-scaled-1024x683.jpg 1024w, https:\/\/regiongron.sk\/hu\/wp-content\/uploads\/2023\/02\/Drozdovo-1-scaled-600x400.jpg 600w, https:\/\/regiongron.sk\/hu\/wp-content\/uploads\/2023\/02\/Drozdovo-1-scaled-768x512.jpg 768w, https:\/\/regiongron.sk\/hu\/wp-content\/uploads\/2023\/02\/Drozdovo-1-scaled-1536x1024.jpg 1536w, https:\/\/regiongron.sk\/hu\/wp-content\/uploads\/2023\/02\/Drozdovo-1-scaled.jpg 2048w\" sizes=\"auto, (max-width: 1024px) 100vw, 1024px\" \/><\/figure>\n\n\n\n<figure class=\"wp-block-image size-large\"><img loading=\"lazy\" decoding=\"async\" width=\"715\" height=\"715\" data-id=\"18050\" src=\"https:\/\/regiongron.sk\/wp-content\/uploads\/2023\/03\/Drozdovo_logo-1.png\" alt=\"logo Drozdovo\" class=\"wp-image-18050\" srcset=\"https:\/\/regiongron.sk\/hu\/wp-content\/uploads\/2023\/03\/Drozdovo_logo-1.png 715w, https:\/\/regiongron.sk\/hu\/wp-content\/uploads\/2023\/03\/Drozdovo_logo-1-600x600.png 600w, https:\/\/regiongron.sk\/hu\/wp-content\/uploads\/2023\/03\/Drozdovo_logo-1-400x400.png 400w\" sizes=\"auto, (max-width: 715px) 100vw, 715px\" \/><\/figure>\n\n\n\n<figure class=\"wp-block-image size-large\"><img loading=\"lazy\" decoding=\"async\" width=\"1024\" height=\"683\" data-id=\"18903\" src=\"https:\/\/regiongron.sk\/wp-content\/uploads\/2023\/04\/Ski-Drozdovo-1024x683.jpg\" alt=\"Ski Drozdovo\" class=\"wp-image-18903\" srcset=\"https:\/\/regiongron.sk\/hu\/wp-content\/uploads\/2023\/04\/Ski-Drozdovo-1024x683.jpg 1024w, https:\/\/regiongron.sk\/hu\/wp-content\/uploads\/2023\/04\/Ski-Drozdovo-600x400.jpg 600w, https:\/\/regiongron.sk\/hu\/wp-content\/uploads\/2023\/04\/Ski-Drozdovo-768x512.jpg 768w, https:\/\/regiongron.sk\/hu\/wp-content\/uploads\/2023\/04\/Ski-Drozdovo-1536x1024.jpg 1536w, https:\/\/regiongron.sk\/hu\/wp-content\/uploads\/2023\/04\/Ski-Drozdovo-2048x1365.jpg 2048w, https:\/\/regiongron.sk\/hu\/wp-content\/uploads\/2023\/04\/Ski-Drozdovo-scaled.jpg 2560w\" sizes=\"auto, (max-width: 1024px) 100vw, 1024px\" \/><\/figure>\n<\/figure>\n\n\n\n<p><strong>4. TIP - GARAM MENTI M\u00daZEUM <\/strong><\/p>\n\n\n\n<p>Nem csak rossz id\u0151ben \u00e9rdemes ell\u00e1togatni a Garam menti M\u00fazeumba. Az \u00e1lland\u00f3 ki\u00e1ll\u00edt\u00e1sok k\u00f6z\u00f6tt van p\u00e9ld\u00e1ul Isaac Potter t\u0171zg\u00e9p\u00e9nek m\u0171k\u00f6d\u0151 modellje, vagy egy eg\u00e9sz helys\u00e9g, melynek t\u00e9m\u00e1ja a Putikov v\u0155\u0161ok,\u00a0 K\u00f6z\u00e9p-Eur\u00f3pa legfiatalabb t\u0171zh\u00e1ny\u00f3ja. A m\u00fazeum k\u00edn\u00e1lat\u00e1r\u00f3l, a nyitvatart\u00e1si id\u0151kr\u0151l, a jegy\u00e1rakr\u00f3l \u00e9s az aktu\u00e1lis ki\u00e1ll\u00edt\u00e1sokr\u00f3l b\u0151vebb inform\u00e1ci\u00f3t a <a href=\"http:\/\/www.pohronskemuzeum.sk\">www.pohronskemuzeum.sk<\/a> oldalon tal\u00e1l.<\/p>\n\n\n\n<figure class=\"wp-block-gallery has-nested-images columns-default is-cropped wp-block-gallery-4 is-layout-flex wp-block-gallery-is-layout-flex\">\n<figure class=\"wp-block-image size-large\"><img loading=\"lazy\" decoding=\"async\" width=\"768\" height=\"1024\" data-id=\"18904\" src=\"https:\/\/regiongron.sk\/wp-content\/uploads\/2023\/04\/Pohronske-muzeum-GM-3-768x1024.jpg\" alt=\"\" class=\"wp-image-18904\" srcset=\"https:\/\/regiongron.sk\/hu\/wp-content\/uploads\/2023\/04\/Pohronske-muzeum-GM-3-768x1024.jpg 768w, https:\/\/regiongron.sk\/hu\/wp-content\/uploads\/2023\/04\/Pohronske-muzeum-GM-3-450x600.jpg 450w, https:\/\/regiongron.sk\/hu\/wp-content\/uploads\/2023\/04\/Pohronske-muzeum-GM-3-1152x1536.jpg 1152w, https:\/\/regiongron.sk\/hu\/wp-content\/uploads\/2023\/04\/Pohronske-muzeum-GM-3-1536x2048.jpg 1536w, https:\/\/regiongron.sk\/hu\/wp-content\/uploads\/2023\/04\/Pohronske-muzeum-GM-3-scaled.jpg 1920w\" sizes=\"auto, (max-width: 768px) 100vw, 768px\" \/><\/figure>\n\n\n\n<figure class=\"wp-block-image size-large\"><img loading=\"lazy\" decoding=\"async\" width=\"699\" height=\"1024\" data-id=\"18905\" src=\"https:\/\/regiongron.sk\/wp-content\/uploads\/2023\/04\/Pohronske-muzeum-GM-1-699x1024.jpg\" alt=\"\" class=\"wp-image-18905\" srcset=\"https:\/\/regiongron.sk\/hu\/wp-content\/uploads\/2023\/04\/Pohronske-muzeum-GM-1-699x1024.jpg 699w, https:\/\/regiongron.sk\/hu\/wp-content\/uploads\/2023\/04\/Pohronske-muzeum-GM-1-410x600.jpg 410w, https:\/\/regiongron.sk\/hu\/wp-content\/uploads\/2023\/04\/Pohronske-muzeum-GM-1-768x1125.jpg 768w, https:\/\/regiongron.sk\/hu\/wp-content\/uploads\/2023\/04\/Pohronske-muzeum-GM-1-1048x1536.jpg 1048w, https:\/\/regiongron.sk\/hu\/wp-content\/uploads\/2023\/04\/Pohronske-muzeum-GM-1-1398x2048.jpg 1398w, https:\/\/regiongron.sk\/hu\/wp-content\/uploads\/2023\/04\/Pohronske-muzeum-GM-1-scaled.jpg 1747w\" sizes=\"auto, (max-width: 699px) 100vw, 699px\" \/><\/figure>\n\n\n\n<figure class=\"wp-block-image size-large\"><img loading=\"lazy\" decoding=\"async\" width=\"768\" height=\"1024\" data-id=\"18906\" src=\"https:\/\/regiongron.sk\/wp-content\/uploads\/2023\/04\/DSCF0083.orez_-768x1024.jpg\" alt=\"\" class=\"wp-image-18906\" srcset=\"https:\/\/regiongron.sk\/hu\/wp-content\/uploads\/2023\/04\/DSCF0083.orez_-768x1024.jpg 768w, https:\/\/regiongron.sk\/hu\/wp-content\/uploads\/2023\/04\/DSCF0083.orez_-450x600.jpg 450w, https:\/\/regiongron.sk\/hu\/wp-content\/uploads\/2023\/04\/DSCF0083.orez_-1152x1536.jpg 1152w, https:\/\/regiongron.sk\/hu\/wp-content\/uploads\/2023\/04\/DSCF0083.orez_-1536x2048.jpg 1536w, https:\/\/regiongron.sk\/hu\/wp-content\/uploads\/2023\/04\/DSCF0083.orez_-scaled.jpg 1920w\" sizes=\"auto, (max-width: 768px) 100vw, 768px\" \/><\/figure>\n<\/figure>\n\n\n\n<p><strong>AZ \u00daJB\u00c1NYAI V\u00c1ROSH\u00c1ZA<\/strong><\/p>\n\n\n\n<p>A v\u00e1ros domin\u00e1ns \u00e9p\u00fclete XIV. sz\u00e1zadban \u00e9p\u00fclt, val\u00f3sz\u00edn\u0171leg a b\u00e1nyagr\u00f3f sz\u00e9khely\u00e9\u00fcl szolg\u00e1l\u00f3 kir\u00e1lyi h\u00e1zk\u00e9nt. Az eredetileg n\u00e9gyemeletes g\u00f3tikus \u00e9p\u00edtm\u00e9nyt egy t\u0171zv\u00e9sz ut\u00e1n a XVIII. sz\u00e1zad k\u00f6zep\u00e9n \u00e1t\u00e9p\u00edtett\u00e9k.&nbsp; Ennek sor\u00e1n elt\u00e1vol\u00edtott\u00e1k a harmadik emeletet \u00e9s hozz\u00e1\u00e9p\u00edtettek egy has\u00e1btornyot. 1952 \u00f3ta ez a Garam menti M\u00fazeum sz\u00e9khelye. A m\u00fazeumban ma az id\u0151szakos ki\u00e1ll\u00edt\u00e1sok mellett t\u00f6bb \u00e1lland\u00f3 ki\u00e1ll\u00edt\u00e1s is tal\u00e1lhat\u00f3 (v\u00e1rost\u00f6rt\u00e9net, \u00fcveggy\u00e1rt\u00e1s, t\u00f6rt\u00e9nelmi \u00f3r\u00e1k, Putikov v\u0155\u0161ok t\u0171zh\u00e1ny\u00f3 \u00e9s m\u00e1sok). A v\u00e1rosh\u00e1za \u00e9p\u00fclete el\u0151tt \u00fajb\u00e1nyai riolitb\u00f3l k\u00e9sz\u00fclt k\u00e9s\u0151 barokk Szenth\u00e1roms\u00e1g szoboregy\u00fcttes \u00e1ll. Alkot\u00f3ja Jozef Neuschl (magyar nev\u00e9n Farag\u00f3 J\u00f3zsef) szobr\u00e1szmester. A m\u00fazeum szombat kiv\u00e9tel\u00e9vel minden nap nyitva tart.<\/p>\n\n\n\n<p><strong>5. TIPP - VOJ\u0160\u00cdN TAN\u00d6SV\u00c9NY<\/strong><\/p>\n\n\n\n<p>A Voj\u0161\u00edn tan\u00f6sv\u00e9nyt, mely Div\u00e9nyhut\u00e1r\u00f3l (Star\u00e1 Huta) indul, \u00e9s a Kis\u00fcl\u00e9sn\u00e9l (Mal\u00e1 Lehota) tal\u00e1lhat\u00f3 Andezit k\u0151tengern\u00e9l \u00e9r v\u00e9get, kihagyhatatlan \u00e9lm\u00e9ny minden term\u00e9szetkedvel\u0151 turista sz\u00e1m\u00e1ra. A n\u00e9gy\u00f3r\u00e1s s\u00e9ta alatt elhalad a D\u00e9v\u00e9nyhutai v\u00edzes\u00e9s, a Ja\u0161ekova \u00e9s Sedlov\u00e1 skala hegyek, a Masaryk feny\u0151je \u00e9s a Bujak hegy mellett, hogy v\u00e9g\u00fcl, felkapaszkodva a Voj\u0161\u00edn hegyre, gy\u00f6ny\u00f6r\u0171 kil\u00e1t\u00e1s legyen a jutalmunk. A tan\u00f6sv\u00e9nyhez t\u00f6bb helyen is csatlakozhat, t\u00f6bb inform\u00e1ci\u00f3t a turistat\u00e9rk\u00e9p \u00e1rul el.<\/p>\n\n\n\n<figure class=\"wp-block-gallery has-nested-images columns-3 is-cropped wp-block-gallery-5 is-layout-flex wp-block-gallery-is-layout-flex\">\n<figure class=\"wp-block-image size-large\"><img loading=\"lazy\" decoding=\"async\" width=\"1024\" height=\"676\" data-id=\"15619\" src=\"https:\/\/regiongron.sk\/wp-content\/uploads\/2023\/02\/nb_vojsin_chodn_ic_082-1024x676.jpg\" alt=\"n\u00e1u\u010dn\u00fd chodn\u00edk voj\u0161\u00edn zastavka vrch voj\u0161\u00edn\" class=\"wp-image-15619\" srcset=\"https:\/\/regiongron.sk\/hu\/wp-content\/uploads\/2023\/02\/nb_vojsin_chodn_ic_082-1024x676.jpg 1024w, https:\/\/regiongron.sk\/hu\/wp-content\/uploads\/2023\/02\/nb_vojsin_chodn_ic_082-600x396.jpg 600w, https:\/\/regiongron.sk\/hu\/wp-content\/uploads\/2023\/02\/nb_vojsin_chodn_ic_082-768x507.jpg 768w, https:\/\/regiongron.sk\/hu\/wp-content\/uploads\/2023\/02\/nb_vojsin_chodn_ic_082-1536x1014.jpg 1536w, https:\/\/regiongron.sk\/hu\/wp-content\/uploads\/2023\/02\/nb_vojsin_chodn_ic_082-2048x1352.jpg 2048w, https:\/\/regiongron.sk\/hu\/wp-content\/uploads\/2023\/02\/nb_vojsin_chodn_ic_082-scaled.jpg 2560w\" sizes=\"auto, (max-width: 1024px) 100vw, 1024px\" \/><\/figure>\n\n\n\n<figure class=\"wp-block-image size-large\"><img loading=\"lazy\" decoding=\"async\" width=\"1024\" height=\"676\" data-id=\"18908\" src=\"https:\/\/regiongron.sk\/wp-content\/uploads\/2023\/04\/NCH-Vojsin-Zastavka-Sedlova-skala-1024x676.jpg\" alt=\"n\u00e1u\u010dn\u00fd chodn\u00edk Voj\u0161\u00edn Zast\u00e1vka Sedlov\u00e1 skala\" class=\"wp-image-18908\" srcset=\"https:\/\/regiongron.sk\/hu\/wp-content\/uploads\/2023\/04\/NCH-Vojsin-Zastavka-Sedlova-skala-1024x676.jpg 1024w, https:\/\/regiongron.sk\/hu\/wp-content\/uploads\/2023\/04\/NCH-Vojsin-Zastavka-Sedlova-skala-600x396.jpg 600w, https:\/\/regiongron.sk\/hu\/wp-content\/uploads\/2023\/04\/NCH-Vojsin-Zastavka-Sedlova-skala-768x507.jpg 768w, https:\/\/regiongron.sk\/hu\/wp-content\/uploads\/2023\/04\/NCH-Vojsin-Zastavka-Sedlova-skala-1536x1014.jpg 1536w, https:\/\/regiongron.sk\/hu\/wp-content\/uploads\/2023\/04\/NCH-Vojsin-Zastavka-Sedlova-skala-2048x1352.jpg 2048w, https:\/\/regiongron.sk\/hu\/wp-content\/uploads\/2023\/04\/NCH-Vojsin-Zastavka-Sedlova-skala-scaled.jpg 2560w\" sizes=\"auto, (max-width: 1024px) 100vw, 1024px\" \/><\/figure>\n\n\n\n<figure class=\"wp-block-image size-large\"><img loading=\"lazy\" decoding=\"async\" width=\"1024\" height=\"676\" data-id=\"18909\" src=\"https:\/\/regiongron.sk\/wp-content\/uploads\/2023\/04\/NCH-VOJSIN-4-1024x676.jpg\" alt=\"n\u00e1u\u010dn\u00fd chodn\u00edk voj\u0161\u00edn kamenn\u00e9 more\" class=\"wp-image-18909\" srcset=\"https:\/\/regiongron.sk\/hu\/wp-content\/uploads\/2023\/04\/NCH-VOJSIN-4-1024x676.jpg 1024w, https:\/\/regiongron.sk\/hu\/wp-content\/uploads\/2023\/04\/NCH-VOJSIN-4-600x396.jpg 600w, https:\/\/regiongron.sk\/hu\/wp-content\/uploads\/2023\/04\/NCH-VOJSIN-4-768x507.jpg 768w, https:\/\/regiongron.sk\/hu\/wp-content\/uploads\/2023\/04\/NCH-VOJSIN-4-1536x1014.jpg 1536w, https:\/\/regiongron.sk\/hu\/wp-content\/uploads\/2023\/04\/NCH-VOJSIN-4-2048x1352.jpg 2048w, https:\/\/regiongron.sk\/hu\/wp-content\/uploads\/2023\/04\/NCH-VOJSIN-4-scaled.jpg 2560w\" sizes=\"auto, (max-width: 1024px) 100vw, 1024px\" \/><\/figure>\n\n\n\n<figure class=\"wp-block-image size-full\"><img loading=\"lazy\" decoding=\"async\" width=\"1000\" height=\"667\" data-id=\"16027\" src=\"https:\/\/regiongron.sk\/wp-content\/uploads\/2023\/02\/Starohutsky-vodopad-Peter-Cakovsky-1.jpg\" alt=\"starohutsk\u00fd vodop\u00e1d\" class=\"wp-image-16027\" srcset=\"https:\/\/regiongron.sk\/hu\/wp-content\/uploads\/2023\/02\/Starohutsky-vodopad-Peter-Cakovsky-1.jpg 1000w, https:\/\/regiongron.sk\/hu\/wp-content\/uploads\/2023\/02\/Starohutsky-vodopad-Peter-Cakovsky-1-600x400.jpg 600w, https:\/\/regiongron.sk\/hu\/wp-content\/uploads\/2023\/02\/Starohutsky-vodopad-Peter-Cakovsky-1-768x512.jpg 768w\" sizes=\"auto, (max-width: 1000px) 100vw, 1000px\" \/><\/figure>\n\n\n\n<figure class=\"wp-block-image size-large\"><img loading=\"lazy\" decoding=\"async\" width=\"1024\" height=\"676\" data-id=\"14598\" src=\"https:\/\/regiongron.sk\/wp-content\/uploads\/2023\/02\/Vrch-Vojsin-1024x676.jpg\" alt=\"vrch voj\u0161\u00edn\" class=\"wp-image-14598\" srcset=\"https:\/\/regiongron.sk\/hu\/wp-content\/uploads\/2023\/02\/Vrch-Vojsin-1024x676.jpg 1024w, https:\/\/regiongron.sk\/hu\/wp-content\/uploads\/2023\/02\/Vrch-Vojsin-600x396.jpg 600w, https:\/\/regiongron.sk\/hu\/wp-content\/uploads\/2023\/02\/Vrch-Vojsin-768x507.jpg 768w, https:\/\/regiongron.sk\/hu\/wp-content\/uploads\/2023\/02\/Vrch-Vojsin-1536x1014.jpg 1536w, https:\/\/regiongron.sk\/hu\/wp-content\/uploads\/2023\/02\/Vrch-Vojsin.jpg 1780w\" sizes=\"auto, (max-width: 1024px) 100vw, 1024px\" \/><\/figure>\n<\/figure>\n\n\n\n<p><strong>\u00daJB\u00c1NYAI (NOV\u00c1 BA\u0147A) INFORM\u00c1CI\u00d3S K<strong>\u00d6<\/strong>ZPONT<\/strong><\/p>\n\n\n\n<p>Az Inform\u00e1ci\u00f3s K\u00f6zpont a r\u00e9gi\u00f3r\u00f3l, \u00e9s a r\u00e9gi\u00f3 ny\u00fajtotta turisztikai \u00e9s egy\u00e9b szabadid\u0151s lehet\u0151s\u00e9gekr\u0151l t\u00e1j\u00e9koztat. A l\u00e1togat\u00f3k itt a sz\u00e1ll\u00e1si, \u00e9tkez\u00e9si, illetve k\u00f6zleked\u00e9si lehet\u0151s\u00e9gekkel kapcsolatban is kaphatnak tan\u00e1csot. Ezen k\u00edv\u00fcl inform\u00e1ci\u00f3s \u00e9s rekl\u00e1manyagokat, t\u00e9rk\u00e9peket, k\u00e9peslapokat \u00e9s aj\u00e1nd\u00e9kt\u00e1rgyakat is tal\u00e1lnak itt. Az Inform\u00e1ci\u00f3s K\u00f6zpont cs\u00fct\u00f6rt\u00f6k kiv\u00e9tel\u00e9vel minden munkanapon 8:00 \u00e9s 16:00 \u00f3ra k\u00f6z\u00f6tt tart nyitva.<\/p>\n\n\n\n<p><a href=\"http:\/\/www.novabana.sk\">www.novabana.sk<\/a>, <a href=\"mail&#116;&#111;&#58;&#105;&#110;&#102;&#111;&#x40;&#x6e;&#x6f;&#x76;&#x61;&#x62;&#x61;&#x6e;&#x61;&#46;sk\">i&#110;&#x66;&#x6f;&#64;&#110;&#x6f;&#x76;a&#98;&#97;&#x6e;&#x61;&#46;&#115;&#x6b;<\/a>, +421 45 678 2881<\/p>\n\n\n\n<p>N\u00e1mestie slobody 1, Nov\u00e1 Ba\u0148a<\/p>\n\n\n\t\t\t<div \n\t\t\tclass=\"wp-block-uagb-google-map uagb-google-map__wrap uagb-block-b125be17     \"\n\t\t\tstyle=\"\" >\n\t\t\t\t<embed\n\t\t\t\t\tclass=\"uagb-google-map__iframe\"\n\t\t\t\t\ttitle=\"Google Map for \"\n\t\t\t\t\tsrc=\"https:\/\/maps.google.com\/maps?q=Nov%C3%A1%20Ba%C5%88a&z=12&hl=en&t=m&output=embed&iwloc=near\"\n\t\t\t\t\twidth=\"640\"\n\t\t\t\t\theight=\"300\"\n\t\t\t\t\tloading=\"lazy\"\n\t\t\t\t><\/embed>\n\t\t\t<\/div>\n\t\t\t\n\n\n\n","protected":false},"featured_media":16163,"template":"","categories":[],"class_list":["post-18902","tipy-na-vylety","type-tipy-na-vylety","status-publish","has-post-thumbnail","hentry"],"acf":[],"uagb_featured_image_src":{"full":["https:\/\/regiongron.sk\/hu\/wp-content\/uploads\/2023\/02\/DJI_0780-scaled.jpg",2560,1440,false],"thumbnail":["https:\/\/regiongron.sk\/hu\/wp-content\/uploads\/2023\/02\/DJI_0780-400x400.jpg",400,400,true],"medium":["https:\/\/regiongron.sk\/hu\/wp-content\/uploads\/2023\/02\/DJI_0780-600x338.jpg",600,338,true],"medium_large":["https:\/\/regiongron.sk\/hu\/wp-content\/uploads\/2023\/02\/DJI_0780-768x432.jpg",768,432,true],"large":["https:\/\/regiongron.sk\/hu\/wp-content\/uploads\/2023\/02\/DJI_0780-1024x576.jpg",1024,576,true],"1536x1536":["https:\/\/regiongron.sk\/hu\/wp-content\/uploads\/2023\/02\/DJI_0780-1536x864.jpg",1536,864,true],"2048x2048":["https:\/\/regiongron.sk\/hu\/wp-content\/uploads\/2023\/02\/DJI_0780-2048x1152.jpg",2048,1152,true]},"uagb_author_info":{"display_name":"regiongron","author_link":"https:\/\/regiongron.sk\/hu\/author\/"},"uagb_comment_info":0,"uagb_excerpt":"1. TIPP- ZVONI\u010cKA \u00dcD\u00dcL\u0150\u00d6VEZET L\u00e1togasson el a Zvoni\u010dka \u00fcd\u00fcl\u0151\u00f6vezetbe, ahol a H\u00e1j kil\u00e1t\u00f3hoz, vagy a \u010cerven\u00e1 skala \u00e9s Havrania skala hegyekhez vezet\u0151 t\u00fara k\u00f6z\u00f6tt v\u00e1laszthat.\u00a0 A Zvoni\u010dka \u00fcd\u00fcl\u0151\u00f6vezetben garant\u00e1ltan nem fog unatkozni! A helyi b\u00fcf\u00e9ben \u00edzletes friss\u00edt\u0151kkel v\u00e1rj\u00e1k, emellett t\u0171zrak\u00f3hely, j\u00e1tsz\u00f3t\u00e9r \u00e9s sz\u00e1mos m\u00e1s lehet\u0151s\u00e9g is rendelkez\u00e9sre \u00e1ll. Ny\u00e1ron koncertek sz\u00ednes\u00edtik a programot, \u00e9s mindenekel\u0151tt&hellip;","_links":{"self":[{"href":"https:\/\/regiongron.sk\/hu\/wp-json\/wp\/v2\/tipy-na-vylety\/18902","targetHints":{"allow":["GET"]}}],"collection":[{"href":"https:\/\/regiongron.sk\/hu\/wp-json\/wp\/v2\/tipy-na-vylety"}],"about":[{"href":"https:\/\/regiongron.sk\/hu\/wp-json\/wp\/v2\/types\/tipy-na-vylety"}],"wp:featuredmedia":[{"embeddable":true,"href":"https:\/\/regiongron.sk\/hu\/wp-json\/wp\/v2\/media\/16163"}],"wp:attachment":[{"href":"https:\/\/regiongron.sk\/hu\/wp-json\/wp\/v2\/media?parent=18902"}],"wp:term":[{"taxonomy":"category","embeddable":true,"href":"https:\/\/regiongron.sk\/hu\/wp-json\/wp\/v2\/categories?post=18902"}],"curies":[{"name":"wp","href":"https:\/\/api.w.org\/{rel}","templated":true}]}}