{"id":23680,"date":"2025-02-05T17:52:55","date_gmt":"2025-02-05T16:52:55","guid":{"rendered":"https:\/\/regiongron.sk\/?post_type=tipy-na-vylety&#038;p=23680"},"modified":"2025-02-05T20:21:59","modified_gmt":"2025-02-05T19:21:59","slug":"3-zimna-vyzva-zaniknuty-hrad-breznica","status":"publish","type":"tipy-na-vylety","link":"https:\/\/regiongron.sk\/hu\/tipy-na-vylety\/3-zimna-vyzva-zaniknuty-hrad-breznica\/","title":{"rendered":"3. ZIMN\u00c1 V\u00ddZVA - ZANIKNUT\u00dd HRAD BREZNICA"},"content":{"rendered":"<div class=\"wp-block-image\">\n<figure class=\"aligncenter size-large\"><img loading=\"lazy\" decoding=\"async\" width=\"1024\" height=\"1024\" src=\"https:\/\/regiongron.sk\/wp-content\/uploads\/2025\/02\/Stvorec_zimna_vyzva_1000x1000_Breznica-1024x1024.jpg\" alt=\"zimna_vyzva_Breznica\" class=\"wp-image-23667\" srcset=\"https:\/\/regiongron.sk\/hu\/wp-content\/uploads\/2025\/02\/Stvorec_zimna_vyzva_1000x1000_Breznica-1024x1024.jpg 1024w, https:\/\/regiongron.sk\/hu\/wp-content\/uploads\/2025\/02\/Stvorec_zimna_vyzva_1000x1000_Breznica-600x600.jpg 600w, https:\/\/regiongron.sk\/hu\/wp-content\/uploads\/2025\/02\/Stvorec_zimna_vyzva_1000x1000_Breznica-400x400.jpg 400w, https:\/\/regiongron.sk\/hu\/wp-content\/uploads\/2025\/02\/Stvorec_zimna_vyzva_1000x1000_Breznica-768x768.jpg 768w, https:\/\/regiongron.sk\/hu\/wp-content\/uploads\/2025\/02\/Stvorec_zimna_vyzva_1000x1000_Breznica-1536x1536.jpg 1536w, https:\/\/regiongron.sk\/hu\/wp-content\/uploads\/2025\/02\/Stvorec_zimna_vyzva_1000x1000_Breznica-2048x2048.jpg 2048w, https:\/\/regiongron.sk\/hu\/wp-content\/uploads\/2025\/02\/Stvorec_zimna_vyzva_1000x1000_Breznica-scaled.jpg 2560w\" sizes=\"auto, (max-width: 1024px) 100vw, 1024px\" \/><\/figure>\n<\/div>\n\n\n<p><\/p>\n\n\n\n<h3 class=\"wp-block-heading\"><strong>ZIMN\u00c1 V\u00ddZVA REGI\u00d3NU GRON<\/strong><\/h3>\n\n\n\n<p><strong><mark style=\"background-color:rgba(0, 0, 0, 0)\" class=\"has-inline-color has-vivid-red-color\">NAV\u0160T\u00cdV ASPO\u0147 4 ZO 6 LOKAL\u00cdT, ZBIERAJ PE\u010cIATKY A VYHRAJ POBYT V PENZI\u00d3NE TAJCH<\/mark><\/strong><\/p>\n\n\n\n<ul class=\"wp-block-list\">\n<li><strong>Trvanie v\u00fdzvy<\/strong>: 2. janu\u00e1r 2025 - 2. apr\u00edl 2025<\/li>\n\n\n\n<li><strong>6 turistick\u00fdch cie\u013eov<\/strong>, ktor\u00e9 m\u00f4\u017eete&nbsp;<strong>zdola\u0165 kedyko\u013evek po\u010das trvania celej v\u00fdzvy<\/strong><\/li>\n\n\n\n<li>Absolvujte <strong>aspo\u0148 4 t\u00fary, nav\u0161t\u00edvte bl\u00edzku prev\u00e1dzku<\/strong> a vyp\u00fdtajte si <strong>pe\u010diatku<\/strong><\/li>\n\n\n\n<li>Karti\u010dku s pe\u010diatkami n\u00e1m po\u0161lite, a ste v hre<strong> o v\u00edkendov\u00fd pobyt pre dve osoby v&nbsp;<a href=\"http:\/\/www.penziontajch.sk\/\">Penzi\u00f3ne Tajch<\/a><\/strong><\/li>\n\n\n\n<li><strong>Ka\u017ed\u00fd \u00fa\u010dastn\u00edk z\u00edskava<\/strong>: odznak, bro\u017e\u00faru a mapu regi\u00f3nu - vyzdvihnutie na miestach s pe\u010diatkami<\/li>\n\n\n\n<li><strong><mark style=\"background-color:rgba(0, 0, 0, 0)\" class=\"has-inline-color has-vivid-red-color\">VIAC INFO:<\/mark><\/strong> <a href=\"https:\/\/regiongron.sk\/tipy-na-vylety\/zimna-vyzva-regionu-gron\/\"><strong>ZIMN\u00c1 V\u00ddZVA REGI\u00d3NU GRON<\/strong><\/a><\/li>\n<\/ul>\n\n\n\n<div class=\"wp-block-uagb-separator uagb-block-907fdbc2\"><div class=\"wp-block-uagb-separator__inner\" style=\"--my-background-image:\"><\/div><\/div>\n\n\n\n<p><strong><mark style=\"background-color:rgba(0, 0, 0, 0)\" class=\"has-inline-color has-vivid-red-color\">3. FACEBOOKOV\u00c1 V\u00ddZVA - ZANIKNUT\u00dd HRAD BREZNICA - BOWLING BAR &amp; EVENT<\/mark><\/strong><\/p>\n\n\n\n<p>Okrem hlavnej v\u00fdzvy sme pripravili aj <strong>samostatn\u00e9 v\u00fdzvy pre jednotliv\u00e9 lokality<\/strong>. Tieto v\u00fdzvy bud\u00fa ka\u017ed\u00e9 dva t\u00fd\u017edne <strong>zverejnen\u00e9 na Facebooku<\/strong>, kde bude prebieha\u0165 i <strong>s\u00fa\u0165a\u017e o pouk\u00e1\u017eky od na\u0161ich \u010dlenov a dar\u010deky od Regi\u00f3nu GRON. <\/strong><\/p>\n\n\n\n<p><mark style=\"background-color:rgba(0, 0, 0, 0)\" class=\"has-inline-color has-vivid-red-color\"><strong>TRVANIE 3. V\u00ddZVY: 5.2.2025 - 18.2.2025<\/strong><\/mark><\/p>\n\n\n\n<p><strong>Term\u00edn na zverejnenie fotografie: <\/strong>do 18.2.2025<\/p>\n\n\n\n<p><strong>\u017drebovanie v\u00fdhercu 3. v\u00fdzvy:<\/strong> 19.2.2025<\/p>\n\n\n\n<p><strong>AKO SA ZAPOJI\u0164 <mark style=\"background-color:rgba(0, 0, 0, 0)\" class=\"has-inline-color has-black-color\">DO FACEBOOKOVEJ V\u00ddZ<\/mark>VY:<\/strong><\/p>\n\n\n\n<ul class=\"wp-block-list\">\n<li>V \u010dase trvania tejto v\u00fdzvy sa vyberte na t\u00faru na Zaniknut\u00fd hrad Breznica<\/li>\n\n\n\n<li>Na vrchole pri kr\u00ed\u017ei n\u00e1jdite tabu\u013eku Zimn\u00e1 v\u00fdzva Regi\u00f3nu GRON (strom) a odfo\u0165te sa pri nej<\/li>\n\n\n\n<li>Fotografiu pridajte do koment\u00e1ra pod pr\u00edspevok k danej v\u00fdzve:<\/li>\n\n\n\n<li><mark style=\"background-color:rgba(0, 0, 0, 0)\" class=\"has-inline-color has-vivid-green-cyan-color\"><strong>PR\u00cdSPEVOK NA <\/strong><\/mark><strong><mark style=\"background-color:rgba(0, 0, 0, 0)\" class=\"has-inline-color has-vivid-green-cyan-color\">ZAPOJENIE DO V\u00ddZVY NA FACEBOOKU:<\/mark><\/strong><mark style=\"background-color:rgba(0, 0, 0, 0)\" class=\"has-inline-color has-vivid-cyan-blue-color\"><strong> <\/strong><\/mark><a href=\"https:\/\/www.facebook.com\/share\/p\/15eVFqb8SG\/\" target=\"_blank\" rel=\"noreferrer noopener\"><strong>www.facebook.com\/regiongron\/posts<\/strong><\/a><\/li>\n\n\n\n<li>Na konci v\u00fdzvy z koment\u00e1rov vylosujeme jedn\u00e9ho v\u00fdhercu<\/li>\n\n\n\n<li><strong>Cena pre v\u00fdhercu:<\/strong> 20 \u20ac POUK\u00c1\u017dKA DO BOWLING BAR &amp; EVENT v Tekovskej Breznici a bal\u00ed\u010dek dar\u010dekov od Regi\u00f3nu GRON.<\/li>\n<\/ul>\n\n\n\n<ul class=\"wp-block-list\">\n<li><mark style=\"background-color:rgba(0, 0, 0, 0)\" class=\"has-inline-color has-vivid-red-color\"><strong>UPOZORNENIE: <\/strong><\/mark>Zapojenie sa do facebookovej v\u00fdzvy nie je pova\u017eovan\u00e9 za splnenie podmienok pre hlavn\u00fa v\u00fdzvu a neopr\u00e1v\u0148uje z\u00fa\u010dastnen\u00fdch po\u017eadova\u0165, aby boli zaraden\u00ed do losovania o hlavn\u00fa v\u00fdhru - Pobyt v Penzi\u00f3ne Tajch.<\/li>\n<\/ul>\n\n\n\n<div class=\"wp-block-uagb-separator uagb-block-09e918da\"><div class=\"wp-block-uagb-separator__inner\" style=\"--my-background-image:\"><\/div><\/div>\n\n\n\n<p><strong><mark style=\"background-color:rgba(0, 0, 0, 0)\" class=\"has-inline-color has-vivid-red-color\">T\u00daRA - <strong><mark style=\"background-color:rgba(0, 0, 0, 0)\" class=\"has-inline-color has-vivid-red-color\">ZANIKNUT\u00dd HRAD BREZNICA<\/mark><\/strong><\/mark><\/strong><\/p>\n\n\n\n<p>Zaniknut\u00fd hrad Breznica je jednou zo 16 lokal\u00edt <strong><a href=\"https:\/\/www.facebook.com\/pohronskehrady\" target=\"_blank\" rel=\"noreferrer noopener\">Pohronskej hradnej cesty<\/a><\/strong>. V minulosti hrad plnil str\u00e1\u017enu funkciu na ceste Pohron\u00edm. Dnes sa na zalesnenom vrchu nach\u00e1dzaj\u00fa zvy\u0161ky m\u00farov a reli\u00e9f zaniknut\u00e9ho hradu.<\/p>\n\n\n\n<p>V\u00fdstup na hrad vedie po zelenej zna\u010dke, a ide\u00e1lne je za\u010da\u0165 od cintor\u00edna, kde pohodlne zaparkujete. Od cintor\u00edna ide trasa striedavo po l\u00fakach a lese s miernym st\u00fapan\u00edm a s kr\u00e1tkymi strm\u0161\u00edmi \u00fasekmi a pon\u00faka pekn\u00e9 v\u00fdh\u013eady na obec a \u00fadolie Hrona.<\/p>\n\n\n\n<p>Asi za pol hodinu sa dostanete k turistick\u00e9mu pr\u00edstre\u0161ku, kde stoj\u00ed hradn\u00fd totem a informa\u010dn\u00e1 tabu\u013ea o hrade Breznica. Tu si zvo\u013ete, \u010di budete pokra\u010dova\u0165 po zelenej zna\u010dke, ktor\u00e1 je krat\u0161ia a strm\u0161ia, av\u0161ak s vyhliadkou na Hronsk\u00fd Be\u0148adik, alebo sa vyd\u00e1te nen\u00e1ro\u010dn\u00fdm lesn\u00fdm chodn\u00edkom doplnen\u00fdm dreven\u00fdmi tabu\u013ekami s vtipn\u00fdmi pr\u00edsloviami.<\/p>\n\n\n\n<p>Ide\u00e1lne je spravi\u0165 si okruh, pri\u010dom strm\u0161\u00ed variant pote\u0161\u00ed star\u00fdmi machom obrasten\u00fdmi stromami a skalami. Po skon\u010den\u00ed st\u00fapania sa za\u010dn\u00fa objavova\u0165 pozostatky hradn\u00fdch m\u00farov ved\u00face do \"stredu hradu\" pri smerovn\u00edku Hr\u00e1dok. Od neho sa vydajte do\u013eava k vyhliadke s kr\u00ed\u017eom a v\u00fdh\u013eadom na Nov\u00fa Ba\u0148u i ohniskom a sk\u00faste n\u00e1js\u0165 \"novobansk\u00e9ho krokod\u00edla\". <\/p>\n\n\n\n<p>Od smerovn\u00edka Hr\u00e1dok smerom rovno sa prejdite \u010falej po b\u00fdvalom hrade, ktor\u00fd kon\u010d\u00ed pri ve\u013ekej skale a cestou objav\u00edte aj pozostatky m\u00faru po \u013eavej strane. Z miesta kde sa hrad kon\u010d\u00ed sa m\u00f4\u017eete pusti\u0165 mimo cestu strmo dolu k Sokolej skale, na ktorej st\u00e1val str\u00e1\u017eny hr\u00e1dok a s\u00fa tu kr\u00e1sne v\u00fdh\u013eady. Dostanete sa k nej aj lep\u0161ou cestou od smerovn\u00edka Hr\u00e1dok po zelenej zna\u010dke asi 300 metrov.<\/p>\n\n\n\n<p>Sp\u00e4\u0165 sa vr\u00e1\u0165te po tej istej trase alebo u\u017e spom\u00ednan\u00fdm nezna\u010den\u00fdm lesn\u00fdm chodn\u00edkom - na ten sa napoj\u00edte cestou z vyhliadky s kr\u00ed\u017eom. Chodn\u00edk nie je zna\u010den\u00fd, ale dobre vidite\u013en\u00fd - pri r\u00e1zcestn\u00edku zelenej zna\u010dky sa vydajte smerom dole.<\/p>\n\n\n\n<p>Cel\u00fd v\u00fdlet by v\u00e1m nemal zabra\u0165 viac ako 3 hodiny. Zdatnej\u0161\u00ed turisti m\u00f4\u017eu pokra\u010dova\u0165 po zelenej a\u017e na vrch Priesil \u010di k h\u00e1jovni na \u017duhr\u00e1\u010dke alebo a\u017e do Devi\u010dian.<\/p>\n\n\n\n<p>Na z\u00e1ver sa zastavte v podniku <strong><a href=\"https:\/\/www.facebook.com\/profile.php?id=61565329911188\" data-type=\"link\" data-id=\"https:\/\/www.facebook.com\/profile.php?id=61565329911188\" target=\"_blank\" rel=\"noreferrer noopener\">BOWLING BAR &amp; EVENT<\/a><\/strong> na pivko, k\u00e1vu, \u010daj, kol\u00e1\u010dik alebo si zahra\u0165 bowling \u010di billiard. N\u00e1jdete ho pri kostole.<\/p>\n\n\n\n<p><strong>MAPA TRASY: Cintor\u00edn Tekovsk\u00e1 Breznica - Zaniknut\u00fd hrad Breznica: <a href=\"https:\/\/sk.mapy.cz\/s\/popomobatu\">https:\/\/sk.mapy.cz\/s\/popomobatu<\/a><\/strong><\/p>\n\n\n\n<figure class=\"wp-block-gallery has-nested-images columns-2 is-cropped wp-block-gallery-1 is-layout-flex wp-block-gallery-is-layout-flex\">\n<figure class=\"wp-block-image size-large\"><img loading=\"lazy\" decoding=\"async\" width=\"1024\" height=\"683\" data-id=\"23661\" src=\"https:\/\/regiongron.sk\/wp-content\/uploads\/2025\/02\/DSCF6693-1024x683.jpg\" alt=\"Zaniknut\u00fd hrad Breznica\" class=\"wp-image-23661\" srcset=\"https:\/\/regiongron.sk\/hu\/wp-content\/uploads\/2025\/02\/DSCF6693-1024x683.jpg 1024w, https:\/\/regiongron.sk\/hu\/wp-content\/uploads\/2025\/02\/DSCF6693-600x400.jpg 600w, https:\/\/regiongron.sk\/hu\/wp-content\/uploads\/2025\/02\/DSCF6693-768x512.jpg 768w, https:\/\/regiongron.sk\/hu\/wp-content\/uploads\/2025\/02\/DSCF6693-1536x1024.jpg 1536w, https:\/\/regiongron.sk\/hu\/wp-content\/uploads\/2025\/02\/DSCF6693-2048x1365.jpg 2048w, https:\/\/regiongron.sk\/hu\/wp-content\/uploads\/2025\/02\/DSCF6693-scaled.jpg 2560w\" sizes=\"auto, (max-width: 1024px) 100vw, 1024px\" \/><\/figure>\n\n\n\n<figure class=\"wp-block-image size-large\"><img loading=\"lazy\" decoding=\"async\" width=\"1024\" height=\"683\" data-id=\"23662\" src=\"https:\/\/regiongron.sk\/wp-content\/uploads\/2025\/02\/DSCF6702-1024x683.jpg\" alt=\"Zaniknut\u00fd hrad Breznica\" class=\"wp-image-23662\" srcset=\"https:\/\/regiongron.sk\/hu\/wp-content\/uploads\/2025\/02\/DSCF6702-1024x683.jpg 1024w, https:\/\/regiongron.sk\/hu\/wp-content\/uploads\/2025\/02\/DSCF6702-600x400.jpg 600w, https:\/\/regiongron.sk\/hu\/wp-content\/uploads\/2025\/02\/DSCF6702-768x512.jpg 768w, https:\/\/regiongron.sk\/hu\/wp-content\/uploads\/2025\/02\/DSCF6702-1536x1024.jpg 1536w, https:\/\/regiongron.sk\/hu\/wp-content\/uploads\/2025\/02\/DSCF6702-2048x1365.jpg 2048w, https:\/\/regiongron.sk\/hu\/wp-content\/uploads\/2025\/02\/DSCF6702-scaled.jpg 2560w\" sizes=\"auto, (max-width: 1024px) 100vw, 1024px\" \/><\/figure>\n\n\n\n<figure class=\"wp-block-image size-large\"><img loading=\"lazy\" decoding=\"async\" width=\"1024\" height=\"683\" data-id=\"23663\" src=\"https:\/\/regiongron.sk\/wp-content\/uploads\/2025\/02\/DSCF6711-1024x683.jpg\" alt=\"Zaniknut\u00fd hrad Breznica\" class=\"wp-image-23663\" srcset=\"https:\/\/regiongron.sk\/hu\/wp-content\/uploads\/2025\/02\/DSCF6711-1024x683.jpg 1024w, https:\/\/regiongron.sk\/hu\/wp-content\/uploads\/2025\/02\/DSCF6711-600x400.jpg 600w, https:\/\/regiongron.sk\/hu\/wp-content\/uploads\/2025\/02\/DSCF6711-768x512.jpg 768w, https:\/\/regiongron.sk\/hu\/wp-content\/uploads\/2025\/02\/DSCF6711-1536x1024.jpg 1536w, https:\/\/regiongron.sk\/hu\/wp-content\/uploads\/2025\/02\/DSCF6711-2048x1365.jpg 2048w, https:\/\/regiongron.sk\/hu\/wp-content\/uploads\/2025\/02\/DSCF6711-scaled.jpg 2560w\" sizes=\"auto, (max-width: 1024px) 100vw, 1024px\" \/><\/figure>\n\n\n\n<figure class=\"wp-block-image size-large\"><img loading=\"lazy\" decoding=\"async\" width=\"1024\" height=\"683\" data-id=\"23665\" src=\"https:\/\/regiongron.sk\/wp-content\/uploads\/2025\/02\/DSCF6724-1024x683.jpg\" alt=\"Zaniknut\u00fd hrad Breznica\" class=\"wp-image-23665\" srcset=\"https:\/\/regiongron.sk\/hu\/wp-content\/uploads\/2025\/02\/DSCF6724-1024x683.jpg 1024w, https:\/\/regiongron.sk\/hu\/wp-content\/uploads\/2025\/02\/DSCF6724-600x400.jpg 600w, https:\/\/regiongron.sk\/hu\/wp-content\/uploads\/2025\/02\/DSCF6724-768x512.jpg 768w, https:\/\/regiongron.sk\/hu\/wp-content\/uploads\/2025\/02\/DSCF6724-1536x1024.jpg 1536w, https:\/\/regiongron.sk\/hu\/wp-content\/uploads\/2025\/02\/DSCF6724-2048x1365.jpg 2048w, https:\/\/regiongron.sk\/hu\/wp-content\/uploads\/2025\/02\/DSCF6724-scaled.jpg 2560w\" sizes=\"auto, (max-width: 1024px) 100vw, 1024px\" \/><\/figure>\n\n\n\n<figure class=\"wp-block-image size-large\"><img loading=\"lazy\" decoding=\"async\" width=\"1024\" height=\"683\" data-id=\"23666\" src=\"https:\/\/regiongron.sk\/wp-content\/uploads\/2025\/02\/DSCF6744-1024x683.jpg\" alt=\"Zaniknut\u00fd hrad Breznica\" class=\"wp-image-23666\" srcset=\"https:\/\/regiongron.sk\/hu\/wp-content\/uploads\/2025\/02\/DSCF6744-1024x683.jpg 1024w, https:\/\/regiongron.sk\/hu\/wp-content\/uploads\/2025\/02\/DSCF6744-600x400.jpg 600w, https:\/\/regiongron.sk\/hu\/wp-content\/uploads\/2025\/02\/DSCF6744-768x512.jpg 768w, https:\/\/regiongron.sk\/hu\/wp-content\/uploads\/2025\/02\/DSCF6744-1536x1024.jpg 1536w, https:\/\/regiongron.sk\/hu\/wp-content\/uploads\/2025\/02\/DSCF6744-2048x1365.jpg 2048w, https:\/\/regiongron.sk\/hu\/wp-content\/uploads\/2025\/02\/DSCF6744-scaled.jpg 2560w\" sizes=\"auto, (max-width: 1024px) 100vw, 1024px\" \/><\/figure>\n\n\n\n<figure class=\"wp-block-image size-large\"><img loading=\"lazy\" decoding=\"async\" width=\"1024\" height=\"683\" data-id=\"23669\" src=\"https:\/\/regiongron.sk\/wp-content\/uploads\/2025\/02\/DSCF6772-1024x683.jpg\" alt=\"Zaniknut\u00fd hrad Breznica\" class=\"wp-image-23669\" srcset=\"https:\/\/regiongron.sk\/hu\/wp-content\/uploads\/2025\/02\/DSCF6772-1024x683.jpg 1024w, https:\/\/regiongron.sk\/hu\/wp-content\/uploads\/2025\/02\/DSCF6772-600x400.jpg 600w, https:\/\/regiongron.sk\/hu\/wp-content\/uploads\/2025\/02\/DSCF6772-768x512.jpg 768w, https:\/\/regiongron.sk\/hu\/wp-content\/uploads\/2025\/02\/DSCF6772-1536x1024.jpg 1536w, https:\/\/regiongron.sk\/hu\/wp-content\/uploads\/2025\/02\/DSCF6772-2048x1365.jpg 2048w, https:\/\/regiongron.sk\/hu\/wp-content\/uploads\/2025\/02\/DSCF6772-scaled.jpg 2560w\" sizes=\"auto, (max-width: 1024px) 100vw, 1024px\" \/><\/figure>\n\n\n\n<figure class=\"wp-block-image size-large\"><img loading=\"lazy\" decoding=\"async\" width=\"1024\" height=\"683\" data-id=\"23670\" src=\"https:\/\/regiongron.sk\/wp-content\/uploads\/2025\/02\/DSCF6797-1024x683.jpg\" alt=\"Zaniknut\u00fd hrad Breznica\" class=\"wp-image-23670\" srcset=\"https:\/\/regiongron.sk\/hu\/wp-content\/uploads\/2025\/02\/DSCF6797-1024x683.jpg 1024w, https:\/\/regiongron.sk\/hu\/wp-content\/uploads\/2025\/02\/DSCF6797-600x400.jpg 600w, https:\/\/regiongron.sk\/hu\/wp-content\/uploads\/2025\/02\/DSCF6797-768x512.jpg 768w, https:\/\/regiongron.sk\/hu\/wp-content\/uploads\/2025\/02\/DSCF6797-1536x1024.jpg 1536w, https:\/\/regiongron.sk\/hu\/wp-content\/uploads\/2025\/02\/DSCF6797-2048x1365.jpg 2048w, https:\/\/regiongron.sk\/hu\/wp-content\/uploads\/2025\/02\/DSCF6797-scaled.jpg 2560w\" sizes=\"auto, (max-width: 1024px) 100vw, 1024px\" \/><\/figure>\n\n\n\n<figure class=\"wp-block-image size-large\"><img loading=\"lazy\" decoding=\"async\" width=\"1024\" height=\"683\" data-id=\"23671\" src=\"https:\/\/regiongron.sk\/wp-content\/uploads\/2025\/02\/DSCF6803-1024x683.jpg\" alt=\"Zaniknut\u00fd hrad Breznica\" class=\"wp-image-23671\" srcset=\"https:\/\/regiongron.sk\/hu\/wp-content\/uploads\/2025\/02\/DSCF6803-1024x683.jpg 1024w, https:\/\/regiongron.sk\/hu\/wp-content\/uploads\/2025\/02\/DSCF6803-600x400.jpg 600w, https:\/\/regiongron.sk\/hu\/wp-content\/uploads\/2025\/02\/DSCF6803-768x512.jpg 768w, https:\/\/regiongron.sk\/hu\/wp-content\/uploads\/2025\/02\/DSCF6803-1536x1024.jpg 1536w, https:\/\/regiongron.sk\/hu\/wp-content\/uploads\/2025\/02\/DSCF6803-2048x1365.jpg 2048w, https:\/\/regiongron.sk\/hu\/wp-content\/uploads\/2025\/02\/DSCF6803-scaled.jpg 2560w\" sizes=\"auto, (max-width: 1024px) 100vw, 1024px\" \/><\/figure>\n\n\n\n<figure class=\"wp-block-image size-large\"><img loading=\"lazy\" decoding=\"async\" width=\"1024\" height=\"683\" data-id=\"23672\" src=\"https:\/\/regiongron.sk\/wp-content\/uploads\/2025\/02\/DSCF6810-1024x683.jpg\" alt=\"Zaniknut\u00fd hrad Breznica\" class=\"wp-image-23672\" srcset=\"https:\/\/regiongron.sk\/hu\/wp-content\/uploads\/2025\/02\/DSCF6810-1024x683.jpg 1024w, https:\/\/regiongron.sk\/hu\/wp-content\/uploads\/2025\/02\/DSCF6810-600x400.jpg 600w, https:\/\/regiongron.sk\/hu\/wp-content\/uploads\/2025\/02\/DSCF6810-768x512.jpg 768w, https:\/\/regiongron.sk\/hu\/wp-content\/uploads\/2025\/02\/DSCF6810-1536x1024.jpg 1536w, https:\/\/regiongron.sk\/hu\/wp-content\/uploads\/2025\/02\/DSCF6810-2048x1365.jpg 2048w, https:\/\/regiongron.sk\/hu\/wp-content\/uploads\/2025\/02\/DSCF6810-scaled.jpg 2560w\" sizes=\"auto, (max-width: 1024px) 100vw, 1024px\" \/><\/figure>\n\n\n\n<figure class=\"wp-block-image size-large\"><img loading=\"lazy\" decoding=\"async\" width=\"1024\" height=\"683\" data-id=\"23673\" src=\"https:\/\/regiongron.sk\/wp-content\/uploads\/2025\/02\/DSCF6822-1024x683.jpg\" alt=\"Zaniknut\u00fd hrad Breznica\" class=\"wp-image-23673\" srcset=\"https:\/\/regiongron.sk\/hu\/wp-content\/uploads\/2025\/02\/DSCF6822-1024x683.jpg 1024w, https:\/\/regiongron.sk\/hu\/wp-content\/uploads\/2025\/02\/DSCF6822-600x400.jpg 600w, https:\/\/regiongron.sk\/hu\/wp-content\/uploads\/2025\/02\/DSCF6822-768x512.jpg 768w, https:\/\/regiongron.sk\/hu\/wp-content\/uploads\/2025\/02\/DSCF6822-1536x1024.jpg 1536w, https:\/\/regiongron.sk\/hu\/wp-content\/uploads\/2025\/02\/DSCF6822-2048x1365.jpg 2048w, https:\/\/regiongron.sk\/hu\/wp-content\/uploads\/2025\/02\/DSCF6822-scaled.jpg 2560w\" sizes=\"auto, (max-width: 1024px) 100vw, 1024px\" \/><\/figure>\n\n\n\n<figure class=\"wp-block-image size-large\"><img loading=\"lazy\" decoding=\"async\" width=\"1024\" height=\"683\" data-id=\"23678\" src=\"https:\/\/regiongron.sk\/wp-content\/uploads\/2025\/02\/DSCF6892-1024x683.jpg\" alt=\"Zaniknut\u00fd hrad Breznica\" class=\"wp-image-23678\" srcset=\"https:\/\/regiongron.sk\/hu\/wp-content\/uploads\/2025\/02\/DSCF6892-1024x683.jpg 1024w, https:\/\/regiongron.sk\/hu\/wp-content\/uploads\/2025\/02\/DSCF6892-600x400.jpg 600w, https:\/\/regiongron.sk\/hu\/wp-content\/uploads\/2025\/02\/DSCF6892-768x512.jpg 768w, https:\/\/regiongron.sk\/hu\/wp-content\/uploads\/2025\/02\/DSCF6892-1536x1024.jpg 1536w, https:\/\/regiongron.sk\/hu\/wp-content\/uploads\/2025\/02\/DSCF6892-2048x1365.jpg 2048w, https:\/\/regiongron.sk\/hu\/wp-content\/uploads\/2025\/02\/DSCF6892-scaled.jpg 2560w\" sizes=\"auto, (max-width: 1024px) 100vw, 1024px\" \/><\/figure>\n\n\n\n<figure class=\"wp-block-image size-large\"><img loading=\"lazy\" decoding=\"async\" width=\"1024\" height=\"683\" data-id=\"23676\" src=\"https:\/\/regiongron.sk\/wp-content\/uploads\/2025\/02\/DSCF6856-1024x683.jpg\" alt=\"Zaniknut\u00fd hrad Breznica\" class=\"wp-image-23676\" srcset=\"https:\/\/regiongron.sk\/hu\/wp-content\/uploads\/2025\/02\/DSCF6856-1024x683.jpg 1024w, https:\/\/regiongron.sk\/hu\/wp-content\/uploads\/2025\/02\/DSCF6856-600x400.jpg 600w, https:\/\/regiongron.sk\/hu\/wp-content\/uploads\/2025\/02\/DSCF6856-768x512.jpg 768w, https:\/\/regiongron.sk\/hu\/wp-content\/uploads\/2025\/02\/DSCF6856-1536x1024.jpg 1536w, https:\/\/regiongron.sk\/hu\/wp-content\/uploads\/2025\/02\/DSCF6856-2048x1366.jpg 2048w, https:\/\/regiongron.sk\/hu\/wp-content\/uploads\/2025\/02\/DSCF6856-scaled.jpg 2560w\" sizes=\"auto, (max-width: 1024px) 100vw, 1024px\" \/><\/figure>\n\n\n\n<figure class=\"wp-block-image size-large\"><img loading=\"lazy\" decoding=\"async\" width=\"1024\" height=\"683\" data-id=\"23675\" src=\"https:\/\/regiongron.sk\/wp-content\/uploads\/2025\/02\/DSCF6847-1024x683.jpg\" alt=\"Sokolia skala\" class=\"wp-image-23675\" srcset=\"https:\/\/regiongron.sk\/hu\/wp-content\/uploads\/2025\/02\/DSCF6847-1024x683.jpg 1024w, https:\/\/regiongron.sk\/hu\/wp-content\/uploads\/2025\/02\/DSCF6847-600x400.jpg 600w, https:\/\/regiongron.sk\/hu\/wp-content\/uploads\/2025\/02\/DSCF6847-768x512.jpg 768w, https:\/\/regiongron.sk\/hu\/wp-content\/uploads\/2025\/02\/DSCF6847-1536x1024.jpg 1536w, https:\/\/regiongron.sk\/hu\/wp-content\/uploads\/2025\/02\/DSCF6847-2048x1365.jpg 2048w, https:\/\/regiongron.sk\/hu\/wp-content\/uploads\/2025\/02\/DSCF6847-scaled.jpg 2560w\" sizes=\"auto, (max-width: 1024px) 100vw, 1024px\" \/><\/figure>\n\n\n\n<figure class=\"wp-block-image size-large\"><img loading=\"lazy\" decoding=\"async\" width=\"1024\" height=\"683\" data-id=\"23674\" src=\"https:\/\/regiongron.sk\/wp-content\/uploads\/2025\/02\/DSCF6834-1024x683.jpg\" alt=\"Zaniknut\u00fd hrad Breznica\" class=\"wp-image-23674\" srcset=\"https:\/\/regiongron.sk\/hu\/wp-content\/uploads\/2025\/02\/DSCF6834-1024x683.jpg 1024w, https:\/\/regiongron.sk\/hu\/wp-content\/uploads\/2025\/02\/DSCF6834-600x400.jpg 600w, https:\/\/regiongron.sk\/hu\/wp-content\/uploads\/2025\/02\/DSCF6834-768x512.jpg 768w, https:\/\/regiongron.sk\/hu\/wp-content\/uploads\/2025\/02\/DSCF6834-1536x1024.jpg 1536w, https:\/\/regiongron.sk\/hu\/wp-content\/uploads\/2025\/02\/DSCF6834-2048x1365.jpg 2048w, https:\/\/regiongron.sk\/hu\/wp-content\/uploads\/2025\/02\/DSCF6834-scaled.jpg 2560w\" sizes=\"auto, (max-width: 1024px) 100vw, 1024px\" \/><\/figure>\n\n\n\n<figure class=\"wp-block-image size-large\"><img loading=\"lazy\" decoding=\"async\" width=\"1024\" height=\"683\" data-id=\"23681\" src=\"https:\/\/regiongron.sk\/wp-content\/uploads\/2025\/02\/DSCF6876-1024x683.jpg\" alt=\"\" class=\"wp-image-23681\" srcset=\"https:\/\/regiongron.sk\/hu\/wp-content\/uploads\/2025\/02\/DSCF6876-1024x683.jpg 1024w, https:\/\/regiongron.sk\/hu\/wp-content\/uploads\/2025\/02\/DSCF6876-600x400.jpg 600w, https:\/\/regiongron.sk\/hu\/wp-content\/uploads\/2025\/02\/DSCF6876-768x512.jpg 768w, https:\/\/regiongron.sk\/hu\/wp-content\/uploads\/2025\/02\/DSCF6876-1536x1024.jpg 1536w, https:\/\/regiongron.sk\/hu\/wp-content\/uploads\/2025\/02\/DSCF6876-2048x1365.jpg 2048w, https:\/\/regiongron.sk\/hu\/wp-content\/uploads\/2025\/02\/DSCF6876-scaled.jpg 2560w\" sizes=\"auto, (max-width: 1024px) 100vw, 1024px\" \/><\/figure>\n\n\n\n<figure class=\"wp-block-image size-large\"><img loading=\"lazy\" decoding=\"async\" width=\"1024\" height=\"683\" data-id=\"23679\" src=\"https:\/\/regiongron.sk\/wp-content\/uploads\/2025\/02\/DSCF6901-1024x683.jpg\" alt=\"Zaniknut\u00fd hrad Breznica\" class=\"wp-image-23679\" srcset=\"https:\/\/regiongron.sk\/hu\/wp-content\/uploads\/2025\/02\/DSCF6901-1024x683.jpg 1024w, https:\/\/regiongron.sk\/hu\/wp-content\/uploads\/2025\/02\/DSCF6901-600x400.jpg 600w, https:\/\/regiongron.sk\/hu\/wp-content\/uploads\/2025\/02\/DSCF6901-768x512.jpg 768w, https:\/\/regiongron.sk\/hu\/wp-content\/uploads\/2025\/02\/DSCF6901-1536x1024.jpg 1536w, https:\/\/regiongron.sk\/hu\/wp-content\/uploads\/2025\/02\/DSCF6901-2048x1365.jpg 2048w, https:\/\/regiongron.sk\/hu\/wp-content\/uploads\/2025\/02\/DSCF6901-scaled.jpg 2560w\" sizes=\"auto, (max-width: 1024px) 100vw, 1024px\" \/><\/figure>\n<\/figure>\n\n\n\n<p><\/p>\n\n\n\n<ul class=\"wp-block-list\">\n<li><strong>Obec:<\/strong> Tekovsk\u00e1 Breznica<\/li>\n\n\n\n<li><strong>\u010cas: <\/strong>pribli\u017ene 2 hodiny<\/li>\n\n\n\n<li><strong>D\u013a\u017eka:<\/strong> 4 km<\/li>\n\n\n\n<li><strong>Prev\u00fd\u0161enie:<\/strong> 240 metrov<\/li>\n\n\n\n<li><strong>N\u00e1ro\u010dnos\u0165:<\/strong> mierna<\/li>\n\n\n\n<li><strong>Parkovanie:&nbsp;<\/strong>parkovisko pri cintor\u00edne v Tekovskej Breznici<\/li>\n<\/ul>\n\n\n\n<div class=\"wp-block-uagb-separator uagb-block-6f176605\"><div class=\"wp-block-uagb-separator__inner\" style=\"--my-background-image:\"><\/div><\/div>\n\n\n\n<p><strong><mark style=\"background-color:rgba(0, 0, 0, 0)\" class=\"has-inline-color has-vivid-red-color\">BOWLING BAR &amp; EVENT TEKOVSK\u00c1 BREZNICA<\/mark><\/strong><\/p>\n\n\n\n<p>Ob\u010derstvenie, \u0161portov\u00e9 vy\u017eitie no i z\u00e1bavu pri hudbe si u\u017eijete v&nbsp;<a href=\"https:\/\/www.facebook.com\/profile.php?id=100087743294282\">Bowling Bar &amp; Event<\/a>&nbsp;v Tekovskej Breznici. Prev\u00e1dzku n\u00e1jdete v centre obce. Zahra\u0165 si tu m\u00f4\u017eete bowling na dvoch dr\u00e1hach aj biliard, alebo si len posedie\u0165 pri dobrej k\u00e1ve a kol\u00e1\u010diku. N\u00e1v\u0161tevn\u00edci s de\u0165mi ur\u010dite vyu\u017eij\u00fa aj detsk\u00fd k\u00fatik.<\/p>\n\n\n\n<p>V podniku je mo\u017en\u00e9 zorganizova\u0165 aj spolo\u010densk\u00fa akciu - s\u00e1la m\u00e1 kapacitu 70 os\u00f4b.<\/p>\n\n\n\n<p><strong>KONTAKT: <\/strong>0918 755 984, &#x62;&#111;w&#x6c;&#105;n&#x67;&#x62;&#97;&#x72;&#x65;&#118;e&#x6e;&#116;&#64;&#x67;&#x6d;&#97;&#x69;&#x6c;&#46;c&#x6f;&#109;, Faceboook:&nbsp;<a href=\"https:\/\/www.facebook.com\/profile.php?id=100087743294282\"><strong>Bowling Bar &amp; Event<\/strong><\/a><\/p>\n\n\n\n<p><strong><mark style=\"background-color:rgba(0, 0, 0, 0)\" class=\"has-inline-color has-vivid-red-color\">KDE Z\u00cdSKATE KARTI\u010cKU, PE\u010cIATKU A DAR\u010cEKY: <\/mark><\/strong><\/p>\n\n\n\n<p><strong>BOWLING BAR A EVENT, TEKOVSK\u00c1 BREZNICA<\/strong><\/p>\n\n\n\n<ul class=\"wp-block-list\">\n<li><strong>Otv\u00e1racie hodiny:<\/strong><\/li>\n\n\n\n<li>Pondelok - \u0160tvrtok: 16:00 - 22:00<\/li>\n\n\n\n<li>Piatok: 16:00 - 0:00<\/li>\n\n\n\n<li>Sobota: 14:00 - 0:00<\/li>\n\n\n\n<li>Nede\u013ea: 14:00 - 20:00<\/li>\n\n\n\n<li><strong>Adresa: <\/strong>Tekovsk\u00e1 Breznica 547, Tekovsk\u00e1 Breznica, <a href=\"https:\/\/sk.mapy.cz\/s\/hufezozajo\">https:\/\/sk.mapy.cz\/s\/hufezozajo<\/a><\/li>\n<\/ul>\n\n\n\n<figure class=\"wp-block-gallery aligncenter has-nested-images columns-2 is-cropped wp-block-gallery-2 is-layout-flex wp-block-gallery-is-layout-flex\">\n<figure class=\"wp-block-image size-large\"><img loading=\"lazy\" decoding=\"async\" width=\"369\" height=\"367\" data-id=\"23682\" src=\"https:\/\/regiongron.sk\/wp-content\/uploads\/2025\/02\/457361679_122093388254510997_5505924662191765077_n.jpg\" alt=\"\" class=\"wp-image-23682\"\/><\/figure>\n\n\n\n<figure class=\"wp-block-image size-large\"><img loading=\"lazy\" decoding=\"async\" width=\"768\" height=\"1024\" data-id=\"23685\" src=\"https:\/\/regiongron.sk\/wp-content\/uploads\/2025\/02\/471508521_122131781840510997_266954020519779776_n-768x1024.jpg\" alt=\"\" class=\"wp-image-23685\" srcset=\"https:\/\/regiongron.sk\/hu\/wp-content\/uploads\/2025\/02\/471508521_122131781840510997_266954020519779776_n-768x1024.jpg 768w, https:\/\/regiongron.sk\/hu\/wp-content\/uploads\/2025\/02\/471508521_122131781840510997_266954020519779776_n-450x600.jpg 450w, https:\/\/regiongron.sk\/hu\/wp-content\/uploads\/2025\/02\/471508521_122131781840510997_266954020519779776_n-1152x1536.jpg 1152w, https:\/\/regiongron.sk\/hu\/wp-content\/uploads\/2025\/02\/471508521_122131781840510997_266954020519779776_n.jpg 1536w\" sizes=\"auto, (max-width: 768px) 100vw, 768px\" \/><\/figure>\n\n\n\n<figure class=\"wp-block-image size-large\"><img loading=\"lazy\" decoding=\"async\" width=\"768\" height=\"1024\" data-id=\"23683\" src=\"https:\/\/regiongron.sk\/wp-content\/uploads\/2025\/02\/474215926_122135801540510997_4397272168255135386_n-768x1024.jpg\" alt=\"\" class=\"wp-image-23683\" srcset=\"https:\/\/regiongron.sk\/hu\/wp-content\/uploads\/2025\/02\/474215926_122135801540510997_4397272168255135386_n-768x1024.jpg 768w, https:\/\/regiongron.sk\/hu\/wp-content\/uploads\/2025\/02\/474215926_122135801540510997_4397272168255135386_n-450x600.jpg 450w, https:\/\/regiongron.sk\/hu\/wp-content\/uploads\/2025\/02\/474215926_122135801540510997_4397272168255135386_n-1152x1536.jpg 1152w, https:\/\/regiongron.sk\/hu\/wp-content\/uploads\/2025\/02\/474215926_122135801540510997_4397272168255135386_n.jpg 1536w\" sizes=\"auto, (max-width: 768px) 100vw, 768px\" \/><\/figure>\n\n\n\n<figure class=\"wp-block-image size-large\"><img loading=\"lazy\" decoding=\"async\" width=\"768\" height=\"1024\" data-id=\"23684\" src=\"https:\/\/regiongron.sk\/wp-content\/uploads\/2025\/02\/474404716_122135801594510997_2339346781395516968_n-768x1024.jpg\" alt=\"\" class=\"wp-image-23684\" srcset=\"https:\/\/regiongron.sk\/hu\/wp-content\/uploads\/2025\/02\/474404716_122135801594510997_2339346781395516968_n-768x1024.jpg 768w, https:\/\/regiongron.sk\/hu\/wp-content\/uploads\/2025\/02\/474404716_122135801594510997_2339346781395516968_n-450x600.jpg 450w, https:\/\/regiongron.sk\/hu\/wp-content\/uploads\/2025\/02\/474404716_122135801594510997_2339346781395516968_n-1152x1536.jpg 1152w, https:\/\/regiongron.sk\/hu\/wp-content\/uploads\/2025\/02\/474404716_122135801594510997_2339346781395516968_n.jpg 1536w\" sizes=\"auto, (max-width: 768px) 100vw, 768px\" \/><\/figure>\n<\/figure>\n\n\n\n<p>N\u00e1lepky\/tabu\u013eky bud\u00fa po skon\u010den\u00ed v\u00fdzvy odstr\u00e1nen\u00e9.<\/p>\n\n\n\n<p><a href=\"https:\/\/drive.google.com\/file\/d\/1F8Pe174HjwhKAtEgX8BI58Y7WdBJ65NK\/view?usp=drive_link\">\u0160tat\u00fat zimnej v\u00fdzvy 2025<\/a><\/p>\n\n\n\n<p>Kampa\u0148 Zimn\u00e1 v\u00fdzva Regi\u00f3nu GRON je realizovan\u00e1 s finan\u010dnou podporou&nbsp;<strong><a href=\"https:\/\/www.mincrs.sk\">Ministerstva cestovn\u00e9ho ruchu a \u0161portu Slovenskej republiky<\/a><\/strong>.<\/p>\n\n\n\n<figure class=\"wp-block-image size-large is-resized\"><img loading=\"lazy\" decoding=\"async\" width=\"1024\" height=\"410\" src=\"https:\/\/regiongron.sk\/wp-content\/uploads\/2024\/03\/Ministerstvo_cestovneho-ruchu-a-sportu_SR_SK_Farebne-3-1024x410.png\" alt=\"\" class=\"wp-image-21423\" style=\"width:250px\" srcset=\"https:\/\/regiongron.sk\/hu\/wp-content\/uploads\/2024\/03\/Ministerstvo_cestovneho-ruchu-a-sportu_SR_SK_Farebne-3-1024x410.png 1024w, https:\/\/regiongron.sk\/hu\/wp-content\/uploads\/2024\/03\/Ministerstvo_cestovneho-ruchu-a-sportu_SR_SK_Farebne-3-600x240.png 600w, https:\/\/regiongron.sk\/hu\/wp-content\/uploads\/2024\/03\/Ministerstvo_cestovneho-ruchu-a-sportu_SR_SK_Farebne-3-768x307.png 768w, https:\/\/regiongron.sk\/hu\/wp-content\/uploads\/2024\/03\/Ministerstvo_cestovneho-ruchu-a-sportu_SR_SK_Farebne-3-1536x615.png 1536w, https:\/\/regiongron.sk\/hu\/wp-content\/uploads\/2024\/03\/Ministerstvo_cestovneho-ruchu-a-sportu_SR_SK_Farebne-3-2048x820.png 2048w, https:\/\/regiongron.sk\/hu\/wp-content\/uploads\/2024\/03\/Ministerstvo_cestovneho-ruchu-a-sportu_SR_SK_Farebne-3.png 2953w\" sizes=\"auto, (max-width: 1024px) 100vw, 1024px\" \/><\/figure>\n","protected":false},"featured_media":23667,"template":"","categories":[],"class_list":["post-23680","tipy-na-vylety","type-tipy-na-vylety","status-publish","has-post-thumbnail","hentry"],"acf":[],"uagb_featured_image_src":{"full":["https:\/\/regiongron.sk\/hu\/wp-content\/uploads\/2025\/02\/Stvorec_zimna_vyzva_1000x1000_Breznica-scaled.jpg",2560,2560,false],"thumbnail":["https:\/\/regiongron.sk\/hu\/wp-content\/uploads\/2025\/02\/Stvorec_zimna_vyzva_1000x1000_Breznica-400x400.jpg",400,400,true],"medium":["https:\/\/regiongron.sk\/hu\/wp-content\/uploads\/2025\/02\/Stvorec_zimna_vyzva_1000x1000_Breznica-600x600.jpg",600,600,true],"medium_large":["https:\/\/regiongron.sk\/hu\/wp-content\/uploads\/2025\/02\/Stvorec_zimna_vyzva_1000x1000_Breznica-768x768.jpg",768,768,true],"large":["https:\/\/regiongron.sk\/hu\/wp-content\/uploads\/2025\/02\/Stvorec_zimna_vyzva_1000x1000_Breznica-1024x1024.jpg",1024,1024,true],"1536x1536":["https:\/\/regiongron.sk\/hu\/wp-content\/uploads\/2025\/02\/Stvorec_zimna_vyzva_1000x1000_Breznica-1536x1536.jpg",1536,1536,true],"2048x2048":["https:\/\/regiongron.sk\/hu\/wp-content\/uploads\/2025\/02\/Stvorec_zimna_vyzva_1000x1000_Breznica-2048x2048.jpg",2048,2048,true]},"uagb_author_info":{"display_name":"Gabriela Matlovi\u010dov\u00e1","author_link":"https:\/\/regiongron.sk\/hu\/author\/"},"uagb_comment_info":0,"uagb_excerpt":"ZIMN\u00c1 V\u00ddZVA REGI\u00d3NU GRON NAV\u0160T\u00cdV ASPO\u0147 4 ZO 6 LOKAL\u00cdT, ZBIERAJ PE\u010cIATKY A VYHRAJ POBYT V PENZI\u00d3NE TAJCH 3. FACEBOOKOV\u00c1 V\u00ddZVA - ZANIKNUT\u00dd HRAD BREZNICA - BOWLING BAR &amp; EVENT Okrem hlavnej v\u00fdzvy sme pripravili aj samostatn\u00e9 v\u00fdzvy pre jednotliv\u00e9 lokality. Tieto v\u00fdzvy bud\u00fa ka\u017ed\u00e9 dva t\u00fd\u017edne zverejnen\u00e9 na Facebooku, kde bude prebieha\u0165 i s\u00fa\u0165a\u017e&hellip;","_links":{"self":[{"href":"https:\/\/regiongron.sk\/hu\/wp-json\/wp\/v2\/tipy-na-vylety\/23680","targetHints":{"allow":["GET"]}}],"collection":[{"href":"https:\/\/regiongron.sk\/hu\/wp-json\/wp\/v2\/tipy-na-vylety"}],"about":[{"href":"https:\/\/regiongron.sk\/hu\/wp-json\/wp\/v2\/types\/tipy-na-vylety"}],"wp:featuredmedia":[{"embeddable":true,"href":"https:\/\/regiongron.sk\/hu\/wp-json\/wp\/v2\/media\/23667"}],"wp:attachment":[{"href":"https:\/\/regiongron.sk\/hu\/wp-json\/wp\/v2\/media?parent=23680"}],"wp:term":[{"taxonomy":"category","embeddable":true,"href":"https:\/\/regiongron.sk\/hu\/wp-json\/wp\/v2\/categories?post=23680"}],"curies":[{"name":"wp","href":"https:\/\/api.w.org\/{rel}","templated":true}]}}